{"id":1954,"date":"2025-03-20T13:49:29","date_gmt":"2025-03-20T12:49:29","guid":{"rendered":"https:\/\/len-autosgarage.fr\/?page_id=1954"},"modified":"2025-09-08T16:58:38","modified_gmt":"2025-09-08T14:58:38","slug":"tous-nos-modeles","status":"publish","type":"page","link":"https:\/\/len-autosgarage.fr\/tous-nos-modeles\/","title":{"rendered":"Tous nos mod\u00e8les"},"content":{"rendered":"\t\t<div data-elementor-type=\"wp-page\" data-elementor-id=\"1954\" class=\"elementor elementor-1954\" data-elementor-post-type=\"page\">\n\t\t\t\t\t\t<section class=\"elementor-section elementor-top-section elementor-element elementor-element-5f9000e0 elementor-section-height-min-height elementor-section-stretched elementor-section-boxed elementor-section-height-default elementor-section-items-middle wpr-particle-no wpr-jarallax-no wpr-parallax-no wpr-sticky-section-no wpr-equal-height-no\" data-id=\"5f9000e0\" data-element_type=\"section\" data-e-type=\"section\" data-settings=\"{&quot;stretch_section&quot;:&quot;section-stretched&quot;,&quot;background_background&quot;:&quot;classic&quot;}\">\n\t\t\t\t\t\t\t<div class=\"elementor-background-overlay\"><\/div>\n\t\t\t\t\t\t\t<div class=\"elementor-container elementor-column-gap-default\">\n\t\t\t\t\t<div class=\"elementor-column elementor-col-100 elementor-top-column elementor-element elementor-element-46dad5b9\" data-id=\"46dad5b9\" data-element_type=\"column\" data-e-type=\"column\">\n\t\t\t<div class=\"elementor-widget-wrap elementor-element-populated\">\n\t\t\t\t\t\t\t<\/div>\n\t\t<\/div>\n\t\t\t\t\t<\/div>\n\t\t<\/section>\n\t\t\t\t<section class=\"elementor-section elementor-top-section elementor-element elementor-element-1e23e797 elementor-section-content-middle elementor-section-stretched elementor-section-boxed elementor-section-height-default elementor-section-height-default wpr-particle-no wpr-jarallax-no wpr-parallax-no wpr-sticky-section-no wpr-equal-height-no\" data-id=\"1e23e797\" data-element_type=\"section\" data-e-type=\"section\" data-settings=\"{&quot;stretch_section&quot;:&quot;section-stretched&quot;,&quot;background_background&quot;:&quot;classic&quot;}\">\n\t\t\t\t\t\t<div class=\"elementor-container elementor-column-gap-default\">\n\t\t\t\t\t<div class=\"elementor-column elementor-col-100 elementor-top-column elementor-element elementor-element-62f25aac\" data-id=\"62f25aac\" data-element_type=\"column\" data-e-type=\"column\">\n\t\t\t<div class=\"elementor-widget-wrap elementor-element-populated\">\n\t\t\t\t\t\t<div class=\"elementor-element elementor-element-50c04fa9 elementor-widget elementor-widget-heading\" data-id=\"50c04fa9\" data-element_type=\"widget\" data-e-type=\"widget\" data-widget_type=\"heading.default\">\n\t\t\t\t<div class=\"elementor-widget-container\">\n\t\t\t\t\t<h1 class=\"elementor-heading-title elementor-size-default\">Tous nos mod\u00e8les - LEN AUTOS GARAGE \u00e0 Montpon-M\u00e9nest\u00e9rol<\/h1>\t\t\t\t<\/div>\n\t\t\t\t<\/div>\n\t\t\t\t<div class=\"elementor-element elementor-element-54c08ce elementor-widget-divider--view-line elementor-widget elementor-widget-divider\" data-id=\"54c08ce\" data-element_type=\"widget\" data-e-type=\"widget\" data-widget_type=\"divider.default\">\n\t\t\t\t<div class=\"elementor-widget-container\">\n\t\t\t\t\t\t\t<div class=\"elementor-divider\">\n\t\t\t<span class=\"elementor-divider-separator\">\n\t\t\t\t\t\t<\/span>\n\t\t<\/div>\n\t\t\t\t\t\t<\/div>\n\t\t\t\t<\/div>\n\t\t\t\t<div class=\"elementor-element elementor-element-777c56a1 elementor-widget elementor-widget-text-editor\" data-id=\"777c56a1\" data-element_type=\"widget\" data-e-type=\"widget\" data-widget_type=\"text-editor.default\">\n\t\t\t\t<div class=\"elementor-widget-container\">\n\t\t\t\t\t\t\t\t\t<p>Vous recherchez une voiture d&rsquo;occasion fiable et garantie ou un v\u00e9hicule neuf au meilleur prix ? Chez LEN AUTOS GARAGE, nous vous proposons un large choix de mod\u00e8les adapt\u00e9s \u00e0 tous les besoins et budgets. Situ\u00e9s \u00e0 Montpon-M\u00e9nest\u00e9rol, nous travaillons avec des marques reconnues pour vous offrir des v\u00e9hicules de qualit\u00e9.<\/p><p>Tous nos mod\u00e8les d\u2019occasion b\u00e9n\u00e9ficient d\u2019une garantie, en partenariat avec <strong>l\u2019organisme Garantie M<\/strong>, pour un achat en toute s\u00e9r\u00e9nit\u00e9. D\u00e9couvrez nos offres et repartez avec la voiture qui vous correspond !<\/p>\t\t\t\t\t\t\t\t<\/div>\n\t\t\t\t<\/div>\n\t\t\t\t\t<\/div>\n\t\t<\/div>\n\t\t\t\t\t<\/div>\n\t\t<\/section>\n\t\t\t\t<section class=\"elementor-section elementor-top-section elementor-element elementor-element-77cc413 elementor-section-content-middle elementor-section-stretched elementor-section-boxed elementor-section-height-default elementor-section-height-default wpr-particle-no wpr-jarallax-no wpr-parallax-no wpr-sticky-section-no wpr-equal-height-no\" data-id=\"77cc413\" data-element_type=\"section\" data-e-type=\"section\" data-settings=\"{&quot;stretch_section&quot;:&quot;section-stretched&quot;}\">\n\t\t\t\t\t\t<div class=\"elementor-container elementor-column-gap-default\">\n\t\t\t\t\t<div class=\"elementor-column elementor-col-100 elementor-top-column elementor-element elementor-element-3848649\" data-id=\"3848649\" data-element_type=\"column\" data-e-type=\"column\">\n\t\t\t<div class=\"elementor-widget-wrap elementor-element-populated\">\n\t\t\t\t\t\t<div class=\"elementor-element elementor-element-4d04800 elementor-invisible elementor-widget elementor-widget-heading\" data-id=\"4d04800\" data-element_type=\"widget\" data-e-type=\"widget\" data-settings=\"{&quot;_animation&quot;:&quot;fadeInDown&quot;}\" data-widget_type=\"heading.default\">\n\t\t\t\t<div class=\"elementor-widget-container\">\n\t\t\t\t\t<span class=\"elementor-heading-title elementor-size-default\">D\u00e9couvrir nos mod\u00e8les<\/span>\t\t\t\t<\/div>\n\t\t\t\t<\/div>\n\t\t\t\t<div class=\"elementor-element elementor-element-3e7e544 elementor-grid-3 elementor-product-loop-item--align-center elementor-grid-tablet-2 elementor-grid-mobile-1 elementor-products-grid elementor-wc-products elementor-widget elementor-widget-woocommerce-products\" data-id=\"3e7e544\" data-element_type=\"widget\" data-e-type=\"widget\" data-widget_type=\"woocommerce-products.default\">\n\t\t\t\t<div class=\"elementor-widget-container\">\n\t\t\t\t\t<div class=\"woocommerce columns-3 \"><ul class=\"products elementor-grid columns-3\">\n<li class=\"product type-product post-2559 status-publish first outofstock product_cat-uncategorized has-post-thumbnail shipping-taxable purchasable product-type-simple\">\n\t<a href=\"https:\/\/len-autosgarage.fr\/product\/opel-meriva-opel-1-7-cdti-100-fap-connect-pack-a\/\" class=\"woocommerce-LoopProduct-link woocommerce-loop-product__link\"><img decoding=\"async\" width=\"230\" height=\"172\" src=\"https:\/\/len-autosgarage.fr\/wp-content\/uploads\/2025\/04\/o5-230x172.jpg\" class=\"attachment-woocommerce_thumbnail size-woocommerce_thumbnail\" alt=\"OPEL Meriva OPEL 1.7 CDTI - 100 FAP Connect Pack A\" srcset=\"https:\/\/len-autosgarage.fr\/wp-content\/uploads\/2025\/04\/o5-230x172.jpg 230w, https:\/\/len-autosgarage.fr\/wp-content\/uploads\/2025\/04\/o5-300x225.jpg 300w, https:\/\/len-autosgarage.fr\/wp-content\/uploads\/2025\/04\/o5-1024x768.jpg 1024w, https:\/\/len-autosgarage.fr\/wp-content\/uploads\/2025\/04\/o5-768x576.jpg 768w, https:\/\/len-autosgarage.fr\/wp-content\/uploads\/2025\/04\/o5-1536x1152.jpg 1536w, https:\/\/len-autosgarage.fr\/wp-content\/uploads\/2025\/04\/o5-2048x1535.jpg 2048w, https:\/\/len-autosgarage.fr\/wp-content\/uploads\/2025\/04\/o5-1320x990.jpg 1320w, https:\/\/len-autosgarage.fr\/wp-content\/uploads\/2025\/04\/o5-600x450.jpg 600w\" sizes=\"(max-width: 230px) 100vw, 230px\" \/><h2 class=\"woocommerce-loop-product__title\">OPEL Meriva OPEL 1.7 CDTI &#8211; 100 FAP Connect Pack A<\/h2>\n\t<span class=\"price\"><span class=\"woocommerce-Price-amount amount\"><bdi><span class=\"woocommerce-Price-currencySymbol\">&euro;<\/span>4,990.00<\/bdi><\/span><\/span>\n<\/a><a href=\"https:\/\/len-autosgarage.fr\/product\/opel-meriva-opel-1-7-cdti-100-fap-connect-pack-a\/\" aria-describedby=\"woocommerce_loop_add_to_cart_link_describedby_2559\" data-quantity=\"1\" class=\"button product_type_simple\" data-product_id=\"2559\" data-product_sku=\"\" aria-label=\"En savoir plus sur &ldquo;OPEL Meriva OPEL 1.7 CDTI - 100 FAP Connect Pack A&rdquo;\" rel=\"nofollow\" data-success_message=\"\">Lire la suite<\/a>\t<span id=\"woocommerce_loop_add_to_cart_link_describedby_2559\" class=\"screen-reader-text\">\n\t\t\t<\/span>\n<\/li>\n<li class=\"product type-product post-2731 status-publish outofstock product_cat-uncategorized has-post-thumbnail shipping-taxable purchasable product-type-simple\">\n\t<a href=\"https:\/\/len-autosgarage.fr\/product\/renault-master-fgn-l1h2-3-5t-2-3-dci-125-grand-confort-euro-5\/\" class=\"woocommerce-LoopProduct-link woocommerce-loop-product__link\"><img decoding=\"async\" width=\"230\" height=\"173\" src=\"https:\/\/len-autosgarage.fr\/wp-content\/uploads\/2025\/08\/IMG_6823-Copie-1-230x173.jpg\" class=\"attachment-woocommerce_thumbnail size-woocommerce_thumbnail\" alt=\"RENAULT MASTER FGN L1H2 3.5t 2.3 dCi 125 GRAND CONFORT EURO 5\" srcset=\"https:\/\/len-autosgarage.fr\/wp-content\/uploads\/2025\/08\/IMG_6823-Copie-1-230x173.jpg 230w, https:\/\/len-autosgarage.fr\/wp-content\/uploads\/2025\/08\/IMG_6823-Copie-1-300x225.jpg 300w, https:\/\/len-autosgarage.fr\/wp-content\/uploads\/2025\/08\/IMG_6823-Copie-1-1024x768.jpg 1024w, https:\/\/len-autosgarage.fr\/wp-content\/uploads\/2025\/08\/IMG_6823-Copie-1-768x576.jpg 768w, https:\/\/len-autosgarage.fr\/wp-content\/uploads\/2025\/08\/IMG_6823-Copie-1-1536x1152.jpg 1536w, https:\/\/len-autosgarage.fr\/wp-content\/uploads\/2025\/08\/IMG_6823-Copie-1-2048x1536.jpg 2048w, https:\/\/len-autosgarage.fr\/wp-content\/uploads\/2025\/08\/IMG_6823-Copie-1-1320x990.jpg 1320w, https:\/\/len-autosgarage.fr\/wp-content\/uploads\/2025\/08\/IMG_6823-Copie-1-600x450.jpg 600w\" sizes=\"(max-width: 230px) 100vw, 230px\" \/><h2 class=\"woocommerce-loop-product__title\">RENAULT MASTER FGN L1H2 3.5t 2.3 dCi 125 GRAND CONFORT EURO 5<\/h2>\n\t<span class=\"price\"><span class=\"woocommerce-Price-amount amount\"><bdi><span class=\"woocommerce-Price-currencySymbol\">&euro;<\/span>12,490.00<\/bdi><\/span><\/span>\n<\/a><a href=\"https:\/\/len-autosgarage.fr\/product\/renault-master-fgn-l1h2-3-5t-2-3-dci-125-grand-confort-euro-5\/\" aria-describedby=\"woocommerce_loop_add_to_cart_link_describedby_2731\" data-quantity=\"1\" class=\"button product_type_simple\" data-product_id=\"2731\" data-product_sku=\"\" aria-label=\"En savoir plus sur &ldquo;RENAULT MASTER FGN L1H2 3.5t 2.3 dCi 125 GRAND CONFORT EURO 5&rdquo;\" rel=\"nofollow\" data-success_message=\"\">Lire la suite<\/a>\t<span id=\"woocommerce_loop_add_to_cart_link_describedby_2731\" class=\"screen-reader-text\">\n\t\t\t<\/span>\n<\/li>\n<li class=\"product type-product post-2740 status-publish last outofstock product_cat-uncategorized has-post-thumbnail shipping-taxable purchasable product-type-simple\">\n\t<a href=\"https:\/\/len-autosgarage.fr\/product\/audi-a3-sportback-40-tfsie-204-s-tronic-6-design-luxe\/\" class=\"woocommerce-LoopProduct-link woocommerce-loop-product__link\"><img decoding=\"async\" width=\"230\" height=\"173\" src=\"https:\/\/len-autosgarage.fr\/wp-content\/uploads\/2025\/08\/Resized_20250806_105959-002-230x173.jpg\" class=\"attachment-woocommerce_thumbnail size-woocommerce_thumbnail\" alt=\"AUDI A3 Sportback 40 TFSIe 204 S tronic 6 Design Luxe\" srcset=\"https:\/\/len-autosgarage.fr\/wp-content\/uploads\/2025\/08\/Resized_20250806_105959-002-230x173.jpg 230w, https:\/\/len-autosgarage.fr\/wp-content\/uploads\/2025\/08\/Resized_20250806_105959-002-300x225.jpg 300w, https:\/\/len-autosgarage.fr\/wp-content\/uploads\/2025\/08\/Resized_20250806_105959-002-1024x769.jpg 1024w, https:\/\/len-autosgarage.fr\/wp-content\/uploads\/2025\/08\/Resized_20250806_105959-002-768x577.jpg 768w, https:\/\/len-autosgarage.fr\/wp-content\/uploads\/2025\/08\/Resized_20250806_105959-002-600x451.jpg 600w, https:\/\/len-autosgarage.fr\/wp-content\/uploads\/2025\/08\/Resized_20250806_105959-002.jpg 1048w\" sizes=\"(max-width: 230px) 100vw, 230px\" \/><h2 class=\"woocommerce-loop-product__title\">AUDI A3 Sportback 40 TFSIe 204 S tronic 6 Design Luxe<\/h2>\n\t<span class=\"price\"><span class=\"woocommerce-Price-amount amount\"><bdi><span class=\"woocommerce-Price-currencySymbol\">&euro;<\/span>26,490.00<\/bdi><\/span><\/span>\n<\/a><a href=\"https:\/\/len-autosgarage.fr\/product\/audi-a3-sportback-40-tfsie-204-s-tronic-6-design-luxe\/\" aria-describedby=\"woocommerce_loop_add_to_cart_link_describedby_2740\" data-quantity=\"1\" class=\"button product_type_simple\" data-product_id=\"2740\" data-product_sku=\"\" aria-label=\"En savoir plus sur &ldquo;AUDI A3 Sportback 40 TFSIe 204 S tronic 6 Design Luxe&rdquo;\" rel=\"nofollow\" data-success_message=\"\">Lire la suite<\/a>\t<span id=\"woocommerce_loop_add_to_cart_link_describedby_2740\" class=\"screen-reader-text\">\n\t\t\t<\/span>\n<\/li>\n<li class=\"product type-product post-2764 status-publish first outofstock product_cat-uncategorized has-post-thumbnail shipping-taxable purchasable product-type-simple\">\n\t<a href=\"https:\/\/len-autosgarage.fr\/product\/volkswagen-id-3-204-ch-pro\/\" class=\"woocommerce-LoopProduct-link woocommerce-loop-product__link\"><img loading=\"lazy\" decoding=\"async\" width=\"230\" height=\"173\" src=\"https:\/\/len-autosgarage.fr\/wp-content\/uploads\/2025\/08\/680b9e44a53e5-230x173.jpg\" class=\"attachment-woocommerce_thumbnail size-woocommerce_thumbnail\" alt=\"VOLKSWAGEN ID.3 204 ch Pro\" srcset=\"https:\/\/len-autosgarage.fr\/wp-content\/uploads\/2025\/08\/680b9e44a53e5-230x173.jpg 230w, https:\/\/len-autosgarage.fr\/wp-content\/uploads\/2025\/08\/680b9e44a53e5-300x225.jpg 300w, https:\/\/len-autosgarage.fr\/wp-content\/uploads\/2025\/08\/680b9e44a53e5-1024x768.jpg 1024w, https:\/\/len-autosgarage.fr\/wp-content\/uploads\/2025\/08\/680b9e44a53e5-768x576.jpg 768w, https:\/\/len-autosgarage.fr\/wp-content\/uploads\/2025\/08\/680b9e44a53e5-1536x1152.jpg 1536w, https:\/\/len-autosgarage.fr\/wp-content\/uploads\/2025\/08\/680b9e44a53e5-2048x1536.jpg 2048w, https:\/\/len-autosgarage.fr\/wp-content\/uploads\/2025\/08\/680b9e44a53e5-1320x990.jpg 1320w, https:\/\/len-autosgarage.fr\/wp-content\/uploads\/2025\/08\/680b9e44a53e5-600x450.jpg 600w\" sizes=\"(max-width: 230px) 100vw, 230px\" \/><h2 class=\"woocommerce-loop-product__title\">VOLKSWAGEN ID.3 204 ch Pro<\/h2>\n\t<span class=\"price\"><span class=\"woocommerce-Price-amount amount\"><bdi><span class=\"woocommerce-Price-currencySymbol\">&euro;<\/span>27,990.00<\/bdi><\/span><\/span>\n<\/a><a href=\"https:\/\/len-autosgarage.fr\/product\/volkswagen-id-3-204-ch-pro\/\" aria-describedby=\"woocommerce_loop_add_to_cart_link_describedby_2764\" data-quantity=\"1\" class=\"button product_type_simple\" data-product_id=\"2764\" data-product_sku=\"\" aria-label=\"En savoir plus sur &ldquo;VOLKSWAGEN ID.3 204 ch Pro&rdquo;\" rel=\"nofollow\" data-success_message=\"\">Lire la suite<\/a>\t<span id=\"woocommerce_loop_add_to_cart_link_describedby_2764\" class=\"screen-reader-text\">\n\t\t\t<\/span>\n<\/li>\n<li class=\"product type-product post-2788 status-publish outofstock product_cat-uncategorized has-post-thumbnail shipping-taxable purchasable product-type-simple\">\n\t<a href=\"https:\/\/len-autosgarage.fr\/product\/peugeot-208-1-2-puretech-82ch-bvm5-active\/\" class=\"woocommerce-LoopProduct-link woocommerce-loop-product__link\"><img loading=\"lazy\" decoding=\"async\" width=\"230\" height=\"173\" src=\"https:\/\/len-autosgarage.fr\/wp-content\/uploads\/2025\/09\/208-10-230x173.jpg\" class=\"attachment-woocommerce_thumbnail size-woocommerce_thumbnail\" alt=\"PEUGEOT 208 1.2 PureTech 82ch BVM5 Active\" srcset=\"https:\/\/len-autosgarage.fr\/wp-content\/uploads\/2025\/09\/208-10-230x173.jpg 230w, https:\/\/len-autosgarage.fr\/wp-content\/uploads\/2025\/09\/208-10-300x225.jpg 300w, https:\/\/len-autosgarage.fr\/wp-content\/uploads\/2025\/09\/208-10-1024x768.jpg 1024w, https:\/\/len-autosgarage.fr\/wp-content\/uploads\/2025\/09\/208-10-768x576.jpg 768w, https:\/\/len-autosgarage.fr\/wp-content\/uploads\/2025\/09\/208-10-1536x1152.jpg 1536w, https:\/\/len-autosgarage.fr\/wp-content\/uploads\/2025\/09\/208-10-2048x1536.jpg 2048w, https:\/\/len-autosgarage.fr\/wp-content\/uploads\/2025\/09\/208-10-1320x990.jpg 1320w, https:\/\/len-autosgarage.fr\/wp-content\/uploads\/2025\/09\/208-10-600x450.jpg 600w\" sizes=\"(max-width: 230px) 100vw, 230px\" \/><h2 class=\"woocommerce-loop-product__title\">PEUGEOT 208 1.2 PureTech 82ch BVM5 Active<\/h2>\n\t<span class=\"price\"><span class=\"woocommerce-Price-amount amount\"><bdi><span class=\"woocommerce-Price-currencySymbol\">&euro;<\/span>5,990.00<\/bdi><\/span><\/span>\n<\/a><a href=\"https:\/\/len-autosgarage.fr\/product\/peugeot-208-1-2-puretech-82ch-bvm5-active\/\" aria-describedby=\"woocommerce_loop_add_to_cart_link_describedby_2788\" data-quantity=\"1\" class=\"button product_type_simple\" data-product_id=\"2788\" data-product_sku=\"\" aria-label=\"En savoir plus sur &ldquo;PEUGEOT 208 1.2 PureTech 82ch BVM5 Active&rdquo;\" rel=\"nofollow\" data-success_message=\"\">Lire la suite<\/a>\t<span id=\"woocommerce_loop_add_to_cart_link_describedby_2788\" class=\"screen-reader-text\">\n\t\t\t<\/span>\n<\/li>\n<li class=\"product type-product post-2793 status-publish last outofstock product_cat-uncategorized has-post-thumbnail shipping-taxable purchasable product-type-simple\">\n\t<a href=\"https:\/\/len-autosgarage.fr\/product\/c-3-1-4-i-75-cv\/\" class=\"woocommerce-LoopProduct-link woocommerce-loop-product__link\"><img loading=\"lazy\" decoding=\"async\" width=\"230\" height=\"173\" src=\"https:\/\/len-autosgarage.fr\/wp-content\/uploads\/2025\/09\/C3-8-230x173.jpg\" class=\"attachment-woocommerce_thumbnail size-woocommerce_thumbnail\" alt=\"C 3 1.4 I 75 CV\" srcset=\"https:\/\/len-autosgarage.fr\/wp-content\/uploads\/2025\/09\/C3-8-230x173.jpg 230w, https:\/\/len-autosgarage.fr\/wp-content\/uploads\/2025\/09\/C3-8-300x225.jpg 300w, https:\/\/len-autosgarage.fr\/wp-content\/uploads\/2025\/09\/C3-8-1024x768.jpg 1024w, https:\/\/len-autosgarage.fr\/wp-content\/uploads\/2025\/09\/C3-8-768x576.jpg 768w, https:\/\/len-autosgarage.fr\/wp-content\/uploads\/2025\/09\/C3-8-1536x1152.jpg 1536w, https:\/\/len-autosgarage.fr\/wp-content\/uploads\/2025\/09\/C3-8-2048x1536.jpg 2048w, https:\/\/len-autosgarage.fr\/wp-content\/uploads\/2025\/09\/C3-8-1320x990.jpg 1320w, https:\/\/len-autosgarage.fr\/wp-content\/uploads\/2025\/09\/C3-8-600x450.jpg 600w\" sizes=\"(max-width: 230px) 100vw, 230px\" \/><h2 class=\"woocommerce-loop-product__title\">C 3 1.4 I 75 CV<\/h2>\n\t<span class=\"price\"><span class=\"woocommerce-Price-amount amount\"><bdi><span class=\"woocommerce-Price-currencySymbol\">&euro;<\/span>5,490.00<\/bdi><\/span><\/span>\n<\/a><a href=\"https:\/\/len-autosgarage.fr\/product\/c-3-1-4-i-75-cv\/\" aria-describedby=\"woocommerce_loop_add_to_cart_link_describedby_2793\" data-quantity=\"1\" class=\"button product_type_simple\" data-product_id=\"2793\" data-product_sku=\"\" aria-label=\"En savoir plus sur &ldquo;C 3 1.4 I 75 CV&rdquo;\" rel=\"nofollow\" data-success_message=\"\">Lire la suite<\/a>\t<span id=\"woocommerce_loop_add_to_cart_link_describedby_2793\" class=\"screen-reader-text\">\n\t\t\t<\/span>\n<\/li>\n<li class=\"product type-product post-2802 status-publish first outofstock product_cat-uncategorized has-post-thumbnail sale shipping-taxable purchasable product-type-simple\">\n\t<a href=\"https:\/\/len-autosgarage.fr\/product\/opel-mokka-1-6-cdti-136-ch-fap-4x2-ecoflex-startstop-color-edition\/\" class=\"woocommerce-LoopProduct-link woocommerce-loop-product__link\">\n\t<span class=\"onsale\">Promo\u00a0!<\/span>\n\t<img loading=\"lazy\" decoding=\"async\" width=\"230\" height=\"173\" src=\"https:\/\/len-autosgarage.fr\/wp-content\/uploads\/2025\/09\/MOKKA3-2-230x173.jpg\" class=\"attachment-woocommerce_thumbnail size-woocommerce_thumbnail\" alt=\"OPEL Mokka 1.6 CDTI - 136 ch FAP 4x2 ecoFLEX Start&amp;Stop Color Edition\" srcset=\"https:\/\/len-autosgarage.fr\/wp-content\/uploads\/2025\/09\/MOKKA3-2-230x173.jpg 230w, https:\/\/len-autosgarage.fr\/wp-content\/uploads\/2025\/09\/MOKKA3-2-300x225.jpg 300w, https:\/\/len-autosgarage.fr\/wp-content\/uploads\/2025\/09\/MOKKA3-2-1024x768.jpg 1024w, https:\/\/len-autosgarage.fr\/wp-content\/uploads\/2025\/09\/MOKKA3-2-768x576.jpg 768w, https:\/\/len-autosgarage.fr\/wp-content\/uploads\/2025\/09\/MOKKA3-2-1536x1152.jpg 1536w, https:\/\/len-autosgarage.fr\/wp-content\/uploads\/2025\/09\/MOKKA3-2-2048x1536.jpg 2048w, https:\/\/len-autosgarage.fr\/wp-content\/uploads\/2025\/09\/MOKKA3-2-1320x990.jpg 1320w, https:\/\/len-autosgarage.fr\/wp-content\/uploads\/2025\/09\/MOKKA3-2-600x450.jpg 600w\" sizes=\"(max-width: 230px) 100vw, 230px\" \/><h2 class=\"woocommerce-loop-product__title\">OPEL Mokka 1.6 CDTI &#8211; 136 ch FAP 4&#215;2 ecoFLEX Start&#038;Stop Color Edition<\/h2>\n\t<span class=\"price\"><del aria-hidden=\"true\"><span class=\"woocommerce-Price-amount amount\"><bdi><span class=\"woocommerce-Price-currencySymbol\">&euro;<\/span>5,490.00<\/bdi><\/span><\/del> <span class=\"screen-reader-text\">Le prix initial \u00e9tait\u00a0: &euro;5,490.00.<\/span><ins aria-hidden=\"true\"><span class=\"woocommerce-Price-amount amount\"><bdi><span class=\"woocommerce-Price-currencySymbol\">&euro;<\/span>4,990.00<\/bdi><\/span><\/ins><span class=\"screen-reader-text\">Le prix actuel est\u00a0: &euro;4,990.00.<\/span><\/span>\n<\/a><a href=\"https:\/\/len-autosgarage.fr\/product\/opel-mokka-1-6-cdti-136-ch-fap-4x2-ecoflex-startstop-color-edition\/\" aria-describedby=\"woocommerce_loop_add_to_cart_link_describedby_2802\" data-quantity=\"1\" class=\"button product_type_simple\" data-product_id=\"2802\" data-product_sku=\"\" aria-label=\"En savoir plus sur &ldquo;OPEL Mokka 1.6 CDTI - 136 ch FAP 4x2 ecoFLEX Start&amp;Stop Color Edition&rdquo;\" rel=\"nofollow\" data-success_message=\"\">Lire la suite<\/a>\t<span id=\"woocommerce_loop_add_to_cart_link_describedby_2802\" class=\"screen-reader-text\">\n\t\t\t<\/span>\n<\/li>\n<li class=\"product type-product post-2837 status-publish outofstock product_cat-uncategorized has-post-thumbnail shipping-taxable purchasable product-type-simple\">\n\t<a href=\"https:\/\/len-autosgarage.fr\/product\/a-vendre-renault-modus-1-5-dci-65-eco2-expression\/\" class=\"woocommerce-LoopProduct-link woocommerce-loop-product__link\"><img loading=\"lazy\" decoding=\"async\" width=\"230\" height=\"173\" src=\"https:\/\/len-autosgarage.fr\/wp-content\/uploads\/2025\/09\/IMG_6970-230x173.jpg\" class=\"attachment-woocommerce_thumbnail size-woocommerce_thumbnail\" alt=\"A VENDRE RENAULT Modus 1.5 dCi 65 eco2 Expression\" srcset=\"https:\/\/len-autosgarage.fr\/wp-content\/uploads\/2025\/09\/IMG_6970-230x173.jpg 230w, https:\/\/len-autosgarage.fr\/wp-content\/uploads\/2025\/09\/IMG_6970-300x225.jpg 300w, https:\/\/len-autosgarage.fr\/wp-content\/uploads\/2025\/09\/IMG_6970-1024x768.jpg 1024w, https:\/\/len-autosgarage.fr\/wp-content\/uploads\/2025\/09\/IMG_6970-768x576.jpg 768w, https:\/\/len-autosgarage.fr\/wp-content\/uploads\/2025\/09\/IMG_6970-1536x1152.jpg 1536w, https:\/\/len-autosgarage.fr\/wp-content\/uploads\/2025\/09\/IMG_6970-2048x1536.jpg 2048w, https:\/\/len-autosgarage.fr\/wp-content\/uploads\/2025\/09\/IMG_6970-1320x990.jpg 1320w, https:\/\/len-autosgarage.fr\/wp-content\/uploads\/2025\/09\/IMG_6970-600x450.jpg 600w\" sizes=\"(max-width: 230px) 100vw, 230px\" \/><h2 class=\"woocommerce-loop-product__title\">A VENDRE RENAULT Modus 1.5 dCi 65 eco2 Expression<\/h2>\n\t<span class=\"price\"><span class=\"woocommerce-Price-amount amount\"><bdi><span class=\"woocommerce-Price-currencySymbol\">&euro;<\/span>6,290.00<\/bdi><\/span><\/span>\n<\/a><a href=\"https:\/\/len-autosgarage.fr\/product\/a-vendre-renault-modus-1-5-dci-65-eco2-expression\/\" aria-describedby=\"woocommerce_loop_add_to_cart_link_describedby_2837\" data-quantity=\"1\" class=\"button product_type_simple\" data-product_id=\"2837\" data-product_sku=\"\" aria-label=\"En savoir plus sur &ldquo;A VENDRE RENAULT Modus 1.5 dCi 65 eco2 Expression&rdquo;\" rel=\"nofollow\" data-success_message=\"\">Lire la suite<\/a>\t<span id=\"woocommerce_loop_add_to_cart_link_describedby_2837\" class=\"screen-reader-text\">\n\t\t\t<\/span>\n<\/li>\n<li class=\"product type-product post-2849 status-publish last outofstock product_cat-uncategorized has-post-thumbnail shipping-taxable purchasable product-type-simple\">\n\t<a href=\"https:\/\/len-autosgarage.fr\/product\/peugeot-308-sw-1-6-bluehdi-100ch-ss-bvm5-active-business\/\" class=\"woocommerce-LoopProduct-link woocommerce-loop-product__link\"><img loading=\"lazy\" decoding=\"async\" width=\"230\" height=\"173\" src=\"https:\/\/len-autosgarage.fr\/wp-content\/uploads\/2025\/09\/IMG_7065-230x173.jpg\" class=\"attachment-woocommerce_thumbnail size-woocommerce_thumbnail\" alt=\"PEUGEOT 308 SW 1.6 BlueHDi 100ch S&amp;S BVM5 Active Business\" srcset=\"https:\/\/len-autosgarage.fr\/wp-content\/uploads\/2025\/09\/IMG_7065-230x173.jpg 230w, https:\/\/len-autosgarage.fr\/wp-content\/uploads\/2025\/09\/IMG_7065-300x225.jpg 300w, https:\/\/len-autosgarage.fr\/wp-content\/uploads\/2025\/09\/IMG_7065-1024x768.jpg 1024w, https:\/\/len-autosgarage.fr\/wp-content\/uploads\/2025\/09\/IMG_7065-768x576.jpg 768w, https:\/\/len-autosgarage.fr\/wp-content\/uploads\/2025\/09\/IMG_7065-1536x1152.jpg 1536w, https:\/\/len-autosgarage.fr\/wp-content\/uploads\/2025\/09\/IMG_7065-2048x1536.jpg 2048w, https:\/\/len-autosgarage.fr\/wp-content\/uploads\/2025\/09\/IMG_7065-1320x990.jpg 1320w, https:\/\/len-autosgarage.fr\/wp-content\/uploads\/2025\/09\/IMG_7065-600x450.jpg 600w\" sizes=\"(max-width: 230px) 100vw, 230px\" \/><h2 class=\"woocommerce-loop-product__title\">PEUGEOT 308 SW 1.6 BlueHDi 100ch S&#038;S BVM5 Active Business<\/h2>\n\t<span class=\"price\"><span class=\"woocommerce-Price-amount amount\"><bdi><span class=\"woocommerce-Price-currencySymbol\">&euro;<\/span>8,490.00<\/bdi><\/span><\/span>\n<\/a><a href=\"https:\/\/len-autosgarage.fr\/product\/peugeot-308-sw-1-6-bluehdi-100ch-ss-bvm5-active-business\/\" aria-describedby=\"woocommerce_loop_add_to_cart_link_describedby_2849\" data-quantity=\"1\" class=\"button product_type_simple\" data-product_id=\"2849\" data-product_sku=\"\" aria-label=\"En savoir plus sur &ldquo;PEUGEOT 308 SW 1.6 BlueHDi 100ch S&amp;S BVM5 Active Business&rdquo;\" rel=\"nofollow\" data-success_message=\"\">Lire la suite<\/a>\t<span id=\"woocommerce_loop_add_to_cart_link_describedby_2849\" class=\"screen-reader-text\">\n\t\t\t<\/span>\n<\/li>\n<\/ul>\n<\/div>\t\t\t\t<\/div>\n\t\t\t\t<\/div>\n\t\t\t\t\t<\/div>\n\t\t<\/div>\n\t\t\t\t\t<\/div>\n\t\t<\/section>\n\t\t\t\t<section class=\"elementor-section elementor-top-section elementor-element elementor-element-109ecfda elementor-section-content-middle elementor-section-stretched elementor-section-boxed elementor-section-height-default elementor-section-height-default wpr-particle-no wpr-jarallax-no wpr-parallax-no wpr-sticky-section-no wpr-equal-height-no\" data-id=\"109ecfda\" data-element_type=\"section\" data-e-type=\"section\" data-settings=\"{&quot;stretch_section&quot;:&quot;section-stretched&quot;}\">\n\t\t\t\t\t\t<div class=\"elementor-container elementor-column-gap-default\">\n\t\t\t\t\t<div class=\"elementor-column elementor-col-50 elementor-top-column elementor-element elementor-element-49e7f86d\" data-id=\"49e7f86d\" data-element_type=\"column\" data-e-type=\"column\">\n\t\t\t<div class=\"elementor-widget-wrap elementor-element-populated\">\n\t\t\t\t\t\t<div class=\"elementor-element elementor-element-195815ef elementor-widget elementor-widget-image\" data-id=\"195815ef\" data-element_type=\"widget\" data-e-type=\"widget\" data-widget_type=\"image.default\">\n\t\t\t\t<div class=\"elementor-widget-container\">\n\t\t\t\t\t\t\t\t\t\t\t\t\t\t\t<img loading=\"lazy\" decoding=\"async\" width=\"700\" height=\"500\" src=\"https:\/\/len-autosgarage.fr\/wp-content\/uploads\/2025\/03\/image1.jpg\" class=\"attachment-large size-large wp-image-2330\" alt=\"Tous nos mod\u00e8les - LEN AUTOS GARAGE \u00e0 Montpon-M\u00e9nest\u00e9rol\" srcset=\"https:\/\/len-autosgarage.fr\/wp-content\/uploads\/2025\/03\/image1.jpg 700w, https:\/\/len-autosgarage.fr\/wp-content\/uploads\/2025\/03\/image1-300x214.jpg 300w, https:\/\/len-autosgarage.fr\/wp-content\/uploads\/2025\/03\/image1-230x164.jpg 230w, https:\/\/len-autosgarage.fr\/wp-content\/uploads\/2025\/03\/image1-600x429.jpg 600w\" sizes=\"(max-width: 700px) 100vw, 700px\" \/>\t\t\t\t\t\t\t\t\t\t\t\t\t\t\t<\/div>\n\t\t\t\t<\/div>\n\t\t\t\t\t<\/div>\n\t\t<\/div>\n\t\t\t\t<div class=\"elementor-column elementor-col-50 elementor-top-column elementor-element elementor-element-2bee69b0\" data-id=\"2bee69b0\" data-element_type=\"column\" data-e-type=\"column\">\n\t\t\t<div class=\"elementor-widget-wrap elementor-element-populated\">\n\t\t\t\t\t\t<div class=\"elementor-element elementor-element-6d2b660e elementor-widget elementor-widget-heading\" data-id=\"6d2b660e\" data-element_type=\"widget\" data-e-type=\"widget\" data-widget_type=\"heading.default\">\n\t\t\t\t<div class=\"elementor-widget-container\">\n\t\t\t\t\t<h2 class=\"elementor-heading-title elementor-size-default\">Un large choix de v\u00e9hicules pour tous les besoins<\/h2>\t\t\t\t<\/div>\n\t\t\t\t<\/div>\n\t\t\t\t<div class=\"elementor-element elementor-element-8559673 elementor-widget elementor-widget-text-editor\" data-id=\"8559673\" data-element_type=\"widget\" data-e-type=\"widget\" data-widget_type=\"text-editor.default\">\n\t\t\t\t<div class=\"elementor-widget-container\">\n\t\t\t\t\t\t\t\t\t<p>Que vous recherchiez une citadine compacte, une berline \u00e9l\u00e9gante, un SUV familial ou un utilitaire robuste, nous avons le mod\u00e8le qu\u2019il vous faut. Chez LEN AUTOS GARAGE, nous s\u00e9lectionnons rigoureusement chaque v\u00e9hicule afin de vous proposer des voitures fiables, r\u00e9vis\u00e9es et garanties.<\/p><p>Gr\u00e2ce \u00e0 nos collaborations avec des marques r\u00e9put\u00e9es, nous vous assurons un stock r\u00e9guli\u00e8rement renouvel\u00e9 pour r\u00e9pondre \u00e0 toutes les demandes. Situ\u00e9s \u00e0 Montpon-M\u00e9nest\u00e9rol, nous accueillons des clients de Saint-Seurin-sur-l\u2019Isle, Castillon-la-Bataille et Mussidan, souhaitant trouver un v\u00e9hicule d\u2019occasion garanti et performant.<\/p><p>Venez d\u00e9couvrir nos mod\u00e8les et laissez-vous guider par notre \u00e9quipe d\u2019experts pour faire le meilleur choix. Contactez-nous d\u00e8s maintenant pour obtenir plus d\u2019informations sur nos v\u00e9hicules disponibles !<\/p>\t\t\t\t\t\t\t\t<\/div>\n\t\t\t\t<\/div>\n\t\t\t\t\t<\/div>\n\t\t<\/div>\n\t\t\t\t\t<\/div>\n\t\t<\/section>\n\t\t\t\t<section class=\"elementor-section elementor-top-section elementor-element elementor-element-33617072 elementor-section-content-middle elementor-section-stretched elementor-reverse-tablet elementor-reverse-mobile elementor-section-boxed elementor-section-height-default elementor-section-height-default wpr-particle-no wpr-jarallax-no wpr-parallax-no wpr-sticky-section-no wpr-equal-height-no\" data-id=\"33617072\" data-element_type=\"section\" data-e-type=\"section\" data-settings=\"{&quot;stretch_section&quot;:&quot;section-stretched&quot;}\">\n\t\t\t\t\t\t<div class=\"elementor-container elementor-column-gap-default\">\n\t\t\t\t\t<div class=\"elementor-column elementor-col-50 elementor-top-column elementor-element elementor-element-2d50942d\" data-id=\"2d50942d\" data-element_type=\"column\" data-e-type=\"column\">\n\t\t\t<div class=\"elementor-widget-wrap elementor-element-populated\">\n\t\t\t\t\t\t<div class=\"elementor-element elementor-element-4e90180 elementor-widget elementor-widget-heading\" data-id=\"4e90180\" data-element_type=\"widget\" data-e-type=\"widget\" data-widget_type=\"heading.default\">\n\t\t\t\t<div class=\"elementor-widget-container\">\n\t\t\t\t\t<h2 class=\"elementor-heading-title elementor-size-default\">Une garantie pour votre tranquillit\u00e9 d\u2019esprit<\/h2>\t\t\t\t<\/div>\n\t\t\t\t<\/div>\n\t\t\t\t<div class=\"elementor-element elementor-element-46d7bd25 elementor-widget elementor-widget-text-editor\" data-id=\"46d7bd25\" data-element_type=\"widget\" data-e-type=\"widget\" data-widget_type=\"text-editor.default\">\n\t\t\t\t<div class=\"elementor-widget-container\">\n\t\t\t\t\t\t\t\t\t<p>L\u2019achat d\u2019un v\u00e9hicule d\u2019occasion est une d\u00e9cision importante, et nous mettons tout en \u0153uvre pour vous offrir une exp\u00e9rience sereine et s\u00e9curis\u00e9e. C\u2019est pourquoi LEN AUTOS GARAGE collabore avec Garantie M, un organisme sp\u00e9cialis\u00e9 dans la protection automobile.<\/p><p>Tous nos v\u00e9hicules d\u2019occasion b\u00e9n\u00e9ficient d\u2019une garantie, couvrant divers \u00e9l\u00e9ments m\u00e9caniques et \u00e9lectroniques, selon les conditions choisies. Vous avez ainsi l\u2019assurance de rouler en toute tranquillit\u00e9, avec un v\u00e9hicule soigneusement contr\u00f4l\u00e9 et prot\u00e9g\u00e9 contre les impr\u00e9vus.<\/p><p>N\u2019h\u00e9sitez pas \u00e0 nous demander les d\u00e9tails des diff\u00e9rentes garanties disponibles et \u00e0 choisir l\u2019option qui vous convient le mieux. Nous sommes \u00e0 votre disposition pour vous conseiller et vous accompagner dans votre achat.<\/p>\t\t\t\t\t\t\t\t<\/div>\n\t\t\t\t<\/div>\n\t\t\t\t\t<\/div>\n\t\t<\/div>\n\t\t\t\t<div class=\"elementor-column elementor-col-50 elementor-top-column elementor-element elementor-element-66e18e0a\" data-id=\"66e18e0a\" data-element_type=\"column\" data-e-type=\"column\">\n\t\t\t<div class=\"elementor-widget-wrap elementor-element-populated\">\n\t\t\t\t\t\t<div class=\"elementor-element elementor-element-500093fb elementor-widget elementor-widget-image\" data-id=\"500093fb\" data-element_type=\"widget\" data-e-type=\"widget\" data-widget_type=\"image.default\">\n\t\t\t\t<div class=\"elementor-widget-container\">\n\t\t\t\t\t\t\t\t\t\t\t\t\t\t\t<img loading=\"lazy\" decoding=\"async\" width=\"700\" height=\"500\" src=\"https:\/\/len-autosgarage.fr\/wp-content\/uploads\/2025\/03\/image2.jpg\" class=\"attachment-large size-large wp-image-2331\" alt=\"Tous nos mod\u00e8les - LEN AUTOS GARAGE \u00e0 Montpon-M\u00e9nest\u00e9rol\" srcset=\"https:\/\/len-autosgarage.fr\/wp-content\/uploads\/2025\/03\/image2.jpg 700w, https:\/\/len-autosgarage.fr\/wp-content\/uploads\/2025\/03\/image2-300x214.jpg 300w, https:\/\/len-autosgarage.fr\/wp-content\/uploads\/2025\/03\/image2-230x164.jpg 230w, https:\/\/len-autosgarage.fr\/wp-content\/uploads\/2025\/03\/image2-600x429.jpg 600w\" sizes=\"(max-width: 700px) 100vw, 700px\" \/>\t\t\t\t\t\t\t\t\t\t\t\t\t\t\t<\/div>\n\t\t\t\t<\/div>\n\t\t\t\t\t<\/div>\n\t\t<\/div>\n\t\t\t\t\t<\/div>\n\t\t<\/section>\n\t\t\t\t<section class=\"elementor-section elementor-top-section elementor-element elementor-element-c968275 elementor-section-content-middle elementor-section-stretched elementor-section-boxed elementor-section-height-default elementor-section-height-default wpr-particle-no wpr-jarallax-no wpr-parallax-no wpr-sticky-section-no wpr-equal-height-no\" data-id=\"c968275\" data-element_type=\"section\" data-e-type=\"section\" data-settings=\"{&quot;stretch_section&quot;:&quot;section-stretched&quot;}\">\n\t\t\t\t\t\t<div class=\"elementor-container elementor-column-gap-default\">\n\t\t\t\t\t<div class=\"elementor-column elementor-col-50 elementor-top-column elementor-element elementor-element-fb4b241\" data-id=\"fb4b241\" data-element_type=\"column\" data-e-type=\"column\">\n\t\t\t<div class=\"elementor-widget-wrap elementor-element-populated\">\n\t\t\t\t\t\t<div class=\"elementor-element elementor-element-a3972b2 elementor-widget elementor-widget-image\" data-id=\"a3972b2\" data-element_type=\"widget\" data-e-type=\"widget\" data-widget_type=\"image.default\">\n\t\t\t\t<div class=\"elementor-widget-container\">\n\t\t\t\t\t\t\t\t\t\t\t\t\t\t\t<img loading=\"lazy\" decoding=\"async\" width=\"700\" height=\"500\" src=\"https:\/\/len-autosgarage.fr\/wp-content\/uploads\/2025\/03\/image3.jpg\" class=\"attachment-large size-large wp-image-2332\" alt=\"Tous nos mod\u00e8les - LEN AUTOS GARAGE \u00e0 Montpon-M\u00e9nest\u00e9rol\" srcset=\"https:\/\/len-autosgarage.fr\/wp-content\/uploads\/2025\/03\/image3.jpg 700w, https:\/\/len-autosgarage.fr\/wp-content\/uploads\/2025\/03\/image3-300x214.jpg 300w, https:\/\/len-autosgarage.fr\/wp-content\/uploads\/2025\/03\/image3-230x164.jpg 230w, https:\/\/len-autosgarage.fr\/wp-content\/uploads\/2025\/03\/image3-600x429.jpg 600w\" sizes=\"(max-width: 700px) 100vw, 700px\" \/>\t\t\t\t\t\t\t\t\t\t\t\t\t\t\t<\/div>\n\t\t\t\t<\/div>\n\t\t\t\t\t<\/div>\n\t\t<\/div>\n\t\t\t\t<div class=\"elementor-column elementor-col-50 elementor-top-column elementor-element elementor-element-1d954a8\" data-id=\"1d954a8\" data-element_type=\"column\" data-e-type=\"column\">\n\t\t\t<div class=\"elementor-widget-wrap elementor-element-populated\">\n\t\t\t\t\t\t<div class=\"elementor-element elementor-element-ed2364a elementor-widget elementor-widget-heading\" data-id=\"ed2364a\" data-element_type=\"widget\" data-e-type=\"widget\" data-widget_type=\"heading.default\">\n\t\t\t\t<div class=\"elementor-widget-container\">\n\t\t\t\t\t<h2 class=\"elementor-heading-title elementor-size-default\">Un accompagnement commercial sur-mesure<\/h2>\t\t\t\t<\/div>\n\t\t\t\t<\/div>\n\t\t\t\t<div class=\"elementor-element elementor-element-f3129a0 elementor-widget elementor-widget-text-editor\" data-id=\"f3129a0\" data-element_type=\"widget\" data-e-type=\"widget\" data-widget_type=\"text-editor.default\">\n\t\t\t\t<div class=\"elementor-widget-container\">\n\t\t\t\t\t\t\t\t\t<p>Chez LEN AUTOS GARAGE, notre priorit\u00e9 est de vous offrir une exp\u00e9rience d\u2019achat fluide et personnalis\u00e9e. Nous mettons \u00e0 votre disposition un service d\u2019\u00e9coute et de conseil, afin de vous aider \u00e0 trouver le v\u00e9hicule qui correspond \u00e0 vos attentes et \u00e0 votre budget.<\/p><p>De plus, nous proposons des solutions de financement adapt\u00e9es, avec des mensualit\u00e9s ajustables pour faciliter votre achat. Vous souhaitez \u00e9galement revendre votre ancien v\u00e9hicule ? Nous vous proposons un service de reprise rapide et avantageux pour simplifier votre transition vers une nouvelle voiture.<\/p><p>Notre \u00e9quipe se tient \u00e0 votre disposition pour r\u00e9pondre \u00e0 toutes vos questions et vous guider dans votre projet automobile. Appelez-nous d\u00e8s maintenant au <strong><span style=\"color: #000000;\"><a href=\"tel:05.53.81.44.90\" style=\"color: #000000;\">05.53.81.44.90<\/a><\/span><\/strong> ou \u00e9crivez-nous \u00e0 <strong><span style=\"color: #000000;\"><a href=\"mailto:lenautosgarage@gmail.com\" style=\"color: #000000;\">lenautosgarage@gmail.com<\/a><\/span><\/strong> pour en savoir plus !<\/p>\t\t\t\t\t\t\t\t<\/div>\n\t\t\t\t<\/div>\n\t\t\t\t\t<\/div>\n\t\t<\/div>\n\t\t\t\t\t<\/div>\n\t\t<\/section>\n\t\t\t\t<section class=\"elementor-section elementor-top-section elementor-element elementor-element-69d1084 elementor-section-content-middle elementor-section-stretched elementor-reverse-tablet elementor-reverse-mobile elementor-section-boxed elementor-section-height-default elementor-section-height-default wpr-particle-no wpr-jarallax-no wpr-parallax-no wpr-sticky-section-no wpr-equal-height-no\" data-id=\"69d1084\" data-element_type=\"section\" data-e-type=\"section\" data-settings=\"{&quot;stretch_section&quot;:&quot;section-stretched&quot;}\">\n\t\t\t\t\t\t<div class=\"elementor-container elementor-column-gap-default\">\n\t\t\t\t\t<div class=\"elementor-column elementor-col-50 elementor-top-column elementor-element elementor-element-a48de3f\" data-id=\"a48de3f\" data-element_type=\"column\" data-e-type=\"column\">\n\t\t\t<div class=\"elementor-widget-wrap elementor-element-populated\">\n\t\t\t\t\t\t<div class=\"elementor-element elementor-element-e32bdc5 elementor-widget elementor-widget-heading\" data-id=\"e32bdc5\" data-element_type=\"widget\" data-e-type=\"widget\" data-widget_type=\"heading.default\">\n\t\t\t\t<div class=\"elementor-widget-container\">\n\t\t\t\t\t<h2 class=\"elementor-heading-title elementor-size-default\">Un atelier m\u00e9canique pour l\u2019entretien de votre v\u00e9hicule<\/h2>\t\t\t\t<\/div>\n\t\t\t\t<\/div>\n\t\t\t\t<div class=\"elementor-element elementor-element-9ee801b elementor-widget elementor-widget-text-editor\" data-id=\"9ee801b\" data-element_type=\"widget\" data-e-type=\"widget\" data-widget_type=\"text-editor.default\">\n\t\t\t\t<div class=\"elementor-widget-container\">\n\t\t\t\t\t\t\t\t\t<p>En plus de notre service de vente automobile, nous disposons d\u2019un atelier m\u00e9canique pour assurer l\u2019entretien et les r\u00e9parations de votre v\u00e9hicule. Nos techniciens qualifi\u00e9s interviennent sur toutes marques pour des prestations comme :<\/p><ul><li>Vidange et r\u00e9visions constructeur<\/li><li>Freinage, embrayage, courroie de distribution<\/li><li>Pneumatiques et diagnostic \u00e9lectronique<\/li><\/ul><p>Que vous achetiez un v\u00e9hicule neuf ou d\u2019occasion, vous pouvez compter sur notre expertise m\u00e9canique pour garantir sa long\u00e9vit\u00e9 et ses performances. Prenez rendez-vous d\u00e8s maintenant pour un entretien ou une r\u00e9paration !<\/p>\t\t\t\t\t\t\t\t<\/div>\n\t\t\t\t<\/div>\n\t\t\t\t\t<\/div>\n\t\t<\/div>\n\t\t\t\t<div class=\"elementor-column elementor-col-50 elementor-top-column elementor-element elementor-element-bf2ce58\" data-id=\"bf2ce58\" data-element_type=\"column\" data-e-type=\"column\">\n\t\t\t<div class=\"elementor-widget-wrap elementor-element-populated\">\n\t\t\t\t\t\t<div class=\"elementor-element elementor-element-f28b0da elementor-widget elementor-widget-image\" data-id=\"f28b0da\" data-element_type=\"widget\" data-e-type=\"widget\" data-widget_type=\"image.default\">\n\t\t\t\t<div class=\"elementor-widget-container\">\n\t\t\t\t\t\t\t\t\t\t\t\t\t\t\t<img loading=\"lazy\" decoding=\"async\" width=\"700\" height=\"500\" src=\"https:\/\/len-autosgarage.fr\/wp-content\/uploads\/2025\/03\/im5.jpg\" class=\"attachment-large size-large wp-image-2503\" alt=\"\" srcset=\"https:\/\/len-autosgarage.fr\/wp-content\/uploads\/2025\/03\/im5.jpg 700w, https:\/\/len-autosgarage.fr\/wp-content\/uploads\/2025\/03\/im5-300x214.jpg 300w, https:\/\/len-autosgarage.fr\/wp-content\/uploads\/2025\/03\/im5-230x164.jpg 230w, https:\/\/len-autosgarage.fr\/wp-content\/uploads\/2025\/03\/im5-600x429.jpg 600w\" sizes=\"(max-width: 700px) 100vw, 700px\" \/>\t\t\t\t\t\t\t\t\t\t\t\t\t\t\t<\/div>\n\t\t\t\t<\/div>\n\t\t\t\t\t<\/div>\n\t\t<\/div>\n\t\t\t\t\t<\/div>\n\t\t<\/section>\n\t\t\t\t<section class=\"elementor-section elementor-top-section elementor-element elementor-element-5b9ee76c elementor-section-height-min-height elementor-section-content-middle elementor-section-stretched elementor-section-boxed elementor-section-height-default elementor-section-items-middle wpr-particle-no wpr-jarallax-no wpr-parallax-no wpr-sticky-section-no wpr-equal-height-no\" data-id=\"5b9ee76c\" data-element_type=\"section\" data-e-type=\"section\" data-settings=\"{&quot;stretch_section&quot;:&quot;section-stretched&quot;,&quot;background_background&quot;:&quot;classic&quot;}\">\n\t\t\t\t\t\t\t<div class=\"elementor-background-overlay\"><\/div>\n\t\t\t\t\t\t\t<div class=\"elementor-container elementor-column-gap-default\">\n\t\t\t\t\t<div class=\"elementor-column elementor-col-100 elementor-top-column elementor-element elementor-element-398ed92f\" data-id=\"398ed92f\" data-element_type=\"column\" data-e-type=\"column\">\n\t\t\t<div class=\"elementor-widget-wrap elementor-element-populated\">\n\t\t\t\t\t\t<div class=\"elementor-element elementor-element-7fb388e9 elementor-widget elementor-widget-heading\" data-id=\"7fb388e9\" data-element_type=\"widget\" data-e-type=\"widget\" data-widget_type=\"heading.default\">\n\t\t\t\t<div class=\"elementor-widget-container\">\n\t\t\t\t\t<span class=\"elementor-heading-title elementor-size-default\">Trouvez votre v\u00e9hicule id\u00e9al chez LEN AUTOS GARAGE<\/span>\t\t\t\t<\/div>\n\t\t\t\t<\/div>\n\t\t\t\t<div class=\"elementor-element elementor-element-3404686 elementor-widget-divider--view-line elementor-widget elementor-widget-divider\" data-id=\"3404686\" data-element_type=\"widget\" data-e-type=\"widget\" data-widget_type=\"divider.default\">\n\t\t\t\t<div class=\"elementor-widget-container\">\n\t\t\t\t\t\t\t<div class=\"elementor-divider\">\n\t\t\t<span class=\"elementor-divider-separator\">\n\t\t\t\t\t\t<\/span>\n\t\t<\/div>\n\t\t\t\t\t\t<\/div>\n\t\t\t\t<\/div>\n\t\t\t\t<div class=\"elementor-element elementor-element-715f6daa elementor-widget elementor-widget-text-editor\" data-id=\"715f6daa\" data-element_type=\"widget\" data-e-type=\"widget\" data-widget_type=\"text-editor.default\">\n\t\t\t\t<div class=\"elementor-widget-container\">\n\t\t\t\t\t\t\t\t\t<p>Gr\u00e2ce \u00e0 notre large s\u00e9lection de mod\u00e8les, notre service de garantie et notre expertise commerciale, LEN AUTOS GARAGE est votre partenaire de confiance pour l\u2019achat d\u2019un v\u00e9hicule neuf ou d\u2019occasion \u00e0 Montpon-M\u00e9nest\u00e9rol et ses environs.<\/p><p>Besoin d\u2019un conseil ou d\u2019un devis ? Contactez-nous d\u00e8s maintenant au <strong><a href=\"tel:0553814490\"><span style=\"color: #000000;\"><span style=\"color: #ffffff;\"><a href=\"tel:05.53.81.44.90\" style=\"color: #ffffff;\">05.53.81.44.90<\/a><\/span>\u00a0<\/span><\/a><\/strong>ou par email \u00e0 <strong><a href=\"mailto:lenautosgarage@gmail.com\">lenautosgarage@gmail.com<\/a><\/strong>. Nous serons ravis de vous accompagner dans votre projet automobile !<\/p>\t\t\t\t\t\t\t\t<\/div>\n\t\t\t\t<\/div>\n\t\t\t\t\t<\/div>\n\t\t<\/div>\n\t\t\t\t\t<\/div>\n\t\t<\/section>\n\t\t\t\t<\/div>\n\t\t","protected":false},"excerpt":{"rendered":"<p>Tous nos mod\u00e8les &#8211; LEN AUTOS GARAGE \u00e0 Montpon-M\u00e9nest\u00e9rol Vous recherchez une voiture d&rsquo;occasion fiable et garantie ou un v\u00e9hicule neuf au meilleur prix ? Chez LEN AUTOS GARAGE, nous vous proposons un large choix de mod\u00e8les adapt\u00e9s \u00e0 tous les besoins et budgets. Situ\u00e9s \u00e0 Montpon-M\u00e9nest\u00e9rol, nous travaillons avec<\/p>\n","protected":false},"author":37,"featured_media":0,"parent":0,"menu_order":0,"comment_status":"closed","ping_status":"closed","template":"","meta":{"footnotes":""},"class_list":["post-1954","page","type-page","status-publish","hentry"],"aioseo_notices":[],"_links":{"self":[{"href":"https:\/\/len-autosgarage.fr\/nov-apijson\/wp\/v2\/pages\/1954","targetHints":{"allow":["GET"]}}],"collection":[{"href":"https:\/\/len-autosgarage.fr\/nov-apijson\/wp\/v2\/pages"}],"about":[{"href":"https:\/\/len-autosgarage.fr\/nov-apijson\/wp\/v2\/types\/page"}],"author":[{"embeddable":true,"href":"https:\/\/len-autosgarage.fr\/nov-apijson\/wp\/v2\/users\/37"}],"replies":[{"embeddable":true,"href":"https:\/\/len-autosgarage.fr\/nov-apijson\/wp\/v2\/comments?post=1954"}],"version-history":[{"count":73,"href":"https:\/\/len-autosgarage.fr\/nov-apijson\/wp\/v2\/pages\/1954\/revisions"}],"predecessor-version":[{"id":2834,"href":"https:\/\/len-autosgarage.fr\/nov-apijson\/wp\/v2\/pages\/1954\/revisions\/2834"}],"wp:attachment":[{"href":"https:\/\/len-autosgarage.fr\/nov-apijson\/wp\/v2\/media?parent=1954"}],"curies":[{"name":"wp","href":"https:\/\/api.w.org\/{rel}","templated":true}]}}