{"id":1958,"date":"2025-03-20T13:51:26","date_gmt":"2025-03-20T12:51:26","guid":{"rendered":"https:\/\/len-autosgarage.fr\/?page_id=1958"},"modified":"2025-04-25T18:42:17","modified_gmt":"2025-04-25T16:42:17","slug":"mecanique","status":"publish","type":"page","link":"https:\/\/len-autosgarage.fr\/mecanique\/","title":{"rendered":"M\u00e9canique"},"content":{"rendered":"\t\t<div data-elementor-type=\"wp-page\" data-elementor-id=\"1958\" class=\"elementor elementor-1958\" data-elementor-post-type=\"page\">\n\t\t\t\t\t\t<section class=\"elementor-section elementor-top-section elementor-element elementor-element-777da281 elementor-section-height-min-height elementor-section-stretched elementor-section-boxed elementor-section-height-default elementor-section-items-middle wpr-particle-no wpr-jarallax-no wpr-parallax-no wpr-sticky-section-no wpr-equal-height-no\" data-id=\"777da281\" data-element_type=\"section\" data-e-type=\"section\" data-settings=\"{&quot;stretch_section&quot;:&quot;section-stretched&quot;,&quot;background_background&quot;:&quot;classic&quot;}\">\n\t\t\t\t\t\t\t<div class=\"elementor-background-overlay\"><\/div>\n\t\t\t\t\t\t\t<div class=\"elementor-container elementor-column-gap-default\">\n\t\t\t\t\t<div class=\"elementor-column elementor-col-100 elementor-top-column elementor-element elementor-element-3e2fc9f5\" data-id=\"3e2fc9f5\" data-element_type=\"column\" data-e-type=\"column\">\n\t\t\t<div class=\"elementor-widget-wrap elementor-element-populated\">\n\t\t\t\t\t\t\t<\/div>\n\t\t<\/div>\n\t\t\t\t\t<\/div>\n\t\t<\/section>\n\t\t\t\t<section class=\"elementor-section elementor-top-section elementor-element elementor-element-22c92b53 elementor-section-content-middle elementor-section-stretched elementor-section-boxed elementor-section-height-default elementor-section-height-default wpr-particle-no wpr-jarallax-no wpr-parallax-no wpr-sticky-section-no wpr-equal-height-no\" data-id=\"22c92b53\" data-element_type=\"section\" data-e-type=\"section\" data-settings=\"{&quot;stretch_section&quot;:&quot;section-stretched&quot;,&quot;background_background&quot;:&quot;classic&quot;}\">\n\t\t\t\t\t\t<div class=\"elementor-container elementor-column-gap-default\">\n\t\t\t\t\t<div class=\"elementor-column elementor-col-100 elementor-top-column elementor-element elementor-element-54f49326\" data-id=\"54f49326\" data-element_type=\"column\" data-e-type=\"column\">\n\t\t\t<div class=\"elementor-widget-wrap elementor-element-populated\">\n\t\t\t\t\t\t<div class=\"elementor-element elementor-element-191e454 elementor-widget elementor-widget-heading\" data-id=\"191e454\" data-element_type=\"widget\" data-e-type=\"widget\" data-widget_type=\"heading.default\">\n\t\t\t\t<div class=\"elementor-widget-container\">\n\t\t\t\t\t<h1 class=\"elementor-heading-title elementor-size-default\">M\u00e9canique auto - LEN AUTOS GARAGE \u00e0 Montpon-M\u00e9nest\u00e9rol<\/h1>\t\t\t\t<\/div>\n\t\t\t\t<\/div>\n\t\t\t\t<div class=\"elementor-element elementor-element-47c26394 elementor-widget-divider--view-line elementor-widget elementor-widget-divider\" data-id=\"47c26394\" data-element_type=\"widget\" data-e-type=\"widget\" data-widget_type=\"divider.default\">\n\t\t\t\t<div class=\"elementor-widget-container\">\n\t\t\t\t\t\t\t<div class=\"elementor-divider\">\n\t\t\t<span class=\"elementor-divider-separator\">\n\t\t\t\t\t\t<\/span>\n\t\t<\/div>\n\t\t\t\t\t\t<\/div>\n\t\t\t\t<\/div>\n\t\t\t\t<div class=\"elementor-element elementor-element-3378b98c elementor-widget elementor-widget-text-editor\" data-id=\"3378b98c\" data-element_type=\"widget\" data-e-type=\"widget\" data-widget_type=\"text-editor.default\">\n\t\t\t\t<div class=\"elementor-widget-container\">\n\t\t\t\t\t\t\t\t\t<p>Confiez l\u2019entretien et la r\u00e9paration de votre v\u00e9hicule \u00e0 de v\u00e9ritables experts ! Chez LEN AUTOS GARAGE, nous sommes sp\u00e9cialis\u00e9s dans la m\u00e9canique automobile, notamment sur les v\u00e9hicules <strong>Volkswagen<\/strong> et <strong>Audi,<\/strong> tout en prenant en charge toutes les marques. Situ\u00e9s \u00e0 Montpon-M\u00e9nest\u00e9rol, nous assurons un service rapide, fiable et transparent pour garantir la performance et la long\u00e9vit\u00e9 de votre voiture.<\/p><p>Gr\u00e2ce \u00e0 nos fournisseurs partenaires et notre collaboration avec Garantie M, nous vous proposons des prestations de qualit\u00e9 avec des pi\u00e8ces et des lubrifiants haut de gamme.<\/p>\t\t\t\t\t\t\t\t<\/div>\n\t\t\t\t<\/div>\n\t\t\t\t\t<\/div>\n\t\t<\/div>\n\t\t\t\t\t<\/div>\n\t\t<\/section>\n\t\t\t\t<section class=\"elementor-section elementor-top-section elementor-element elementor-element-46465c0c elementor-section-content-middle elementor-section-stretched elementor-section-boxed elementor-section-height-default elementor-section-height-default wpr-particle-no wpr-jarallax-no wpr-parallax-no wpr-sticky-section-no wpr-equal-height-no\" data-id=\"46465c0c\" data-element_type=\"section\" data-e-type=\"section\" data-settings=\"{&quot;stretch_section&quot;:&quot;section-stretched&quot;}\">\n\t\t\t\t\t\t<div class=\"elementor-container elementor-column-gap-default\">\n\t\t\t\t\t<div class=\"elementor-column elementor-col-50 elementor-top-column elementor-element elementor-element-29efa39d\" data-id=\"29efa39d\" data-element_type=\"column\" data-e-type=\"column\">\n\t\t\t<div class=\"elementor-widget-wrap elementor-element-populated\">\n\t\t\t\t\t\t<div class=\"elementor-element elementor-element-645dfc7c elementor-widget elementor-widget-image\" data-id=\"645dfc7c\" data-element_type=\"widget\" data-e-type=\"widget\" data-widget_type=\"image.default\">\n\t\t\t\t<div class=\"elementor-widget-container\">\n\t\t\t\t\t\t\t\t\t\t\t\t\t\t\t<img fetchpriority=\"high\" decoding=\"async\" width=\"700\" height=\"500\" src=\"https:\/\/len-autosgarage.fr\/wp-content\/uploads\/2025\/03\/im6.jpg\" class=\"attachment-large size-large wp-image-2510\" alt=\"\" srcset=\"https:\/\/len-autosgarage.fr\/wp-content\/uploads\/2025\/03\/im6.jpg 700w, https:\/\/len-autosgarage.fr\/wp-content\/uploads\/2025\/03\/im6-300x214.jpg 300w, https:\/\/len-autosgarage.fr\/wp-content\/uploads\/2025\/03\/im6-230x164.jpg 230w, https:\/\/len-autosgarage.fr\/wp-content\/uploads\/2025\/03\/im6-600x429.jpg 600w\" sizes=\"(max-width: 700px) 100vw, 700px\" \/>\t\t\t\t\t\t\t\t\t\t\t\t\t\t\t<\/div>\n\t\t\t\t<\/div>\n\t\t\t\t\t<\/div>\n\t\t<\/div>\n\t\t\t\t<div class=\"elementor-column elementor-col-50 elementor-top-column elementor-element elementor-element-7bca7250\" data-id=\"7bca7250\" data-element_type=\"column\" data-e-type=\"column\">\n\t\t\t<div class=\"elementor-widget-wrap elementor-element-populated\">\n\t\t\t\t\t\t<div class=\"elementor-element elementor-element-2aa5c78a elementor-widget elementor-widget-heading\" data-id=\"2aa5c78a\" data-element_type=\"widget\" data-e-type=\"widget\" data-widget_type=\"heading.default\">\n\t\t\t\t<div class=\"elementor-widget-container\">\n\t\t\t\t\t<h2 class=\"elementor-heading-title elementor-size-default\">Un service de m\u00e9canique sp\u00e9cialis\u00e9 sur Volkswagen et Audi<\/h2>\t\t\t\t<\/div>\n\t\t\t\t<\/div>\n\t\t\t\t<div class=\"elementor-element elementor-element-12bcd579 elementor-widget elementor-widget-text-editor\" data-id=\"12bcd579\" data-element_type=\"widget\" data-e-type=\"widget\" data-widget_type=\"text-editor.default\">\n\t\t\t\t<div class=\"elementor-widget-container\">\n\t\t\t\t\t\t\t\t\t<p>Avec plus de 25 ans d\u2019exp\u00e9rience, nous mettons un savoir-faire pointu au service de votre voiture Volkswagen ou Audi. Gr\u00e2ce \u00e0 notre parcours professionnel chez les plus grands constructeurs, nous ma\u00eetrisons parfaitement les exigences techniques de ces marques premium.<\/p><p>Que ce soit pour une vidange, un diagnostic \u00e9lectronique, le remplacement de pi\u00e8ces ou un entretien complet, nous utilisons exclusivement des produits de haute qualit\u00e9 fournis par Technic Auto, Volkswagen (Jean Lagarde) et Picoty pour les huiles. Nos \u00e9quipements modernes et notre expertise nous permettent d\u2019intervenir efficacement pour assurer la fiabilit\u00e9 et les performances de votre v\u00e9hicule.<\/p><p>Vous poss\u00e9dez une Volkswagen ou une Audi et recherchez un garage automobile de confiance ? Prenez rendez-vous d\u00e8s maintenant pour un entretien ou une r\u00e9paration !<\/p>\t\t\t\t\t\t\t\t<\/div>\n\t\t\t\t<\/div>\n\t\t\t\t\t<\/div>\n\t\t<\/div>\n\t\t\t\t\t<\/div>\n\t\t<\/section>\n\t\t\t\t<section class=\"elementor-section elementor-top-section elementor-element elementor-element-72771360 elementor-section-content-middle elementor-section-stretched elementor-reverse-tablet elementor-reverse-mobile elementor-section-boxed elementor-section-height-default elementor-section-height-default wpr-particle-no wpr-jarallax-no wpr-parallax-no wpr-sticky-section-no wpr-equal-height-no\" data-id=\"72771360\" data-element_type=\"section\" data-e-type=\"section\" data-settings=\"{&quot;stretch_section&quot;:&quot;section-stretched&quot;}\">\n\t\t\t\t\t\t<div class=\"elementor-container elementor-column-gap-default\">\n\t\t\t\t\t<div class=\"elementor-column elementor-col-50 elementor-top-column elementor-element elementor-element-33f21be7\" data-id=\"33f21be7\" data-element_type=\"column\" data-e-type=\"column\">\n\t\t\t<div class=\"elementor-widget-wrap elementor-element-populated\">\n\t\t\t\t\t\t<div class=\"elementor-element elementor-element-2d115447 elementor-widget elementor-widget-heading\" data-id=\"2d115447\" data-element_type=\"widget\" data-e-type=\"widget\" data-widget_type=\"heading.default\">\n\t\t\t\t<div class=\"elementor-widget-container\">\n\t\t\t\t\t<h2 class=\"elementor-heading-title elementor-size-default\">M\u00e9canique g\u00e9n\u00e9rale et r\u00e9paration pour toutes marques<\/h2>\t\t\t\t<\/div>\n\t\t\t\t<\/div>\n\t\t\t\t<div class=\"elementor-element elementor-element-2517375d elementor-widget elementor-widget-text-editor\" data-id=\"2517375d\" data-element_type=\"widget\" data-e-type=\"widget\" data-widget_type=\"text-editor.default\">\n\t\t\t\t<div class=\"elementor-widget-container\">\n\t\t\t\t\t\t\t\t\t<p>Bien que sp\u00e9cialis\u00e9s sur Volkswagen et Audi, nous intervenons \u00e9galement sur toutes les marques automobiles, qu\u2019il s\u2019agisse d\u2019un v\u00e9hicule neuf ou d\u2019occasion. Nous r\u00e9alisons toutes les prestations n\u00e9cessaires \u00e0 l\u2019entretien et \u00e0 la r\u00e9paration automobile, notamment :<\/p><ul><li>R\u00e9visions constructeur et diagnostics \u00e9lectroniques<\/li><li>Remplacement de courroie de distribution et embrayage<\/li><li>Syst\u00e8me de freinage et amortisseurs<\/li><li>Montage et \u00e9quilibrage de pneus avec Chrono Pneu<\/li><\/ul><p>Nous travaillons avec des partenaires de renom tels que BMW Tr\u00e9lissac, Mercedes Tr\u00e9lissac, Opel Bergerac, Ford Groupe Parot, Blinker et Renaud Faurie, ce qui nous permet d\u2019acc\u00e9der aux meilleures pi\u00e8ces et \u00e9quipements pour garantir une intervention efficace et durable.<\/p><p>Votre v\u00e9hicule a besoin d\u2019un entretien ou d\u2019une r\u00e9paration ? Contactez-nous d\u00e8s aujourd\u2019hui pour un devis d\u00e9taill\u00e9 !<\/p>\t\t\t\t\t\t\t\t<\/div>\n\t\t\t\t<\/div>\n\t\t\t\t\t<\/div>\n\t\t<\/div>\n\t\t\t\t<div class=\"elementor-column elementor-col-50 elementor-top-column elementor-element elementor-element-3bbdebca\" data-id=\"3bbdebca\" data-element_type=\"column\" data-e-type=\"column\">\n\t\t\t<div class=\"elementor-widget-wrap elementor-element-populated\">\n\t\t\t\t\t\t<div class=\"elementor-element elementor-element-4c9a20a elementor-widget elementor-widget-image\" data-id=\"4c9a20a\" data-element_type=\"widget\" data-e-type=\"widget\" data-widget_type=\"image.default\">\n\t\t\t\t<div class=\"elementor-widget-container\">\n\t\t\t\t\t\t\t\t\t\t\t\t\t\t\t<img decoding=\"async\" width=\"700\" height=\"500\" src=\"https:\/\/len-autosgarage.fr\/wp-content\/uploads\/2025\/03\/im7.jpg\" class=\"attachment-large size-large wp-image-2511\" alt=\"\" srcset=\"https:\/\/len-autosgarage.fr\/wp-content\/uploads\/2025\/03\/im7.jpg 700w, https:\/\/len-autosgarage.fr\/wp-content\/uploads\/2025\/03\/im7-300x214.jpg 300w, https:\/\/len-autosgarage.fr\/wp-content\/uploads\/2025\/03\/im7-230x164.jpg 230w, https:\/\/len-autosgarage.fr\/wp-content\/uploads\/2025\/03\/im7-600x429.jpg 600w\" sizes=\"(max-width: 700px) 100vw, 700px\" \/>\t\t\t\t\t\t\t\t\t\t\t\t\t\t\t<\/div>\n\t\t\t\t<\/div>\n\t\t\t\t\t<\/div>\n\t\t<\/div>\n\t\t\t\t\t<\/div>\n\t\t<\/section>\n\t\t\t\t<section class=\"elementor-section elementor-top-section elementor-element elementor-element-4e10c404 elementor-section-content-middle elementor-section-stretched elementor-section-boxed elementor-section-height-default elementor-section-height-default wpr-particle-no wpr-jarallax-no wpr-parallax-no wpr-sticky-section-no wpr-equal-height-no\" data-id=\"4e10c404\" data-element_type=\"section\" data-e-type=\"section\" data-settings=\"{&quot;stretch_section&quot;:&quot;section-stretched&quot;}\">\n\t\t\t\t\t\t<div class=\"elementor-container elementor-column-gap-default\">\n\t\t\t\t\t<div class=\"elementor-column elementor-col-50 elementor-top-column elementor-element elementor-element-5cad5c6d\" data-id=\"5cad5c6d\" data-element_type=\"column\" data-e-type=\"column\">\n\t\t\t<div class=\"elementor-widget-wrap elementor-element-populated\">\n\t\t\t\t\t\t<div class=\"elementor-element elementor-element-322c7259 elementor-widget elementor-widget-image\" data-id=\"322c7259\" data-element_type=\"widget\" data-e-type=\"widget\" data-widget_type=\"image.default\">\n\t\t\t\t<div class=\"elementor-widget-container\">\n\t\t\t\t\t\t\t\t\t\t\t\t\t\t\t<img decoding=\"async\" width=\"700\" height=\"500\" src=\"https:\/\/len-autosgarage.fr\/wp-content\/uploads\/2025\/03\/im8.jpg\" class=\"attachment-large size-large wp-image-2512\" alt=\"\" srcset=\"https:\/\/len-autosgarage.fr\/wp-content\/uploads\/2025\/03\/im8.jpg 700w, https:\/\/len-autosgarage.fr\/wp-content\/uploads\/2025\/03\/im8-300x214.jpg 300w, https:\/\/len-autosgarage.fr\/wp-content\/uploads\/2025\/03\/im8-230x164.jpg 230w, https:\/\/len-autosgarage.fr\/wp-content\/uploads\/2025\/03\/im8-600x429.jpg 600w\" sizes=\"(max-width: 700px) 100vw, 700px\" \/>\t\t\t\t\t\t\t\t\t\t\t\t\t\t\t<\/div>\n\t\t\t\t<\/div>\n\t\t\t\t\t<\/div>\n\t\t<\/div>\n\t\t\t\t<div class=\"elementor-column elementor-col-50 elementor-top-column elementor-element elementor-element-621d91de\" data-id=\"621d91de\" data-element_type=\"column\" data-e-type=\"column\">\n\t\t\t<div class=\"elementor-widget-wrap elementor-element-populated\">\n\t\t\t\t\t\t<div class=\"elementor-element elementor-element-778187b0 elementor-widget elementor-widget-heading\" data-id=\"778187b0\" data-element_type=\"widget\" data-e-type=\"widget\" data-widget_type=\"heading.default\">\n\t\t\t\t<div class=\"elementor-widget-container\">\n\t\t\t\t\t<h2 class=\"elementor-heading-title elementor-size-default\">Un garage de confiance avec des garanties adapt\u00e9es<\/h2>\t\t\t\t<\/div>\n\t\t\t\t<\/div>\n\t\t\t\t<div class=\"elementor-element elementor-element-48bb26b0 elementor-widget elementor-widget-text-editor\" data-id=\"48bb26b0\" data-element_type=\"widget\" data-e-type=\"widget\" data-widget_type=\"text-editor.default\">\n\t\t\t\t<div class=\"elementor-widget-container\">\n\t\t\t\t\t\t\t\t\t<p>Chez LEN AUTOS GARAGE, nous nous engageons \u00e0 vous fournir un service m\u00e9canique transparent et s\u00e9curis\u00e9. Nous travaillons en \u00e9troite collaboration avec l\u2019organisme Garantie M, ce qui nous permet d\u2019offrir une protection \u00e9tendue pour les v\u00e9hicules d\u2019occasion.<\/p><p>Que vous soyez un particulier ou un professionnel, nous vous garantissons :<\/p><ul><li>Un diagnostic pr\u00e9cis et d\u00e9taill\u00e9 avant chaque intervention<\/li><li>Des pi\u00e8ces de qualit\u00e9 gr\u00e2ce \u00e0 nos fournisseurs partenaires<\/li><li>Des conseils d\u2019entretien pour prolonger la dur\u00e9e de vie de votre v\u00e9hicule<\/li><\/ul><p>Situ\u00e9s \u00e0 Montpon-M\u00e9nest\u00e9rol, nous accueillons des clients de Saint-Seurin-sur-l\u2019Isle, Castillon-la-Bataille et Mussidan pour des prestations de m\u00e9canique automobile fiables et efficaces.<\/p><p>Besoin d\u2019une intervention rapide et professionnelle ? Appelez-nous au <strong><span style=\"color: #000000;\"><a href=\"tel:0553814490\" style=\"color: #000000;\">05.53.81.44.90<\/a> <\/span><\/strong>ou \u00e9crivez-nous \u00e0 <strong><span style=\"color: #000000;\"><a href=\"mailto:lenautosgarage@gmail.com\" style=\"color: #000000;\">lenautosgarage@gmail.com<\/a><\/span><\/strong><\/p>\t\t\t\t\t\t\t\t<\/div>\n\t\t\t\t<\/div>\n\t\t\t\t\t<\/div>\n\t\t<\/div>\n\t\t\t\t\t<\/div>\n\t\t<\/section>\n\t\t\t\t<section class=\"elementor-section elementor-top-section elementor-element elementor-element-24be9232 elementor-section-height-min-height elementor-section-content-middle elementor-section-stretched elementor-section-boxed elementor-section-height-default elementor-section-items-middle wpr-particle-no wpr-jarallax-no wpr-parallax-no wpr-sticky-section-no wpr-equal-height-no\" data-id=\"24be9232\" data-element_type=\"section\" data-e-type=\"section\" data-settings=\"{&quot;stretch_section&quot;:&quot;section-stretched&quot;,&quot;background_background&quot;:&quot;classic&quot;}\">\n\t\t\t\t\t\t\t<div class=\"elementor-background-overlay\"><\/div>\n\t\t\t\t\t\t\t<div class=\"elementor-container elementor-column-gap-default\">\n\t\t\t\t\t<div class=\"elementor-column elementor-col-100 elementor-top-column elementor-element elementor-element-7a1e25c2\" data-id=\"7a1e25c2\" data-element_type=\"column\" data-e-type=\"column\">\n\t\t\t<div class=\"elementor-widget-wrap elementor-element-populated\">\n\t\t\t\t\t\t<div class=\"elementor-element elementor-element-bebbb2f elementor-widget elementor-widget-heading\" data-id=\"bebbb2f\" data-element_type=\"widget\" data-e-type=\"widget\" data-widget_type=\"heading.default\">\n\t\t\t\t<div class=\"elementor-widget-container\">\n\t\t\t\t\t<span class=\"elementor-heading-title elementor-size-default\">Un service m\u00e9canique fiable chez LEN AUTOS GARAGE<\/span>\t\t\t\t<\/div>\n\t\t\t\t<\/div>\n\t\t\t\t<div class=\"elementor-element elementor-element-7a6ea4a7 elementor-widget-divider--view-line elementor-widget elementor-widget-divider\" data-id=\"7a6ea4a7\" data-element_type=\"widget\" data-e-type=\"widget\" data-widget_type=\"divider.default\">\n\t\t\t\t<div class=\"elementor-widget-container\">\n\t\t\t\t\t\t\t<div class=\"elementor-divider\">\n\t\t\t<span class=\"elementor-divider-separator\">\n\t\t\t\t\t\t<\/span>\n\t\t<\/div>\n\t\t\t\t\t\t<\/div>\n\t\t\t\t<\/div>\n\t\t\t\t<div class=\"elementor-element elementor-element-3a9e1f9f elementor-widget elementor-widget-text-editor\" data-id=\"3a9e1f9f\" data-element_type=\"widget\" data-e-type=\"widget\" data-widget_type=\"text-editor.default\">\n\t\t\t\t<div class=\"elementor-widget-container\">\n\t\t\t\t\t\t\t\t\t<p>Gr\u00e2ce \u00e0 notre expertise sur Volkswagen et Audi, notre savoir-faire en m\u00e9canique g\u00e9n\u00e9rale et notre collaboration avec les meilleurs fournisseurs, LEN AUTOS GARAGE est le partenaire id\u00e9al pour l\u2019entretien et la r\u00e9paration de votre voiture \u00e0 Montpon-M\u00e9nest\u00e9rol.<\/p><p>Contactez-nous d\u00e8s maintenant au <span style=\"color: #000000;\"><strong><span style=\"color: #ffffff;\"><a href=\"http:\/\/05.53.8\" style=\"color: #ffffff;\">05.53.81.44.90<\/a><\/span><\/strong>\u00a0<\/span>ou par mail \u00e0 <strong><a href=\"mailto:lenautosgarage@gmail.com\">lenautosgarage@gmail.com<\/a><\/strong> pour un diagnostic ou une intervention sur votre v\u00e9hicule.<\/p>\t\t\t\t\t\t\t\t<\/div>\n\t\t\t\t<\/div>\n\t\t\t\t\t<\/div>\n\t\t<\/div>\n\t\t\t\t\t<\/div>\n\t\t<\/section>\n\t\t\t\t<\/div>\n\t\t","protected":false},"excerpt":{"rendered":"<p>M\u00e9canique auto &#8211; LEN AUTOS GARAGE \u00e0 Montpon-M\u00e9nest\u00e9rol Confiez l\u2019entretien et la r\u00e9paration de votre v\u00e9hicule \u00e0 de v\u00e9ritables experts ! Chez LEN AUTOS GARAGE, nous sommes sp\u00e9cialis\u00e9s dans la m\u00e9canique automobile, notamment sur les v\u00e9hicules Volkswagen et Audi, tout en prenant en charge toutes les marques. Situ\u00e9s \u00e0 Montpon-M\u00e9nest\u00e9rol,<\/p>\n","protected":false},"author":37,"featured_media":0,"parent":0,"menu_order":0,"comment_status":"closed","ping_status":"closed","template":"","meta":{"footnotes":""},"class_list":["post-1958","page","type-page","status-publish","hentry"],"aioseo_notices":[],"_links":{"self":[{"href":"https:\/\/len-autosgarage.fr\/nov-apijson\/wp\/v2\/pages\/1958","targetHints":{"allow":["GET"]}}],"collection":[{"href":"https:\/\/len-autosgarage.fr\/nov-apijson\/wp\/v2\/pages"}],"about":[{"href":"https:\/\/len-autosgarage.fr\/nov-apijson\/wp\/v2\/types\/page"}],"author":[{"embeddable":true,"href":"https:\/\/len-autosgarage.fr\/nov-apijson\/wp\/v2\/users\/37"}],"replies":[{"embeddable":true,"href":"https:\/\/len-autosgarage.fr\/nov-apijson\/wp\/v2\/comments?post=1958"}],"version-history":[{"count":49,"href":"https:\/\/len-autosgarage.fr\/nov-apijson\/wp\/v2\/pages\/1958\/revisions"}],"predecessor-version":[{"id":2585,"href":"https:\/\/len-autosgarage.fr\/nov-apijson\/wp\/v2\/pages\/1958\/revisions\/2585"}],"wp:attachment":[{"href":"https:\/\/len-autosgarage.fr\/nov-apijson\/wp\/v2\/media?parent=1958"}],"curies":[{"name":"wp","href":"https:\/\/api.w.org\/{rel}","templated":true}]}}