{"id":2740,"date":"2025-08-07T13:34:32","date_gmt":"2025-08-07T11:34:32","guid":{"rendered":"https:\/\/len-autosgarage.fr\/?post_type=product&#038;p=2740"},"modified":"2026-01-29T08:38:27","modified_gmt":"2026-01-29T07:38:27","slug":"audi-a3-sportback-40-tfsie-204-s-tronic-6-design-luxe","status":"publish","type":"product","link":"https:\/\/len-autosgarage.fr\/product\/audi-a3-sportback-40-tfsie-204-s-tronic-6-design-luxe\/","title":{"rendered":"AUDI A3 Sportback 40 TFSIe 204 S tronic 6 Design Luxe"},"content":{"rendered":"<h4>AUDI A3 Sportback 40 TFSIe 204 S tronic 6 Design Luxe<\/h4>\n<p style=\"text-align: left;\">Date de 1 \u00e8re mise en circulation le 27\/08:2021<\/p>\n<p>Kilom\u00e9trage\u00a0 39650 kms<\/p>\n<p>Entretien a jour<\/p>\n<p>Options:<\/p>\n<p><span>Ciel de pavillon en tissu Noir :Jantes en alliage l\u00e9ger Audi Sport 18\u00a0\u00bb, style Blade 5 branches, Noir Anthracite, tourn\u00e9es brillant 8,0J x 18&Prime;, pneus 225\/40 R18 : Pack Esth\u00e9tique Noir :Peinture m\u00e9tallis\u00e9e Bleu Navarre : Si\u00e8ges AV chauffants : Si\u00e8ges AV Sport : Toit panoramique : Vitrage Privacy (vitres AR surteint\u00e9es)<\/span><\/p>\n<p>Equipement de s\u00e9rie<\/p>\n<table class=\"tableauComparaisonVehicule\">\n<tbody>\n<tr>\n<td>\n<table class=\"tableauComparaisonVehicule\">\n<tbody>\n<tr>\n<td>2 ports de charge USB AR<\/td>\n<td><\/td>\n<\/tr>\n<tr>\n<td>6 HP (passifs)<\/td>\n<td><\/td>\n<\/tr>\n<tr>\n<td>Accoudoir central coulissant en longueur, avec inclinaison r\u00e9glable<\/td>\n<td><\/td>\n<\/tr>\n<tr>\n<td>Airbags lat\u00e9raux \u00e0 l&rsquo;AV et syst\u00e8me d&rsquo;airbags de t\u00eate<\/td>\n<td><\/td>\n<\/tr>\n<tr>\n<td>Alerte de sortie de voie<\/td>\n<td><\/td>\n<\/tr>\n<tr>\n<td>Appel d&rsquo;urgence Audi connect<\/td>\n<td><\/td>\n<\/tr>\n<tr>\n<td>Applications d\u00e9coratives en aluminium Spectre fonc\u00e9<\/td>\n<td><\/td>\n<\/tr>\n<tr>\n<td>Appui lombaire \u00e0 4 axes pour les si\u00e8ges AV : r\u00e9glages \u00e9lectrique, horizontal et vertical<\/td>\n<td><\/td>\n<\/tr>\n<tr>\n<td>Audi Connect Appel d&rsquo;urgence<\/td>\n<td><\/td>\n<\/tr>\n<tr>\n<td>Audi Connect Navigation et Divertissement<\/td>\n<td><\/td>\n<\/tr>\n<tr>\n<td>Audi Connect Navigation et Divertissement Plus<\/td>\n<td><\/td>\n<\/tr>\n<tr>\n<td>Audi Drive Select<\/td>\n<td><\/td>\n<\/tr>\n<tr>\n<td>Audi park assist : cherche \u00e0 l&rsquo;aide de capteurs \u00e0 ultrasons les places de stationnement (bataille et cr\u00e9neau) appropri\u00e9es le long de la chauss\u00e9e, calcule le cr\u00e9neau id\u00e9al et g\u00e8re le braquage automatiquement<\/p>\n<table class=\"tableauComparaisonVehicule\">\n<tbody>\n<tr>\n<td>Audi phone box light<\/td>\n<td><\/td>\n<\/tr>\n<tr>\n<td>Audi pre sense front<\/td>\n<td><\/td>\n<\/tr>\n<tr>\n<td>Audi smartphone interface<\/td>\n<td><\/td>\n<\/tr>\n<tr>\n<td>Audi sound system : 10 HP incluant un HP central et un subwoofer, amplificateur \u00e0 6 canaux avec une puissance totale de 180 watts<\/td>\n<td><\/td>\n<\/tr>\n<tr>\n<td>Audi Virtual Cockpit plus<\/td>\n<td><\/td>\n<\/tr>\n<tr>\n<td>Banquette AR variable, 40:20:40, avec porte-gobelet dans l&rsquo;accoudoir de la place centrale<\/td>\n<td><\/td>\n<\/tr>\n<tr>\n<td>Bo\u00eetiers de r\u00e9troviseurs ext\u00e9rieurs dans la couleur de la carrosserie<\/td>\n<td><\/td>\n<\/tr>\n<tr>\n<td>C\u00e2ble de recharge HH Type E (8 A)<\/td>\n<td><\/td>\n<\/tr>\n<tr>\n<td>Cam\u00e9ra de recul<\/td>\n<td><\/td>\n<\/tr>\n<tr>\n<td>Ciel de pavillon en tissu<\/td>\n<td><\/td>\n<\/tr>\n<tr>\n<td>Cl\u00e9 confort incluant d\u00e9verrouillage du coffre par capteur (sans safelock) &#8211; Acc\u00e8s et d\u00e9marrage du v\u00e9hicule mains libres (keyless access) &#8211; D\u00e9verrouillage du hayon via la touche \u00ab\u00a0coffre\u00a0\u00bb de la t\u00e9l\u00e9commande ou en simulant un<\/td>\n<td><\/td>\n<\/tr>\n<tr>\n<td>Climatisation automatique confort 2 zones<\/td>\n<td><\/td>\n<\/tr>\n<tr>\n<td>Combin\u00e9 d&rsquo;instruments enti\u00e8rement num\u00e9rique 12,3&Prime;<\/td>\n<td><\/td>\n<\/tr>\n<tr>\n<td>Commande de d\u00e9sactivation de l&rsquo;airbag passager AV<\/td>\n<\/tr>\n<\/tbody>\n<\/table>\n<\/td>\n<\/tr>\n<\/tbody>\n<\/table>\n<\/td>\n<td><\/td>\n<\/tr>\n<tr>\n<td><\/td>\n<td><\/td>\n<\/tr>\n<tr>\n<td><\/td>\n<td><\/td>\n<\/tr>\n<tr>\n<td><\/td>\n<td><\/td>\n<\/tr>\n<tr>\n<td><\/td>\n<td><\/td>\n<\/tr>\n<tr>\n<td><\/td>\n<td><\/td>\n<\/tr>\n<tr>\n<td><\/td>\n<td><\/td>\n<\/tr>\n<tr>\n<td><\/td>\n<td><\/td>\n<\/tr>\n<tr>\n<td><\/td>\n<td><\/td>\n<\/tr>\n<tr>\n<td>Audi Connect Navigation et Divertissement<\/td>\n<td><\/td>\n<\/tr>\n<tr>\n<td>Audi Connect Navigation et Divertissement Plus<\/td>\n<td><\/td>\n<\/tr>\n<tr>\n<td>Audi Drive Select<\/td>\n<td><\/td>\n<\/tr>\n<tr>\n<td>Audi park assist : cherche \u00e0 l&rsquo;aide de capteurs \u00e0 ultrasons les places de stationnement (bataille et cr\u00e9neau) appropri\u00e9es le long de la chauss\u00e9e, calcule le cr\u00e9neau id\u00e9al et g\u00e8re le braquage automatiquement<\/p>\n<table class=\"tableauComparaisonVehicule\">\n<tbody>\n<tr>\n<td>Contr\u00f4le de la pression des pneus<\/td>\n<td><\/td>\n<\/tr>\n<tr>\n<td>D\u00e9tecteur de pluie et de luminosit\u00e9<\/td>\n<td><\/td>\n<\/tr>\n<tr>\n<td>Direction assist\u00e9e \u00e9lectrom\u00e9canique, asservie \u00e0 la vitesse<\/td>\n<td><\/td>\n<\/tr>\n<tr>\n<td>Dispositif de limitation de vitesse<\/td>\n<td><\/td>\n<\/tr>\n<tr>\n<td>Dossier de banquette AR rabattable 40:60<\/td>\n<td><\/td>\n<\/tr>\n<tr>\n<td>Ecrous de roues antivol<\/td>\n<td><\/td>\n<\/tr>\n<tr>\n<td>Interface Bluetooth<\/td>\n<td><\/td>\n<\/tr>\n<tr>\n<td>I-Size et Top Tether pour les si\u00e8ges AR ext\u00e9rieurs<\/td>\n<td><\/td>\n<\/tr>\n<tr>\n<td>Jantes en alliage l\u00e9ger 17\u00a0\u00bb, 5 branches en W 8,0J x 17&Prime; 225\/45 R17<\/td>\n<td>C<\/p>\n<table class=\"tableauComparaisonVehicule\" style=\"width: 576.271px;\">\n<tbody>\n<tr><\/tr>\n<tr>\n<td>Kit r\u00e9paration<\/td>\n<td><\/td>\n<\/tr>\n<tr style=\"border-bottom: 1px solid #eeeeee;\">\n<td>Navigation MMI plus avec MMI touch<\/td>\n<td><\/td>\n<\/tr>\n<\/tbody>\n<\/table>\n<p>G0<\/td>\n<\/tr>\n<tr>\n<td><\/td>\n<td><\/td>\n<\/tr>\n<tr>\n<td>Outillage de bord<\/td>\n<td><\/td>\n<\/tr>\n<tr>\n<td>Pack Aluminium Int\u00e9rieur<\/td>\n<td><\/td>\n<\/tr>\n<tr>\n<td>Pack Brillance Ext\u00e9rieur<\/td>\n<td><\/td>\n<\/tr>\n<tr>\n<td>Pack Eclairage d&rsquo;ambiance multicolore Le pack d&rsquo;\u00e9clairage d&rsquo;ambiance plus comprend l&rsquo;\u00e9clairage int\u00e9rieur de s\u00e9rie en blanc: &#8211; Module de toit \u00e0 LED, \u00e0 l&rsquo;AV et \u00e0 l&rsquo;AR, y compris les liseuses &#8211; Miroirs de courtoisie pour le conducteur et le passager AV, \u00e9clair\u00e9s &#8211; \u00c9clairage de la bo\u00eete \u00e0 gants &#8211; \u00c9clairage du compartiment \u00e0 bagages<\/p>\n<table class=\"tableauComparaisonVehicule\">\n<tbody>\n<tr>\n<td>Pack ext\u00e9rieur Advanced<\/td>\n<td><\/td>\n<\/tr>\n<tr>\n<td>Pare-brise \u00e0 vitrage acoustique<\/td>\n<td><\/td>\n<\/tr>\n<tr>\n<td>Phares \u00e0 LED avec clignotants dynamiques AR<\/td>\n<td><\/td>\n<\/tr>\n<tr>\n<td>Rappel de ceinture de s\u00e9curit\u00e9 avec dispositif AR de d\u00e9tection d&rsquo;occupation du si\u00e8ge<\/td>\n<td>1I0<\/td>\n<\/tr>\n<tr>\n<td>R\u00e9ception radio num\u00e9rique (DAB)<\/td>\n<td><\/td>\n<\/tr>\n<tr>\n<td>R\u00e9cup\u00e9ration d&rsquo;\u00e9nergie<\/td>\n<td><\/td>\n<\/tr>\n<tr>\n<td>R\u00e9gulateur de vitesse<\/td>\n<td><\/td>\n<\/tr>\n<tr>\n<td>R\u00e9troviseur int\u00e9rieur jour\/nuit automatique sans encadrement<\/td>\n<td>\n<table class=\"tableauComparaisonVehicule\" style=\"width: 185.052px;\">\n<tbody>\n<tr>\n<td>R\u00e9troviseurs ext\u00e9rieurs r\u00e9glables, d\u00e9givrants, rabattables \u00e9lectriquement avec fonction rabat automatique, (c\u00f4t\u00e9 passager AV, marche AR enclench\u00e9e) et fonction jour\/nuit automatique des deux c\u00f4t\u00e9s<\/p>\n<table class=\"tableauComparaisonVehicule\">\n<tbody>\n<tr>\n<td>S\u00e9curit\u00e9 enfant \u00e9lectrique<\/td>\n<td><\/td>\n<\/tr>\n<tr>\n<td>Sellerie cuir\/similicuir monopur 550 avec Si\u00e8ges Sport<\/td>\n<td><\/td>\n<\/tr>\n<tr>\n<td>Si\u00e8ges AV classiques<\/td>\n<td><\/td>\n<\/tr>\n<tr>\n<td>Si\u00e8ges AV r\u00e9glables manuellement Hauteur et positionnement en longueur, Inclinaison de dossier, Hauteur des appuie-t\u00eate et des ceintures<\/td>\n<td><\/td>\n<\/tr>\n<\/tbody>\n<\/table>\n<\/td>\n<td><\/td>\n<\/tr>\n<\/tbody>\n<\/table>\n<\/td>\n<\/tr>\n<\/tbody>\n<\/table>\n<p>&nbsp;<\/td>\n<\/tr>\n<\/tbody>\n<\/table>\n<\/td>\n<\/tr>\n<\/tbody>\n<\/table>\n","protected":false},"excerpt":{"rendered":"<p>AUDI A3 Sportback 40 TFSIe 204 S tronic 6 Design Luxe Date de 1 \u00e8re mise en circulation le 27\/08:2021 Kilom\u00e9trage\u00a0 39650 kms Entretien a jour Options: Ciel de pavillon en tissu Noir :Jantes en alliage l\u00e9ger Audi Sport 18\u00a0\u00bb, style Blade 5 branches, Noir Anthracite, tourn\u00e9es brillant 8,0J x<\/p>\n","protected":false},"featured_media":2752,"comment_status":"open","ping_status":"closed","template":"","meta":[],"product_brand":[],"product_cat":[46],"product_tag":[],"class_list":{"0":"post-2740","1":"product","2":"type-product","3":"status-publish","4":"has-post-thumbnail","6":"product_cat-uncategorized","8":"first","9":"outofstock","10":"shipping-taxable","11":"purchasable","12":"product-type-simple"},"aioseo_notices":[],"_links":{"self":[{"href":"https:\/\/len-autosgarage.fr\/nov-apijson\/wp\/v2\/product\/2740","targetHints":{"allow":["GET"]}}],"collection":[{"href":"https:\/\/len-autosgarage.fr\/nov-apijson\/wp\/v2\/product"}],"about":[{"href":"https:\/\/len-autosgarage.fr\/nov-apijson\/wp\/v2\/types\/product"}],"replies":[{"embeddable":true,"href":"https:\/\/len-autosgarage.fr\/nov-apijson\/wp\/v2\/comments?post=2740"}],"wp:featuredmedia":[{"embeddable":true,"href":"https:\/\/len-autosgarage.fr\/nov-apijson\/wp\/v2\/media\/2752"}],"wp:attachment":[{"href":"https:\/\/len-autosgarage.fr\/nov-apijson\/wp\/v2\/media?parent=2740"}],"wp:term":[{"taxonomy":"product_brand","embeddable":true,"href":"https:\/\/len-autosgarage.fr\/nov-apijson\/wp\/v2\/product_brand?post=2740"},{"taxonomy":"product_cat","embeddable":true,"href":"https:\/\/len-autosgarage.fr\/nov-apijson\/wp\/v2\/product_cat?post=2740"},{"taxonomy":"product_tag","embeddable":true,"href":"https:\/\/len-autosgarage.fr\/nov-apijson\/wp\/v2\/product_tag?post=2740"}],"curies":[{"name":"wp","href":"https:\/\/api.w.org\/{rel}","templated":true}]}}