{"id":2764,"date":"2025-08-07T15:41:57","date_gmt":"2025-08-07T13:41:57","guid":{"rendered":"https:\/\/len-autosgarage.fr\/?post_type=product&#038;p=2764"},"modified":"2025-09-09T17:17:43","modified_gmt":"2025-09-09T15:17:43","slug":"volkswagen-id-3-204-ch-pro","status":"publish","type":"product","link":"https:\/\/len-autosgarage.fr\/product\/volkswagen-id-3-204-ch-pro\/","title":{"rendered":"VOLKSWAGEN ID.3 204 ch Pro"},"content":{"rendered":"<p><img fetchpriority=\"high\" decoding=\"async\" src=\"https:\/\/len-autosgarage.fr\/wp-content\/uploads\/2025\/08\/680b9e44a53e5-300x225.jpg\" alt=\"\" width=\"300\" height=\"225\" class=\"alignnone size-medium wp-image-2765\" srcset=\"https:\/\/len-autosgarage.fr\/wp-content\/uploads\/2025\/08\/680b9e44a53e5-300x225.jpg 300w, https:\/\/len-autosgarage.fr\/wp-content\/uploads\/2025\/08\/680b9e44a53e5-1024x768.jpg 1024w, https:\/\/len-autosgarage.fr\/wp-content\/uploads\/2025\/08\/680b9e44a53e5-768x576.jpg 768w, https:\/\/len-autosgarage.fr\/wp-content\/uploads\/2025\/08\/680b9e44a53e5-1536x1152.jpg 1536w, https:\/\/len-autosgarage.fr\/wp-content\/uploads\/2025\/08\/680b9e44a53e5-2048x1536.jpg 2048w, https:\/\/len-autosgarage.fr\/wp-content\/uploads\/2025\/08\/680b9e44a53e5-1320x990.jpg 1320w, https:\/\/len-autosgarage.fr\/wp-content\/uploads\/2025\/08\/680b9e44a53e5-230x173.jpg 230w, https:\/\/len-autosgarage.fr\/wp-content\/uploads\/2025\/08\/680b9e44a53e5-600x450.jpg 600w\" sizes=\"(max-width: 300px) 100vw, 300px\" \/> <img decoding=\"async\" src=\"https:\/\/len-autosgarage.fr\/wp-content\/uploads\/2025\/08\/680b9e44acecb-300x225.jpg\" alt=\"\" width=\"300\" height=\"225\" class=\"alignnone size-medium wp-image-2766\" srcset=\"https:\/\/len-autosgarage.fr\/wp-content\/uploads\/2025\/08\/680b9e44acecb-300x225.jpg 300w, https:\/\/len-autosgarage.fr\/wp-content\/uploads\/2025\/08\/680b9e44acecb-1024x768.jpg 1024w, https:\/\/len-autosgarage.fr\/wp-content\/uploads\/2025\/08\/680b9e44acecb-768x576.jpg 768w, https:\/\/len-autosgarage.fr\/wp-content\/uploads\/2025\/08\/680b9e44acecb-1536x1152.jpg 1536w, https:\/\/len-autosgarage.fr\/wp-content\/uploads\/2025\/08\/680b9e44acecb-2048x1536.jpg 2048w, https:\/\/len-autosgarage.fr\/wp-content\/uploads\/2025\/08\/680b9e44acecb-1320x990.jpg 1320w, https:\/\/len-autosgarage.fr\/wp-content\/uploads\/2025\/08\/680b9e44acecb-230x173.jpg 230w, https:\/\/len-autosgarage.fr\/wp-content\/uploads\/2025\/08\/680b9e44acecb-600x450.jpg 600w\" sizes=\"(max-width: 300px) 100vw, 300px\" \/> <img decoding=\"async\" src=\"https:\/\/len-autosgarage.fr\/wp-content\/uploads\/2025\/08\/680b9e44b65ef-300x225.jpg\" alt=\"\" width=\"300\" height=\"225\" class=\"alignnone size-medium wp-image-2767\" srcset=\"https:\/\/len-autosgarage.fr\/wp-content\/uploads\/2025\/08\/680b9e44b65ef-300x225.jpg 300w, https:\/\/len-autosgarage.fr\/wp-content\/uploads\/2025\/08\/680b9e44b65ef-1024x768.jpg 1024w, https:\/\/len-autosgarage.fr\/wp-content\/uploads\/2025\/08\/680b9e44b65ef-768x576.jpg 768w, https:\/\/len-autosgarage.fr\/wp-content\/uploads\/2025\/08\/680b9e44b65ef-1536x1152.jpg 1536w, https:\/\/len-autosgarage.fr\/wp-content\/uploads\/2025\/08\/680b9e44b65ef-2048x1536.jpg 2048w, https:\/\/len-autosgarage.fr\/wp-content\/uploads\/2025\/08\/680b9e44b65ef-1320x990.jpg 1320w, https:\/\/len-autosgarage.fr\/wp-content\/uploads\/2025\/08\/680b9e44b65ef-230x173.jpg 230w, https:\/\/len-autosgarage.fr\/wp-content\/uploads\/2025\/08\/680b9e44b65ef-600x450.jpg 600w\" sizes=\"(max-width: 300px) 100vw, 300px\" \/> <img loading=\"lazy\" decoding=\"async\" src=\"https:\/\/len-autosgarage.fr\/wp-content\/uploads\/2025\/08\/680b9e44be87f-300x225.jpg\" alt=\"\" width=\"300\" height=\"225\" class=\"alignnone size-medium wp-image-2768\" srcset=\"https:\/\/len-autosgarage.fr\/wp-content\/uploads\/2025\/08\/680b9e44be87f-300x225.jpg 300w, https:\/\/len-autosgarage.fr\/wp-content\/uploads\/2025\/08\/680b9e44be87f-1024x768.jpg 1024w, https:\/\/len-autosgarage.fr\/wp-content\/uploads\/2025\/08\/680b9e44be87f-768x576.jpg 768w, https:\/\/len-autosgarage.fr\/wp-content\/uploads\/2025\/08\/680b9e44be87f-1536x1152.jpg 1536w, https:\/\/len-autosgarage.fr\/wp-content\/uploads\/2025\/08\/680b9e44be87f-2048x1536.jpg 2048w, https:\/\/len-autosgarage.fr\/wp-content\/uploads\/2025\/08\/680b9e44be87f-1320x990.jpg 1320w, https:\/\/len-autosgarage.fr\/wp-content\/uploads\/2025\/08\/680b9e44be87f-230x173.jpg 230w, https:\/\/len-autosgarage.fr\/wp-content\/uploads\/2025\/08\/680b9e44be87f-600x450.jpg 600w\" sizes=\"(max-width: 300px) 100vw, 300px\" \/> <img loading=\"lazy\" decoding=\"async\" src=\"https:\/\/len-autosgarage.fr\/wp-content\/uploads\/2025\/08\/680b9e44c63d0-300x225.jpg\" alt=\"\" width=\"300\" height=\"225\" class=\"alignnone size-medium wp-image-2769\" srcset=\"https:\/\/len-autosgarage.fr\/wp-content\/uploads\/2025\/08\/680b9e44c63d0-300x225.jpg 300w, https:\/\/len-autosgarage.fr\/wp-content\/uploads\/2025\/08\/680b9e44c63d0-1024x768.jpg 1024w, https:\/\/len-autosgarage.fr\/wp-content\/uploads\/2025\/08\/680b9e44c63d0-768x576.jpg 768w, https:\/\/len-autosgarage.fr\/wp-content\/uploads\/2025\/08\/680b9e44c63d0-1536x1152.jpg 1536w, https:\/\/len-autosgarage.fr\/wp-content\/uploads\/2025\/08\/680b9e44c63d0-2048x1536.jpg 2048w, https:\/\/len-autosgarage.fr\/wp-content\/uploads\/2025\/08\/680b9e44c63d0-1320x990.jpg 1320w, https:\/\/len-autosgarage.fr\/wp-content\/uploads\/2025\/08\/680b9e44c63d0-230x173.jpg 230w, https:\/\/len-autosgarage.fr\/wp-content\/uploads\/2025\/08\/680b9e44c63d0-600x450.jpg 600w\" sizes=\"(max-width: 300px) 100vw, 300px\" \/> <img loading=\"lazy\" decoding=\"async\" src=\"https:\/\/len-autosgarage.fr\/wp-content\/uploads\/2025\/08\/680b9e44cdd07-300x225.jpg\" alt=\"\" width=\"300\" height=\"225\" class=\"alignnone size-medium wp-image-2770\" srcset=\"https:\/\/len-autosgarage.fr\/wp-content\/uploads\/2025\/08\/680b9e44cdd07-300x225.jpg 300w, https:\/\/len-autosgarage.fr\/wp-content\/uploads\/2025\/08\/680b9e44cdd07-1024x768.jpg 1024w, https:\/\/len-autosgarage.fr\/wp-content\/uploads\/2025\/08\/680b9e44cdd07-768x576.jpg 768w, https:\/\/len-autosgarage.fr\/wp-content\/uploads\/2025\/08\/680b9e44cdd07-1536x1152.jpg 1536w, https:\/\/len-autosgarage.fr\/wp-content\/uploads\/2025\/08\/680b9e44cdd07-2048x1536.jpg 2048w, https:\/\/len-autosgarage.fr\/wp-content\/uploads\/2025\/08\/680b9e44cdd07-1320x990.jpg 1320w, https:\/\/len-autosgarage.fr\/wp-content\/uploads\/2025\/08\/680b9e44cdd07-230x173.jpg 230w, https:\/\/len-autosgarage.fr\/wp-content\/uploads\/2025\/08\/680b9e44cdd07-600x450.jpg 600w\" sizes=\"(max-width: 300px) 100vw, 300px\" \/> <img loading=\"lazy\" decoding=\"async\" src=\"https:\/\/len-autosgarage.fr\/wp-content\/uploads\/2025\/08\/680b9e44d7639-300x225.jpg\" alt=\"\" width=\"300\" height=\"225\" class=\"alignnone size-medium wp-image-2771\" srcset=\"https:\/\/len-autosgarage.fr\/wp-content\/uploads\/2025\/08\/680b9e44d7639-300x225.jpg 300w, https:\/\/len-autosgarage.fr\/wp-content\/uploads\/2025\/08\/680b9e44d7639-1024x768.jpg 1024w, https:\/\/len-autosgarage.fr\/wp-content\/uploads\/2025\/08\/680b9e44d7639-768x576.jpg 768w, https:\/\/len-autosgarage.fr\/wp-content\/uploads\/2025\/08\/680b9e44d7639-1536x1152.jpg 1536w, https:\/\/len-autosgarage.fr\/wp-content\/uploads\/2025\/08\/680b9e44d7639-2048x1536.jpg 2048w, https:\/\/len-autosgarage.fr\/wp-content\/uploads\/2025\/08\/680b9e44d7639-1320x990.jpg 1320w, https:\/\/len-autosgarage.fr\/wp-content\/uploads\/2025\/08\/680b9e44d7639-230x173.jpg 230w, https:\/\/len-autosgarage.fr\/wp-content\/uploads\/2025\/08\/680b9e44d7639-600x450.jpg 600w\" sizes=\"(max-width: 300px) 100vw, 300px\" \/> <img loading=\"lazy\" decoding=\"async\" src=\"https:\/\/len-autosgarage.fr\/wp-content\/uploads\/2025\/08\/680b9e44ddb8c-300x225.jpg\" alt=\"\" width=\"300\" height=\"225\" class=\"alignnone size-medium wp-image-2772\" srcset=\"https:\/\/len-autosgarage.fr\/wp-content\/uploads\/2025\/08\/680b9e44ddb8c-300x225.jpg 300w, https:\/\/len-autosgarage.fr\/wp-content\/uploads\/2025\/08\/680b9e44ddb8c-1024x768.jpg 1024w, https:\/\/len-autosgarage.fr\/wp-content\/uploads\/2025\/08\/680b9e44ddb8c-768x576.jpg 768w, https:\/\/len-autosgarage.fr\/wp-content\/uploads\/2025\/08\/680b9e44ddb8c-1536x1152.jpg 1536w, https:\/\/len-autosgarage.fr\/wp-content\/uploads\/2025\/08\/680b9e44ddb8c-2048x1536.jpg 2048w, https:\/\/len-autosgarage.fr\/wp-content\/uploads\/2025\/08\/680b9e44ddb8c-1320x990.jpg 1320w, https:\/\/len-autosgarage.fr\/wp-content\/uploads\/2025\/08\/680b9e44ddb8c-230x173.jpg 230w, https:\/\/len-autosgarage.fr\/wp-content\/uploads\/2025\/08\/680b9e44ddb8c-600x450.jpg 600w\" sizes=\"(max-width: 300px) 100vw, 300px\" \/> <img loading=\"lazy\" decoding=\"async\" src=\"https:\/\/len-autosgarage.fr\/wp-content\/uploads\/2025\/08\/680b9e44e5817-300x225.jpg\" alt=\"\" width=\"300\" height=\"225\" class=\"alignnone size-medium wp-image-2773\" srcset=\"https:\/\/len-autosgarage.fr\/wp-content\/uploads\/2025\/08\/680b9e44e5817-300x225.jpg 300w, https:\/\/len-autosgarage.fr\/wp-content\/uploads\/2025\/08\/680b9e44e5817-1024x768.jpg 1024w, https:\/\/len-autosgarage.fr\/wp-content\/uploads\/2025\/08\/680b9e44e5817-768x576.jpg 768w, https:\/\/len-autosgarage.fr\/wp-content\/uploads\/2025\/08\/680b9e44e5817-1536x1152.jpg 1536w, https:\/\/len-autosgarage.fr\/wp-content\/uploads\/2025\/08\/680b9e44e5817-2048x1536.jpg 2048w, https:\/\/len-autosgarage.fr\/wp-content\/uploads\/2025\/08\/680b9e44e5817-1320x990.jpg 1320w, https:\/\/len-autosgarage.fr\/wp-content\/uploads\/2025\/08\/680b9e44e5817-230x173.jpg 230w, https:\/\/len-autosgarage.fr\/wp-content\/uploads\/2025\/08\/680b9e44e5817-600x450.jpg 600w\" sizes=\"(max-width: 300px) 100vw, 300px\" \/> <img loading=\"lazy\" decoding=\"async\" src=\"https:\/\/len-autosgarage.fr\/wp-content\/uploads\/2025\/08\/680b9e44f1bec-300x225.jpg\" alt=\"\" width=\"300\" height=\"225\" class=\"alignnone size-medium wp-image-2774\" srcset=\"https:\/\/len-autosgarage.fr\/wp-content\/uploads\/2025\/08\/680b9e44f1bec-300x225.jpg 300w, https:\/\/len-autosgarage.fr\/wp-content\/uploads\/2025\/08\/680b9e44f1bec-1024x768.jpg 1024w, https:\/\/len-autosgarage.fr\/wp-content\/uploads\/2025\/08\/680b9e44f1bec-768x576.jpg 768w, https:\/\/len-autosgarage.fr\/wp-content\/uploads\/2025\/08\/680b9e44f1bec-1536x1152.jpg 1536w, https:\/\/len-autosgarage.fr\/wp-content\/uploads\/2025\/08\/680b9e44f1bec-2048x1536.jpg 2048w, https:\/\/len-autosgarage.fr\/wp-content\/uploads\/2025\/08\/680b9e44f1bec-1320x990.jpg 1320w, https:\/\/len-autosgarage.fr\/wp-content\/uploads\/2025\/08\/680b9e44f1bec-230x173.jpg 230w, https:\/\/len-autosgarage.fr\/wp-content\/uploads\/2025\/08\/680b9e44f1bec-600x450.jpg 600w\" sizes=\"(max-width: 300px) 100vw, 300px\" \/> <img loading=\"lazy\" decoding=\"async\" src=\"https:\/\/len-autosgarage.fr\/wp-content\/uploads\/2025\/08\/680b9e450d133-300x225.jpg\" alt=\"\" width=\"300\" height=\"225\" class=\"alignnone size-medium wp-image-2775\" srcset=\"https:\/\/len-autosgarage.fr\/wp-content\/uploads\/2025\/08\/680b9e450d133-300x225.jpg 300w, https:\/\/len-autosgarage.fr\/wp-content\/uploads\/2025\/08\/680b9e450d133-1024x768.jpg 1024w, https:\/\/len-autosgarage.fr\/wp-content\/uploads\/2025\/08\/680b9e450d133-768x576.jpg 768w, https:\/\/len-autosgarage.fr\/wp-content\/uploads\/2025\/08\/680b9e450d133-1536x1152.jpg 1536w, https:\/\/len-autosgarage.fr\/wp-content\/uploads\/2025\/08\/680b9e450d133-2048x1536.jpg 2048w, https:\/\/len-autosgarage.fr\/wp-content\/uploads\/2025\/08\/680b9e450d133-1320x990.jpg 1320w, https:\/\/len-autosgarage.fr\/wp-content\/uploads\/2025\/08\/680b9e450d133-230x173.jpg 230w, https:\/\/len-autosgarage.fr\/wp-content\/uploads\/2025\/08\/680b9e450d133-600x450.jpg 600w\" sizes=\"(max-width: 300px) 100vw, 300px\" \/> <img loading=\"lazy\" decoding=\"async\" src=\"https:\/\/len-autosgarage.fr\/wp-content\/uploads\/2025\/08\/680b9e4507252-300x225.jpg\" alt=\"\" width=\"300\" height=\"225\" class=\"alignnone size-medium wp-image-2776\" srcset=\"https:\/\/len-autosgarage.fr\/wp-content\/uploads\/2025\/08\/680b9e4507252-300x225.jpg 300w, https:\/\/len-autosgarage.fr\/wp-content\/uploads\/2025\/08\/680b9e4507252-1024x768.jpg 1024w, https:\/\/len-autosgarage.fr\/wp-content\/uploads\/2025\/08\/680b9e4507252-768x576.jpg 768w, https:\/\/len-autosgarage.fr\/wp-content\/uploads\/2025\/08\/680b9e4507252-1536x1152.jpg 1536w, https:\/\/len-autosgarage.fr\/wp-content\/uploads\/2025\/08\/680b9e4507252-2048x1536.jpg 2048w, https:\/\/len-autosgarage.fr\/wp-content\/uploads\/2025\/08\/680b9e4507252-1320x990.jpg 1320w, https:\/\/len-autosgarage.fr\/wp-content\/uploads\/2025\/08\/680b9e4507252-230x173.jpg 230w, https:\/\/len-autosgarage.fr\/wp-content\/uploads\/2025\/08\/680b9e4507252-600x450.jpg 600w\" sizes=\"(max-width: 300px) 100vw, 300px\" \/><\/p>\n","protected":false},"excerpt":{"rendered":"<p><strong>VOLKSWAGEN ID.3 204 ch Pro\u00a0 \u00a0 \u00a0 \u00a0<span>Date MEC<\/span><span>17\/06\/2024\u00a0 7500 KMS\u00a0 V\u00e9hicule soumis \u00e0 TVA r\u00e9cup\u00e9rable<\/span><\/strong><\/p>\n<p>Options <span>C\u00e2ble de recharge Mode 2 &#8211; Type 2 (8 A) pour prise domestique<\/span><\/p>\n<p><span>Jantes 18\u00a0\u00bb \u00ab\u00a0East Derry\u00a0\u00bb bicolore Argent Pneumatiques 215\/55 R18<\/span><\/p>\n<p><span>Peintures m\u00e9tallis\u00e9es\/Toit Noir\/Hayon Noir<\/span><\/p>\n<table class=\"tableauComparaisonVehicule\">\n<tbody>\n<tr>\n<td>Plancher de coffre \u00e0 bagages modulable<\/p>\n<p><span>Pack Assistance<\/span><\/p>\n<div class=\"detail_equipement_pack\">Alarme antivol &#8211; Protection volum\u00e9trique et anti-soul\u00e9vement<\/div>\n<div class=\"detail_equipement_pack\">Cam\u00e9ra de recul \u00ab\u00a0Rear View\u00a0\u00bb situ\u00e9e dans le logo Volkswagen<\/div>\n<div class=\"detail_equipement_pack\">Eclairage des poign\u00e9es de portes<\/div>\n<div class=\"detail_equipement_pack\">Syst\u00e8me d&rsquo;ouverture et de fermeture sans cl\u00e9 a distance Keyless Access Advanced<\/div>\n<div class=\"detail_equipement_pack\">Syst\u00e8me proactif de protection des occupants &#8211; \u00ab\u00a0Pre Safe Assist\u00a0\u00bb<\/div>\n<div>S\u00e9rie<\/div>\n<div>\n<table class=\"tableauComparaisonVehicule\">\n<tbody>\n<tr>\n<td>2 port USB-C \u00e0 l&rsquo;AV (recharge et data) et 2 \u00e0 l&rsquo;AR (recharge)<\/td>\n<td><\/td>\n<\/tr>\n<tr>\n<td>7 Airbags Airbags frontaux AV conducteur et passager (Airbag passager d\u00e9sactivable par cl\u00e9), Airbags lat\u00e9raux \u00e0 l&rsquo;AV, airbags interactif \u00e0 l&rsquo;AV et avec airbags de t\u00eate AV\/AR, Airbag central situ\u00e9 sur le c\u00f4t\u00e9 droit du si\u00e8ge conducteur, permet la protection des chocs entre les occupants des si\u00e8ges AV en cas de collision lat\u00e9rale ou de retournement<\/td>\n<td><\/td>\n<\/tr>\n<tr>\n<td>Accoudoir pour les si\u00e8ges AV<\/td>\n<td><\/td>\n<\/tr>\n<tr>\n<td>ACC: R\u00e9gulateur de vitesse adaptatif avec limiteur de vitesse adapte la vitesse en fonction des limitations de vitesse d\u00e9tect\u00e9es<\/td>\n<td><\/td>\n<\/tr>\n<tr>\n<td>Activation automatique du signal de d\u00e9tresse en cas de freinage d&rsquo;urgence<\/td>\n<td><\/td>\n<\/tr>\n<tr>\n<td>Alerte de perte de pression des pneus<\/td>\n<td><\/td>\n<\/tr>\n<tr>\n<td>Allumage automatique des feux, capteurs de pluie avec essuie-glace automatique<\/td>\n<td><\/td>\n<\/tr>\n<tr>\n<td>App-Connect sans fil (en fonction du t\u00e9l\u00e9phone compatible) pour Apple CarPlay, Android Auto et Mirror Link (avec fil)<\/td>\n<td><\/td>\n<\/tr>\n<tr>\n<td>Avertissement de distance avec le v\u00e9hicule pr\u00e9c\u00e9dent<\/td>\n<td><\/td>\n<\/tr>\n<tr>\n<td>Avertisseur sonore 1 ton<\/td>\n<td><\/td>\n<\/tr>\n<tr>\n<td>Avertisseur sonore et lumineux pour ceintures non attach\u00e9es AV et AR<\/td>\n<td><\/td>\n<\/tr>\n<tr>\n<td>Banquette AR 2\/3 1\/3 avec accoudoir central et trappe \u00e0 skis (3 personnes)<\/td>\n<td><\/td>\n<\/tr>\n<tr>\n<td>Buses \u00e0 d\u00e9givrage automatique \u00e0 l&rsquo;AV<\/td>\n<td><\/td>\n<\/tr>\n<tr>\n<td>C\u00e2ble de recharge Mode 3 &#8211; Type 2 pour borne de recharge (32 A)<\/td>\n<td><\/td>\n<\/tr>\n<tr>\n<td>Capacit\u00e9 de batterie nette &#8211; 58 kWh<\/td>\n<td><\/td>\n<\/tr>\n<tr>\n<td>Capacit\u00e9 de puissance de recharge maximale sur prise CCS : 165 kW DC<\/td>\n<td><\/td>\n<\/tr>\n<tr>\n<td>Capacit\u00e9 de puissance maximale du chargeur embarqu\u00e9 pour prise Type 2 : 11 kW AC<\/td>\n<td><\/td>\n<\/tr>\n<tr>\n<td>Car2X La fonction Car2X utilise les informations des autres v\u00e9hicules pr\u00e9sents dans un p\u00e9rim\u00e8tre pouvant s&rsquo;\u00e9tendre jusqu&rsquo;\u00e0 800 m\u00e8tres, ainsi que les signaux des infrastructures de transport pour avertir le conducteur et transmettre ces avertissements \u00e0 d&rsquo;autres v\u00e9hicules \u00e9quip\u00e9s de la fonction Car2X<\/p>\n<table class=\"tableauComparaisonVehicule\">\n<tbody>\n<tr>\n<td>Carrosserie bicolore &#8211; Toit et hayon noir<\/td>\n<td><\/td>\n<\/tr>\n<tr>\n<td>Ceintures de s\u00e9curit\u00e9 AV 3 points \u00e0 enrouleur avec pr\u00e9tensionneur<\/td>\n<td><\/td>\n<\/tr>\n<tr>\n<td>Clignotants confort : (1) touche = (3) clignotements<\/td>\n<td><\/td>\n<\/tr>\n<tr>\n<td>Climatisation stationnaire permet de r\u00e9frig\u00e9rer, de ventiler ou de chauffer l&rsquo;habitacle du v\u00e9hicule \u00e0 l&rsquo;arr\u00eat. Elle permet \u00e9galement de d\u00e9givrer le pare-brise, de le d\u00e9sembuer et de le d\u00e9barrasser d&rsquo;une fine couche de neige en hiver. La climatisation stationnaire est aliment\u00e9e par la prise de courant ou par la batterie haute tension du v\u00e9hicule<\/td>\n<td><\/td>\n<\/tr>\n<tr>\n<td>Climatiseur 1-Zone \u00ab\u00a0Climatronic\u00a0\u00bb avec mode recyclage de l&rsquo;air ambiant<\/td>\n<td><\/td>\n<\/tr>\n<tr>\n<td>Commande vocale intuitive -\u00ab\u00a0Bonjour ID.\u00a0\u00bb &#8211; Certaines fonctions peuvent \u00eatre ex\u00e9cut\u00e9es gr\u00e2ce \u00e0 la commande vocale<\/td>\n<td><\/td>\n<\/tr>\n<tr>\n<td>Console centrale r\u00e9tro \u00e9clair\u00e9e avec volet occultant et 2 porte-gobelets<\/td>\n<td><\/td>\n<\/tr>\n<tr>\n<td>Correcteur \u00e9lectronique de trajectoire ESP, Amplificateur de freinage d&rsquo;urgence AFU, Servofrein \u00e9lectrom\u00e9canique eBKV, Freinage mixte BKU, syst\u00e8me d&rsquo;antiblocage des roues ABS, blocage \u00e9lectronique de diff\u00e9rentiel EDS,r\u00e9partiteur \u00e9lectronique de freinage EBV,anti patinage \u00e9lectronique ASR, r\u00e9gulateur \u00e9lectronique de couple MSR et assistance au contre-braquage, Programme \u00e9lectronique de stabilisation ESC,Syst\u00e8me agissant comme un diff\u00e9renti.autobloquant \u00e9lectronique permettant une meilleure motricit\u00e9 en courbe gr\u00e2ce \u00e0 une r\u00e9partition optimale de la puissance et du couple sur les roues AR XDS<\/td>\n<td><\/td>\n<\/tr>\n<tr>\n<td>D\u00e9tection de fatigue Syst\u00e8me de d\u00e9tection de fatigue du conducteur qui analyse le comportement du conducteur et recommande un temps de repos par l&rsquo;apparition d&rsquo;un message visuel et sonore<\/td>\n<td><\/td>\n<\/tr>\n<tr>\n<td>Direction \u00e9lectrom\u00e9canique \u00e0 assistance variable en fonction de la vitesse<\/td>\n<td><\/td>\n<\/tr>\n<tr>\n<td>Eclairage \u00e0 LED de la plaque d&rsquo;immatriculation AR<\/td>\n<td><\/td>\n<\/tr>\n<tr>\n<td>Eclairage de bienvenue (Welcome Light)<\/td>\n<td><\/td>\n<\/tr>\n<tr>\n<td>Ecran central tactile de 12\u00a0\u00bb personnalisable<\/td>\n<td><\/td>\n<\/tr>\n<tr>\n<td>E-sound &#8211; son sp\u00e9cifique ID L&rsquo;e-Sound est un bruit \u00e9lectronique de moteur signalant l&rsquo;approche de v\u00e9hicules \u00e9lectriques aux autres usagers de la route. Plus le v\u00e9hicule roule vite, plus le volume sonore de l&rsquo;e-Sound diminue lentement<\/td>\n<td><\/td>\n<\/tr>\n<tr>\n<td>Frein de stationnement \u00e9lectrom\u00e9canique avec fonction d&rsquo;immobilisation en pente \u00ab\u00a0Auto Hold\u00a0\u00bb La fonction Auto Hold garantit une immobilisation du v\u00e9hicule sans d\u00e9placement intempestif, la p\u00e9dale de frein ne devant pour cela pas \u00eatre maintenue actionn\u00e9e<\/p>\n<table class=\"tableauComparaisonVehicule\">\n<tbody>\n<tr>\n<td>Freins \u00e0 disques \u00e0 l&rsquo;AV et freins \u00e0 tambours \u00e0 l&rsquo; AR<\/td>\n<td><\/td>\n<\/tr>\n<tr>\n<td>Front Assist &#8211; Syst\u00e8me de surveillance p\u00e9rim\u00e9trique avec fonctions de freinage d&rsquo;urgence en ville et d\u00e9tection des pi\u00e9tons<\/td>\n<td><\/td>\n<\/tr>\n<tr>\n<td>Gestion des param\u00e8tres de confidentialit\u00e9 li\u00e9s \u00e0 la eSIM et \u00e0 VW Connect<\/td>\n<td><\/td>\n<\/tr>\n<tr>\n<td>ID. Display de 5,3\u00a0\u00bb L&rsquo;ID. Display est un combin\u00e9 d&rsquo;instruments num\u00e9rique dot\u00e9 d&rsquo;un afficheur couleur TFT \u00e0 haute r\u00e9solution. En plus du tachym\u00e8tre num\u00e9rique, il est possible d&rsquo;afficher des informations suppl\u00e9mentaires provenant des syst\u00e8mes d&rsquo;aide \u00e0 la conduite, par la s\u00e9lection de divers profils d&rsquo;information<\/td>\n<td><\/td>\n<\/tr>\n<tr>\n<td>Indicateur de temp\u00e9rature ext\u00e9rieure avec avertisseur de gel<\/td>\n<td><\/td>\n<\/tr>\n<tr>\n<td>Intelligent Park Assist Plus Assistant aux manoeuvres de stationnement comprenant un syst\u00e8me d&rsquo;aide au stationnement AV et AR avec signaux sonores et visualisation de la distance des obstacles sur l&rsquo;\u00e9cran<\/td>\n<td><\/td>\n<\/tr>\n<tr>\n<td>Interface t\u00e9l\u00e9phone Bluetooth<\/td>\n<td><\/td>\n<\/tr>\n<tr>\n<td>Jantes en acier 18\u00a0\u00bb avec enjoliveurs Pneumatiques 215\/55 R18<\/td>\n<td><\/td>\n<\/tr>\n<tr>\n<td>Kit de d\u00e9pannage : compresseur 12 V et produit d&rsquo;\u00e9tanch\u00e9it\u00e9 de pneu<\/td>\n<td><\/td>\n<\/tr>\n<tr>\n<td>Lane Assist &#8211; Assistant au maintien dans la voie avec correction de trajectoire<\/td>\n<td><\/td>\n<\/tr>\n<tr>\n<td>Oeillets d&rsquo;arrimage ISOFIX (dispositif pour fixation de 2 si\u00e8ges-enfants sur la banquette AR)<\/td>\n<td><\/td>\n<\/tr>\n<tr>\n<td>Park Pilot &#8211; Aide au stationnement AV et AR<\/td>\n<td><\/td>\n<\/tr>\n<tr>\n<td>P\u00e9dalier en acier inoxydable avec symboles \u00ab\u00a0Play &amp; Pause\u00a0\u00bb<\/td>\n<td><\/td>\n<\/tr>\n<tr>\n<td>Peinture unie\/Toit Noir\/Hayon Noir<\/td>\n<td><\/td>\n<\/tr>\n<tr>\n<td>Portes AR avec s\u00e9curit\u00e9 enfants<\/td>\n<td><\/td>\n<\/tr>\n<tr>\n<td>Pr\u00e9paration pour activation ult\u00e9rieure de la Navigation via Upgrades<\/td>\n<td><\/td>\n<\/tr>\n<tr>\n<td>Pr\u00e9paration pour services connect\u00e9s \u00ab\u00a0VW Connect\u00a0\u00bb activables via la boutique en ligne du v\u00e9hicule ou via l&rsquo;espace MyVolkswagen<\/td>\n<td><\/td>\n<\/tr>\n<tr>\n<td>Prise 12 V dans le coffre<\/td>\n<td><\/td>\n<\/tr>\n<tr>\n<td>Projecteurs LED et feux AR \u00e0 LED<\/td>\n<td><\/td>\n<\/tr>\n<tr>\n<td>Protection antid\u00e9marrage<\/td>\n<td><\/td>\n<\/tr>\n<tr>\n<td>R\u00e9ception de radio num\u00e9rique (DAB+)<\/td>\n<td><\/td>\n<\/tr>\n<tr>\n<td>R\u00e9glage des phares tactile<\/td>\n<td><\/td>\n<\/tr>\n<tr>\n<td>R\u00e9glages de la charge via le syst\u00e8me d&rsquo;infodivertissement ou l&rsquo;application \u00ab\u00a0Volkswagen\u00a0\u00bb<\/td>\n<td><\/td>\n<\/tr>\n<tr>\n<td>R\u00e9troviseur int\u00e9rieur \u00e0 r\u00e9glage jour\/nuit automatique<\/td>\n<td><\/td>\n<\/tr>\n<tr>\n<td>R\u00e9troviseurs ext\u00e9rieurs r\u00e9glables, rabattables et d\u00e9givrants \u00e9lectriquement avec abaissement du r\u00e9troviseur passager<\/td>\n<td><\/td>\n<\/tr>\n<tr>\n<td>Rev\u00eatement du tableau de bord et des portes tissu \u00ab\u00a0Taia\u00a0\u00bb compos\u00e9 de mat\u00e9riaux durables<\/td>\n<td><\/td>\n<\/tr>\n<tr>\n<td>S\u00e9lecteur de vitesse situ\u00e9 \u00e0 droite derri\u00e8re le volant avec frein de stationnement \u00e9lectronique Il dispose d&rsquo;une marche AV (D\/B), du neutre (N) et d&rsquo;une marche AR (R). En position (D), la r\u00e9cup\u00e9ration d&rsquo;\u00e9nergie au freinage est en mode normal. En position (B), le syst\u00e8me d&rsquo;aide \u00e0 l&rsquo;\u00e9co-conduite est activ\u00e9 et la r\u00e9cup\u00e9ration d&rsquo;\u00e9nergie est plus \u00e9lev\u00e9e<\/td>\n<td><\/td>\n<\/tr>\n<tr>\n<td>Sellerie Tissu Gris Taia<\/td>\n<td><\/td>\n<\/tr>\n<tr>\n<td>Si\u00e8ges AV r\u00e9glables en hauteur<\/td>\n<td><\/td>\n<\/tr>\n<tr>\n<td>Sign Assist &#8211; Syst\u00e8me de d\u00e9tection de la signalisation routi\u00e8re<\/td>\n<td><\/td>\n<\/tr>\n<tr>\n<td>Syst\u00e8me d&rsquo;aide \u00e0 l&rsquo;\u00e9co-conduite &#8211; Eco Assistance<\/td>\n<td><\/td>\n<\/tr>\n<tr>\n<td>Syst\u00e8me d&rsquo;appel d&rsquo;urgence &#8211; eCall Appel d&rsquo;urgence manuel ou automatique<\/td>\n<td><\/td>\n<\/tr>\n<tr>\n<td>Syst\u00e8me de d\u00e9marrage sans cl\u00e9 Keyless-Go D\u00e9marrage possible avec une simple pression sur la p\u00e9dale de frein<\/td>\n<td><\/td>\n<\/tr>\n<tr>\n<td>Syst\u00e8me de Freinage anti-multi collision Ce dispositif freine automatiquement le v\u00e9hicule apr\u00e8s un premier choc afin de limiter le risque de multicollision<\/td>\n<td><\/td>\n<\/tr>\n<tr>\n<td>Syst\u00e8me de r\u00e9cup\u00e9ration de l&rsquo;\u00e9nergie en d\u00e9c\u00e9l\u00e9ration<\/td>\n<td><\/td>\n<\/tr>\n<tr>\n<td>Syst\u00e8me de refroidissement liquide<\/td>\n<td><\/td>\n<\/tr>\n<tr>\n<td>Syst\u00e8me de son 4+1 HP AV<\/td>\n<td><\/td>\n<\/tr>\n<tr>\n<td>Syst\u00e8me d&rsquo;infotainment &lsquo;Ready to Discover&rsquo; avec \u00e9cran 12 pouces personnalisable et ID.Display de 5,3 pouces<\/td>\n<td><\/td>\n<\/tr>\n<tr>\n<td>Tapis de sol AV et AR<\/td>\n<td><\/td>\n<\/tr>\n<tr>\n<td>Turn Assist : Freinage d&rsquo;urgence d&rsquo;intersection<\/td>\n<td><\/td>\n<\/tr>\n<tr>\n<td>Verrouillage centralis\u00e9 avec t\u00e9l\u00e9commande \u00e0 fr\u00e9quence radio<\/td>\n<td><\/td>\n<\/tr>\n<tr>\n<td>Vitres AV\/AR \u00e9lectriques avec dispositif anti-pincement<\/td>\n<td><\/td>\n<\/tr>\n<tr>\n<td>Volant multifonction \u00e0 r\u00e9glage m\u00e9canique en hauteur et en longueur<\/td>\n<td><\/td>\n<\/tr>\n<tr>\n<td>Volant multifonctions<\/td>\n<td><\/td>\n<\/tr>\n<\/tbody>\n<\/table>\n<\/td>\n<td><\/td>\n<\/tr>\n<\/tbody>\n<\/table>\n<\/td>\n<\/tr>\n<\/tbody>\n<\/table>\n<\/div>\n<div><\/div>\n<\/td>\n<\/tr>\n<\/tbody>\n<\/table>\n<p>&nbsp;<\/p>\n<p>&nbsp;<\/p>\n","protected":false},"featured_media":2765,"comment_status":"closed","ping_status":"closed","template":"","meta":[],"product_brand":[],"product_cat":[46],"product_tag":[],"class_list":{"0":"post-2764","1":"product","2":"type-product","3":"status-publish","4":"has-post-thumbnail","6":"product_cat-uncategorized","8":"first","9":"outofstock","10":"shipping-taxable","11":"purchasable","12":"product-type-simple"},"aioseo_notices":[],"_links":{"self":[{"href":"https:\/\/len-autosgarage.fr\/nov-apijson\/wp\/v2\/product\/2764","targetHints":{"allow":["GET"]}}],"collection":[{"href":"https:\/\/len-autosgarage.fr\/nov-apijson\/wp\/v2\/product"}],"about":[{"href":"https:\/\/len-autosgarage.fr\/nov-apijson\/wp\/v2\/types\/product"}],"replies":[{"embeddable":true,"href":"https:\/\/len-autosgarage.fr\/nov-apijson\/wp\/v2\/comments?post=2764"}],"wp:featuredmedia":[{"embeddable":true,"href":"https:\/\/len-autosgarage.fr\/nov-apijson\/wp\/v2\/media\/2765"}],"wp:attachment":[{"href":"https:\/\/len-autosgarage.fr\/nov-apijson\/wp\/v2\/media?parent=2764"}],"wp:term":[{"taxonomy":"product_brand","embeddable":true,"href":"https:\/\/len-autosgarage.fr\/nov-apijson\/wp\/v2\/product_brand?post=2764"},{"taxonomy":"product_cat","embeddable":true,"href":"https:\/\/len-autosgarage.fr\/nov-apijson\/wp\/v2\/product_cat?post=2764"},{"taxonomy":"product_tag","embeddable":true,"href":"https:\/\/len-autosgarage.fr\/nov-apijson\/wp\/v2\/product_tag?post=2764"}],"curies":[{"name":"wp","href":"https:\/\/api.w.org\/{rel}","templated":true}]}}