{"id":2802,"date":"2025-09-05T09:59:12","date_gmt":"2025-09-05T07:59:12","guid":{"rendered":"https:\/\/len-autosgarage.fr\/?post_type=product&#038;p=2802"},"modified":"2026-01-15T11:46:26","modified_gmt":"2026-01-15T10:46:26","slug":"opel-mokka-1-6-cdti-136-ch-fap-4x2-ecoflex-startstop-color-edition","status":"publish","type":"product","link":"https:\/\/len-autosgarage.fr\/product\/opel-mokka-1-6-cdti-136-ch-fap-4x2-ecoflex-startstop-color-edition\/","title":{"rendered":"OPEL Mokka 1.6 CDTI &#8211; 136 ch FAP 4&#215;2 ecoFLEX Start&#038;Stop Color Edition"},"content":{"rendered":"<p>Date de 1 \u00e8re mise en circulation 15\/04\/2015<\/p>\n<p>Kilom\u00e9trage 216641 kms CT fait le 04:09:2025 r\u00e9sultat favorable<\/p>\n<p>V\u00e9hicule r\u00e9vis\u00e9 garantie 6 mois<\/p>\n<table class=\"tableauComparaisonVehicule\">\n<tbody>\n<tr>\n<th colspan=\"2\">Donn\u00e9es techniques<\/th>\n<\/tr>\n<tr class=\"rowAlternate\">\n<td>Type de moteur<\/td>\n<td>4 cylindres en Ligne<\/td>\n<\/tr>\n<tr>\n<td>Puissance<\/td>\n<td>100 kW \/ 136 ch DIN<\/td>\n<\/tr>\n<tr class=\"rowAlternate\">\n<td>Cylindr\u00e9e<\/td>\n<td>1598 cc<\/td>\n<\/tr>\n<tr>\n<td>Transmission<\/td>\n<td>Traction avant<\/td>\n<\/tr>\n<tr class=\"rowAlternate\">\n<td>Bo\u00eete de vitesses<\/td>\n<td>6 rapports, Bo\u00eete manuelle<\/td>\n<\/tr>\n<tr class=\"rowAlternate\">\n<td>Carburant<\/td>\n<td>Diesel<\/td>\n<\/tr>\n<tr class=\"rowAlternate\">\n<td>Groupe motopropulseur<\/td>\n<td>Diesel<\/td>\n<\/tr>\n<tr class=\"rowAlternate\">\n<td>Nombre de places<\/td>\n<td>5<\/td>\n<\/tr>\n<tr>\n<td>Pneus avant<\/td>\n<td>215\/55 R 18<\/td>\n<\/tr>\n<tr class=\"rowAlternate\">\n<td>\n<table class=\"tableauComparaisonVehicule\">\n<tbody>\n<tr>\n<th colspan=\"2\">Donn\u00e9es techniques<\/th>\n<\/tr>\n<tr class=\"rowAlternate\">\n<td>Type de moteur<\/td>\n<td>4 cylindres en Ligne<\/td>\n<\/tr>\n<tr>\n<td>Puissance<\/td>\n<td>100 kW \/ 136 ch DIN<\/td>\n<\/tr>\n<tr class=\"rowAlternate\">\n<td>Cylindr\u00e9e<\/td>\n<td>1598 cc<\/td>\n<\/tr>\n<tr>\n<td>Transmission<\/td>\n<td>Traction avant<\/td>\n<\/tr>\n<tr class=\"rowAlternate\">\n<td>Bo\u00eete de vitesses<\/td>\n<td>6 rapports, Bo\u00eete manuelle<\/td>\n<\/tr>\n<tr class=\"rowAlternate\">\n<td>Carburant<\/td>\n<td>Diesel<\/td>\n<\/tr>\n<tr class=\"rowAlternate\">\n<td>Groupe motopropulseur<\/td>\n<td>Diesel<\/td>\n<\/tr>\n<tr class=\"rowAlternate\">\n<td>Nombre de places<\/td>\n<td>5<\/td>\n<\/tr>\n<tr>\n<td>Pneus avant<\/td>\n<td>215\/55 R 18<\/td>\n<\/tr>\n<tr class=\"rowAlternate\">\n<td>Pneus arri\u00e8re<\/td>\n<td>215\/55 R 18<\/td>\n<\/tr>\n<\/tbody>\n<\/table>\n<\/td>\n<td>215\/55 R 18<\/p>\n<p>&nbsp;<\/p>\n<p>&nbsp;<\/td>\n<\/tr>\n<\/tbody>\n<\/table>\n<p>SERIE<\/p>\n<table class=\"tableauComparaisonVehicule\">\n<tbody>\n<tr>\n<td>3 appuis-t\u00eate AR<\/td>\n<td><\/td>\n<\/tr>\n<tr>\n<td>5 ceintures de s\u00e9curit\u00e9 3 points \u00e0 enrouleur AV et AR (r\u00e9glables en hauteur \u00e0 l&rsquo;AV)<\/td>\n<td><\/td>\n<\/tr>\n<tr>\n<td>Accoudoir central AR incluant 2 porte-gobelets<\/td>\n<td><\/td>\n<\/tr>\n<tr>\n<td>Accoudoir central AV sur si\u00e8ge conducteur<\/td>\n<td><\/td>\n<\/tr>\n<tr>\n<td>Accoudoirs lat\u00e9raux AV et AR<\/p>\n<table class=\"tableauComparaisonVehicule\">\n<tbody>\n<tr>\n<td>Capteur de pluie<\/td>\n<td><\/td>\n<\/tr>\n<tr>\n<td>Ceintures de s\u00e9curit\u00e9 AV avec double pr\u00e9tensionneur et limiteur d&rsquo;effort<\/td>\n<td><\/td>\n<\/tr>\n<tr>\n<td>Clef pliante avec t\u00e9l\u00e9commande int\u00e9gr\u00e9e<\/td>\n<td><\/td>\n<\/tr>\n<tr>\n<td>Clignotants lat\u00e9raux additionnels<\/td>\n<td><\/td>\n<\/tr>\n<tr>\n<td>Climatisation automatique bi-zone avec filtre anti-pollen et d\u00e9tecteur de qualit\u00e9 d&rsquo;air<\/td>\n<td><\/td>\n<\/tr>\n<tr>\n<td>Compte-tours \u00e9lectronique<\/td>\n<td><\/td>\n<\/tr>\n<tr>\n<td>Compteur kilom\u00e9trique avec totaliseur journalier<\/td>\n<td><\/td>\n<\/tr>\n<tr>\n<td>Console centrale comprenant 2 porte-gobelets et espace de rangement avec couvercle<\/td>\n<td><\/td>\n<\/tr>\n<tr>\n<td>Contr\u00f4le de pression des pneumatiques<\/p>\n<table class=\"tableauComparaisonVehicule\">\n<tbody>\n<tr>\n<td>Contr\u00f4le \u00e9lectronique de stabilit\u00e9 (ESC) int\u00e9grant le contr\u00f4le de traction (TC), le contr\u00f4le de freinage en courbe (CBC), le contr\u00f4le de couple en courbe (CTC), l&rsquo;assistance au freinage d&rsquo;urgence (BAS) et la compensation hydraulique de l&rsquo;\u00e9vanouissement des freins (HBFA)<\/td>\n<td><\/td>\n<\/tr>\n<tr>\n<td>Contr\u00f4le \u00e9lectronique de trajectoire ESP+<\/td>\n<td><\/td>\n<\/tr>\n<tr>\n<td>Dossier de banquette AR rabattable asym\u00e9triquement 2\/3 &#8211; 1\/3<\/td>\n<td><\/td>\n<\/tr>\n<tr>\n<td>Eclairage du coffre<\/td>\n<td><\/td>\n<\/tr>\n<tr>\n<td>Essuie-glace AR \u00e9lectrique intermittent<\/td>\n<td><\/td>\n<\/tr>\n<tr>\n<td>Essuie-glaces AV \u00e9lectriques (3 vitesses dont 1 intermittente sauf si capteur de pluie)<\/td>\n<td><\/td>\n<\/tr>\n<tr>\n<td>Feux AV diurnes<\/td>\n<td><\/td>\n<\/tr>\n<tr>\n<td>Fixations Isofix si\u00e8ges enfants aux places AR lat\u00e9rales<\/p>\n<table class=\"tableauComparaisonVehicule\">\n<tbody>\n<tr>\n<td>Jantes alliage l\u00e9ger 18&Prime; Noires<\/td>\n<td>REY<\/td>\n<\/tr>\n<tr>\n<td>Jauge \u00e0 carburant avec alerte mini<\/td>\n<td><\/td>\n<\/tr>\n<tr>\n<td>Kit anti-crevaison<\/td>\n<td><\/td>\n<\/tr>\n<tr>\n<td>Ligne de vitrage int\u00e9gralement chrom\u00e9e<\/td>\n<td><\/td>\n<\/tr>\n<tr>\n<td>Lumi\u00e8re d&rsquo;ambiance<\/td>\n<td><\/td>\n<\/tr>\n<tr>\n<td>Lunette AR d\u00e9givrante<\/td>\n<td><\/td>\n<\/tr>\n<tr>\n<td>Miroirs de courtoisie \u00e9clair\u00e9s<\/td>\n<td><\/td>\n<\/tr>\n<tr>\n<td>Ordinateur de bord 6 fonctions (consommation moyenne, consommation instantan\u00e9e,<\/p>\n<table class=\"tableauComparaisonVehicule\">\n<tbody>\n<tr>\n<td>Ordinateur de bord de type avanc\u00e9<\/td>\n<td><\/td>\n<\/tr>\n<tr>\n<td>Pack Technologie<\/p>\n<table class=\"tableauComparaisonVehicule\">\n<tbody>\n<tr>\n<td>Pack Visibilit\u00e9<\/td>\n<td><\/td>\n<\/tr>\n<tr>\n<td>Pare-soleil orientables avec miroirs de courtoisie<\/td>\n<td><\/td>\n<\/tr>\n<tr>\n<td>P\u00e9dalier r\u00e9tractable en cas de choc frontal (PRS)<\/td>\n<td><\/td>\n<\/tr>\n<tr>\n<td>Phares antibrouillard AV int\u00e9gr\u00e9s<\/td>\n<td><\/td>\n<\/tr>\n<tr>\n<td>Plancher plat avec espace de rangement sous plancher<\/td>\n<td><\/td>\n<\/tr>\n<tr>\n<td>Poign\u00e9es de maintien pour les passagers AR<\/td>\n<td><\/td>\n<\/tr>\n<tr>\n<td>Poign\u00e9es de maintien pour les passagers AV<\/td>\n<td><\/td>\n<\/tr>\n<tr>\n<td>Poign\u00e9es de portes couleur carrosserie<\/td>\n<td><\/td>\n<\/tr>\n<tr>\n<td>Poign\u00e9es de portes int\u00e9rieures et bouton de frein \u00e0 main chrom\u00e9s<\/td>\n<td><\/td>\n<\/tr>\n<tr>\n<td>Possiblit\u00e9 de d\u00e9connecter l&rsquo;airbag du si\u00e8ge passager AV<\/td>\n<td><\/td>\n<\/tr>\n<tr>\n<td>Prise 12V allume cigare AV<\/td>\n<td><\/td>\n<\/tr>\n<tr>\n<td>Prise \u00e9lectrique 230V situ\u00e9e sur la console centrale AR<\/td>\n<td><\/td>\n<\/tr>\n<tr>\n<td>Radio CD 450 MP3 &#8211; CD &#8211; RDS &#8211; AM\/FM &#8211; 4x20W &#8211; 6&#215;6 pr\u00e9-s\u00e9lections &#8211; 6HP &#8211; \u00e9cran de contr\u00f4le 155&#215;60 mm &#8211; \u00e9galiseur graphique-commandes au volant, prise USB et Aux-in<\/p>\n<table class=\"tableauComparaisonVehicule\">\n<tbody>\n<tr>\n<td>Rails de toit<\/td>\n<td><\/td>\n<\/tr>\n<tr>\n<td>Rappel de bouclage de ceinture AV et AR<\/td>\n<td><\/td>\n<\/tr>\n<tr>\n<td>R\u00e9glage \u00e9lectrique de l&rsquo;assiette des phares<\/td>\n<td><\/td>\n<\/tr>\n<tr>\n<td>R\u00e9gulateur et limiteur de vitesse programmable<\/td>\n<td><\/td>\n<\/tr>\n<tr>\n<td>R\u00e9troviseur int\u00e9rieur \u00e9lectrochrome<\/p>\n<table class=\"tableauComparaisonVehicule\">\n<tbody>\n<tr>\n<td>R\u00e9troviseurs ext\u00e9rieurs, asph\u00e9rique c\u00f4t\u00e9 conducteur, d\u00e9givrants, \u00e0 r\u00e9glage \u00e9lectrique<\/td>\n<td><\/td>\n<\/tr>\n<tr>\n<td>R\u00e9troviseurs ext\u00e9rieurs noirs<\/td>\n<td><\/td>\n<\/tr>\n<tr>\n<td>R\u00e9troviseurs ext\u00e9rieurs rabattables \u00e9lectriquement<\/td>\n<td>DDH<\/td>\n<\/tr>\n<tr>\n<td>Si\u00e8ge conducteur ergonomique certifi\u00e9 AGR<\/td>\n<td><\/td>\n<\/tr>\n<tr>\n<td>Si\u00e8ge conducteur r\u00e9glable dans 4 directions dont r\u00e9glage en hauteur<\/td>\n<td><\/td>\n<\/tr>\n<tr>\n<td>Si\u00e8ge passager r\u00e9glable dans 2 directions<\/td>\n<td><\/td>\n<\/tr>\n<tr>\n<td>Spots de lecture AV<\/td>\n<td><\/td>\n<\/tr>\n<tr>\n<td>Structure de s\u00e9curit\u00e9 passive avec cellule de survie pour les passagers en acier haute r\u00e9sistance et zone de d\u00e9formation \u00e0 absorbtion d&rsquo;\u00e9nergie<\/td>\n<td><\/td>\n<\/tr>\n<tr>\n<td>Syst\u00e8me antiblocage des roues (ABS \u00e9lectronique) avec R\u00e9partition \u00e9lectronique du freinage (EBD)<\/td>\n<td><\/td>\n<\/tr>\n<tr>\n<td><\/td>\n<td><\/td>\n<\/tr>\n<tr>\n<td><\/td>\n<td><\/td>\n<\/tr>\n<tr>\n<td><\/td>\n<td><\/td>\n<\/tr>\n<tr>\n<td><\/td>\n<td><\/td>\n<\/tr>\n<tr>\n<td><\/td>\n<td><\/td>\n<\/tr>\n<tr>\n<td><\/td>\n<\/tr>\n<\/tbody>\n<\/table>\n<\/td>\n<\/tr>\n<\/tbody>\n<\/table>\n<\/td>\n<\/tr>\n<\/tbody>\n<\/table>\n<\/td>\n<\/tr>\n<\/tbody>\n<\/table>\n<\/td>\n<\/tr>\n<\/tbody>\n<\/table>\n<\/td>\n<\/tr>\n<\/tbody>\n<\/table>\n<\/td>\n<\/tr>\n<\/tbody>\n<\/table>\n<\/td>\n<td><\/td>\n<\/tr>\n<tr>\n<td>&nbsp;<\/p>\n<p>&nbsp;<\/td>\n<\/tr>\n<\/tbody>\n<\/table>\n<table class=\"tableauComparaisonVehicule\" width=\"658\" height=\"686\">\n<tbody>\n<tr class=\"rowAlternate\">\n<td><\/td>\n<td><\/td>\n<\/tr>\n<tr>\n<td><\/td>\n<td><\/td>\n<\/tr>\n<tr class=\"rowAlternate\">\n<td><\/td>\n<td><\/td>\n<\/tr>\n<tr>\n<td><\/td>\n<td><\/td>\n<\/tr>\n<tr class=\"rowAlternate\">\n<td><\/td>\n<td><\/td>\n<\/tr>\n<tr class=\"rowAlternate\">\n<td><\/td>\n<td><\/td>\n<\/tr>\n<tr class=\"rowAlternate\">\n<td><\/td>\n<td><\/td>\n<\/tr>\n<tr class=\"rowAlternate\">\n<td><\/td>\n<td><\/td>\n<\/tr>\n<tr>\n<td><\/td>\n<td><\/td>\n<\/tr>\n<tr class=\"rowAlternate\">\n<td style=\"text-align: left;\"><\/td>\n<td>&nbsp;<\/p>\n<p>&nbsp;<\/td>\n<\/tr>\n<\/tbody>\n<\/table>\n<table class=\"tableauComparaisonVehicule\">\n<tbody>\n<tr class=\"rowAlternate\">\n<td><\/td>\n<td><\/td>\n<\/tr>\n<tr>\n<td><\/td>\n<td><\/td>\n<\/tr>\n<tr class=\"rowAlternate\">\n<td><\/td>\n<td><\/td>\n<\/tr>\n<tr>\n<td><\/td>\n<td><\/td>\n<\/tr>\n<tr class=\"rowAlternate\">\n<td><\/td>\n<td><\/td>\n<\/tr>\n<tr class=\"rowAlternate\">\n<td><\/td>\n<td><\/td>\n<\/tr>\n<tr class=\"rowAlternate\">\n<td><\/td>\n<td><\/td>\n<\/tr>\n<tr class=\"rowAlternate\">\n<td><\/td>\n<td><\/td>\n<\/tr>\n<tr>\n<td><\/td>\n<td><\/td>\n<\/tr>\n<tr class=\"rowAlternate\">\n<td><\/td>\n<td><\/td>\n<\/tr>\n<\/tbody>\n<\/table>\n","protected":false},"excerpt":{"rendered":"<p>Date de 1 \u00e8re mise en circulation 15\/04\/2015 Kilom\u00e9trage 216641 kms CT fait le 04:09:2025 r\u00e9sultat favorable V\u00e9hicule r\u00e9vis\u00e9 garantie 6 mois Donn\u00e9es techniques Type de moteur 4 cylindres en Ligne Puissance 100 kW \/ 136 ch DIN Cylindr\u00e9e 1598 cc Transmission Traction avant Bo\u00eete de vitesses 6 rapports, Bo\u00eete<\/p>\n","protected":false},"featured_media":2817,"comment_status":"closed","ping_status":"closed","template":"","meta":[],"product_brand":[],"product_cat":[46],"product_tag":[],"class_list":{"0":"post-2802","1":"product","2":"type-product","3":"status-publish","4":"has-post-thumbnail","6":"product_cat-uncategorized","8":"first","9":"outofstock","10":"sale","11":"shipping-taxable","12":"purchasable","13":"product-type-simple"},"aioseo_notices":[],"_links":{"self":[{"href":"https:\/\/len-autosgarage.fr\/nov-apijson\/wp\/v2\/product\/2802","targetHints":{"allow":["GET"]}}],"collection":[{"href":"https:\/\/len-autosgarage.fr\/nov-apijson\/wp\/v2\/product"}],"about":[{"href":"https:\/\/len-autosgarage.fr\/nov-apijson\/wp\/v2\/types\/product"}],"replies":[{"embeddable":true,"href":"https:\/\/len-autosgarage.fr\/nov-apijson\/wp\/v2\/comments?post=2802"}],"wp:featuredmedia":[{"embeddable":true,"href":"https:\/\/len-autosgarage.fr\/nov-apijson\/wp\/v2\/media\/2817"}],"wp:attachment":[{"href":"https:\/\/len-autosgarage.fr\/nov-apijson\/wp\/v2\/media?parent=2802"}],"wp:term":[{"taxonomy":"product_brand","embeddable":true,"href":"https:\/\/len-autosgarage.fr\/nov-apijson\/wp\/v2\/product_brand?post=2802"},{"taxonomy":"product_cat","embeddable":true,"href":"https:\/\/len-autosgarage.fr\/nov-apijson\/wp\/v2\/product_cat?post=2802"},{"taxonomy":"product_tag","embeddable":true,"href":"https:\/\/len-autosgarage.fr\/nov-apijson\/wp\/v2\/product_tag?post=2802"}],"curies":[{"name":"wp","href":"https:\/\/api.w.org\/{rel}","templated":true}]}}