{"id":2849,"date":"2025-09-18T13:35:31","date_gmt":"2025-09-18T11:35:31","guid":{"rendered":"https:\/\/len-autosgarage.fr\/?post_type=product&#038;p=2849"},"modified":"2025-10-21T12:14:02","modified_gmt":"2025-10-21T10:14:02","slug":"peugeot-308-sw-1-6-bluehdi-100ch-ss-bvm5-active-business","status":"publish","type":"product","link":"https:\/\/len-autosgarage.fr\/product\/peugeot-308-sw-1-6-bluehdi-100ch-ss-bvm5-active-business\/","title":{"rendered":"PEUGEOT 308 SW 1.6 BlueHDi 100ch S&#038;S BVM5 Active Business"},"content":{"rendered":"<p><img fetchpriority=\"high\" decoding=\"async\" src=\"https:\/\/len-autosgarage.fr\/wp-content\/uploads\/2025\/09\/IMG_7065-300x225.jpg\" alt=\"\" width=\"300\" height=\"225\" class=\"alignnone size-medium wp-image-2850\" srcset=\"https:\/\/len-autosgarage.fr\/wp-content\/uploads\/2025\/09\/IMG_7065-300x225.jpg 300w, https:\/\/len-autosgarage.fr\/wp-content\/uploads\/2025\/09\/IMG_7065-1024x768.jpg 1024w, https:\/\/len-autosgarage.fr\/wp-content\/uploads\/2025\/09\/IMG_7065-768x576.jpg 768w, https:\/\/len-autosgarage.fr\/wp-content\/uploads\/2025\/09\/IMG_7065-1536x1152.jpg 1536w, https:\/\/len-autosgarage.fr\/wp-content\/uploads\/2025\/09\/IMG_7065-2048x1536.jpg 2048w, https:\/\/len-autosgarage.fr\/wp-content\/uploads\/2025\/09\/IMG_7065-1320x990.jpg 1320w, https:\/\/len-autosgarage.fr\/wp-content\/uploads\/2025\/09\/IMG_7065-230x173.jpg 230w, https:\/\/len-autosgarage.fr\/wp-content\/uploads\/2025\/09\/IMG_7065-600x450.jpg 600w\" sizes=\"(max-width: 300px) 100vw, 300px\" \/> <img decoding=\"async\" src=\"https:\/\/len-autosgarage.fr\/wp-content\/uploads\/2025\/09\/IMG_7064-300x225.jpg\" alt=\"\" width=\"300\" height=\"225\" class=\"alignnone size-medium wp-image-2851\" srcset=\"https:\/\/len-autosgarage.fr\/wp-content\/uploads\/2025\/09\/IMG_7064-300x225.jpg 300w, https:\/\/len-autosgarage.fr\/wp-content\/uploads\/2025\/09\/IMG_7064-1024x768.jpg 1024w, https:\/\/len-autosgarage.fr\/wp-content\/uploads\/2025\/09\/IMG_7064-768x576.jpg 768w, https:\/\/len-autosgarage.fr\/wp-content\/uploads\/2025\/09\/IMG_7064-1536x1152.jpg 1536w, https:\/\/len-autosgarage.fr\/wp-content\/uploads\/2025\/09\/IMG_7064-2048x1536.jpg 2048w, https:\/\/len-autosgarage.fr\/wp-content\/uploads\/2025\/09\/IMG_7064-1320x990.jpg 1320w, https:\/\/len-autosgarage.fr\/wp-content\/uploads\/2025\/09\/IMG_7064-230x173.jpg 230w, https:\/\/len-autosgarage.fr\/wp-content\/uploads\/2025\/09\/IMG_7064-600x450.jpg 600w\" sizes=\"(max-width: 300px) 100vw, 300px\" \/> <img decoding=\"async\" src=\"https:\/\/len-autosgarage.fr\/wp-content\/uploads\/2025\/09\/IMG_7066-225x300.jpg\" alt=\"\" width=\"225\" height=\"300\" class=\"alignnone size-medium wp-image-2852\" srcset=\"https:\/\/len-autosgarage.fr\/wp-content\/uploads\/2025\/09\/IMG_7066-225x300.jpg 225w, https:\/\/len-autosgarage.fr\/wp-content\/uploads\/2025\/09\/IMG_7066-768x1024.jpg 768w, https:\/\/len-autosgarage.fr\/wp-content\/uploads\/2025\/09\/IMG_7066-1152x1536.jpg 1152w, https:\/\/len-autosgarage.fr\/wp-content\/uploads\/2025\/09\/IMG_7066-1536x2048.jpg 1536w, https:\/\/len-autosgarage.fr\/wp-content\/uploads\/2025\/09\/IMG_7066-1320x1760.jpg 1320w, https:\/\/len-autosgarage.fr\/wp-content\/uploads\/2025\/09\/IMG_7066-230x307.jpg 230w, https:\/\/len-autosgarage.fr\/wp-content\/uploads\/2025\/09\/IMG_7066-600x800.jpg 600w\" sizes=\"(max-width: 225px) 100vw, 225px\" \/> <img loading=\"lazy\" decoding=\"async\" src=\"https:\/\/len-autosgarage.fr\/wp-content\/uploads\/2025\/09\/IMG_7067-300x225.jpg\" alt=\"\" width=\"300\" height=\"225\" class=\"alignnone size-medium wp-image-2853\" srcset=\"https:\/\/len-autosgarage.fr\/wp-content\/uploads\/2025\/09\/IMG_7067-300x225.jpg 300w, https:\/\/len-autosgarage.fr\/wp-content\/uploads\/2025\/09\/IMG_7067-1024x768.jpg 1024w, https:\/\/len-autosgarage.fr\/wp-content\/uploads\/2025\/09\/IMG_7067-768x576.jpg 768w, https:\/\/len-autosgarage.fr\/wp-content\/uploads\/2025\/09\/IMG_7067-1536x1152.jpg 1536w, https:\/\/len-autosgarage.fr\/wp-content\/uploads\/2025\/09\/IMG_7067-2048x1536.jpg 2048w, https:\/\/len-autosgarage.fr\/wp-content\/uploads\/2025\/09\/IMG_7067-1320x990.jpg 1320w, https:\/\/len-autosgarage.fr\/wp-content\/uploads\/2025\/09\/IMG_7067-230x173.jpg 230w, https:\/\/len-autosgarage.fr\/wp-content\/uploads\/2025\/09\/IMG_7067-600x450.jpg 600w\" sizes=\"(max-width: 300px) 100vw, 300px\" \/> <img loading=\"lazy\" decoding=\"async\" src=\"https:\/\/len-autosgarage.fr\/wp-content\/uploads\/2025\/09\/IMG_7068-300x225.jpg\" alt=\"\" width=\"300\" height=\"225\" class=\"alignnone size-medium wp-image-2854\" srcset=\"https:\/\/len-autosgarage.fr\/wp-content\/uploads\/2025\/09\/IMG_7068-300x225.jpg 300w, https:\/\/len-autosgarage.fr\/wp-content\/uploads\/2025\/09\/IMG_7068-1024x768.jpg 1024w, https:\/\/len-autosgarage.fr\/wp-content\/uploads\/2025\/09\/IMG_7068-768x576.jpg 768w, https:\/\/len-autosgarage.fr\/wp-content\/uploads\/2025\/09\/IMG_7068-1536x1152.jpg 1536w, https:\/\/len-autosgarage.fr\/wp-content\/uploads\/2025\/09\/IMG_7068-2048x1536.jpg 2048w, https:\/\/len-autosgarage.fr\/wp-content\/uploads\/2025\/09\/IMG_7068-1320x990.jpg 1320w, https:\/\/len-autosgarage.fr\/wp-content\/uploads\/2025\/09\/IMG_7068-230x173.jpg 230w, https:\/\/len-autosgarage.fr\/wp-content\/uploads\/2025\/09\/IMG_7068-600x450.jpg 600w\" sizes=\"(max-width: 300px) 100vw, 300px\" \/> <img loading=\"lazy\" decoding=\"async\" src=\"https:\/\/len-autosgarage.fr\/wp-content\/uploads\/2025\/09\/IMG_7061-300x225.jpg\" alt=\"\" width=\"300\" height=\"225\" class=\"alignnone size-medium wp-image-2855\" srcset=\"https:\/\/len-autosgarage.fr\/wp-content\/uploads\/2025\/09\/IMG_7061-300x225.jpg 300w, https:\/\/len-autosgarage.fr\/wp-content\/uploads\/2025\/09\/IMG_7061-1024x768.jpg 1024w, https:\/\/len-autosgarage.fr\/wp-content\/uploads\/2025\/09\/IMG_7061-768x576.jpg 768w, https:\/\/len-autosgarage.fr\/wp-content\/uploads\/2025\/09\/IMG_7061-1536x1152.jpg 1536w, https:\/\/len-autosgarage.fr\/wp-content\/uploads\/2025\/09\/IMG_7061-2048x1536.jpg 2048w, https:\/\/len-autosgarage.fr\/wp-content\/uploads\/2025\/09\/IMG_7061-1320x990.jpg 1320w, https:\/\/len-autosgarage.fr\/wp-content\/uploads\/2025\/09\/IMG_7061-230x173.jpg 230w, https:\/\/len-autosgarage.fr\/wp-content\/uploads\/2025\/09\/IMG_7061-600x450.jpg 600w\" sizes=\"(max-width: 300px) 100vw, 300px\" \/> <img loading=\"lazy\" decoding=\"async\" src=\"https:\/\/len-autosgarage.fr\/wp-content\/uploads\/2025\/09\/IMG_7060-225x300.jpg\" alt=\"\" width=\"225\" height=\"300\" class=\"alignnone size-medium wp-image-2856\" srcset=\"https:\/\/len-autosgarage.fr\/wp-content\/uploads\/2025\/09\/IMG_7060-225x300.jpg 225w, https:\/\/len-autosgarage.fr\/wp-content\/uploads\/2025\/09\/IMG_7060-768x1024.jpg 768w, https:\/\/len-autosgarage.fr\/wp-content\/uploads\/2025\/09\/IMG_7060-1152x1536.jpg 1152w, https:\/\/len-autosgarage.fr\/wp-content\/uploads\/2025\/09\/IMG_7060-1536x2048.jpg 1536w, https:\/\/len-autosgarage.fr\/wp-content\/uploads\/2025\/09\/IMG_7060-1320x1760.jpg 1320w, https:\/\/len-autosgarage.fr\/wp-content\/uploads\/2025\/09\/IMG_7060-230x307.jpg 230w, https:\/\/len-autosgarage.fr\/wp-content\/uploads\/2025\/09\/IMG_7060-600x800.jpg 600w\" sizes=\"(max-width: 225px) 100vw, 225px\" \/> <img loading=\"lazy\" decoding=\"async\" src=\"https:\/\/len-autosgarage.fr\/wp-content\/uploads\/2025\/09\/IMG_7063-225x300.jpg\" alt=\"\" width=\"225\" height=\"300\" class=\"alignnone size-medium wp-image-2857\" srcset=\"https:\/\/len-autosgarage.fr\/wp-content\/uploads\/2025\/09\/IMG_7063-225x300.jpg 225w, https:\/\/len-autosgarage.fr\/wp-content\/uploads\/2025\/09\/IMG_7063-768x1024.jpg 768w, https:\/\/len-autosgarage.fr\/wp-content\/uploads\/2025\/09\/IMG_7063-1152x1536.jpg 1152w, https:\/\/len-autosgarage.fr\/wp-content\/uploads\/2025\/09\/IMG_7063-1536x2048.jpg 1536w, https:\/\/len-autosgarage.fr\/wp-content\/uploads\/2025\/09\/IMG_7063-1320x1760.jpg 1320w, https:\/\/len-autosgarage.fr\/wp-content\/uploads\/2025\/09\/IMG_7063-230x307.jpg 230w, https:\/\/len-autosgarage.fr\/wp-content\/uploads\/2025\/09\/IMG_7063-600x800.jpg 600w\" sizes=\"(max-width: 225px) 100vw, 225px\" \/> <img loading=\"lazy\" decoding=\"async\" src=\"https:\/\/len-autosgarage.fr\/wp-content\/uploads\/2025\/09\/IMG_7074-300x225.jpg\" alt=\"\" width=\"300\" height=\"225\" class=\"alignnone size-medium wp-image-2858\" srcset=\"https:\/\/len-autosgarage.fr\/wp-content\/uploads\/2025\/09\/IMG_7074-300x225.jpg 300w, https:\/\/len-autosgarage.fr\/wp-content\/uploads\/2025\/09\/IMG_7074-1024x768.jpg 1024w, https:\/\/len-autosgarage.fr\/wp-content\/uploads\/2025\/09\/IMG_7074-768x576.jpg 768w, https:\/\/len-autosgarage.fr\/wp-content\/uploads\/2025\/09\/IMG_7074-1536x1152.jpg 1536w, https:\/\/len-autosgarage.fr\/wp-content\/uploads\/2025\/09\/IMG_7074-2048x1536.jpg 2048w, https:\/\/len-autosgarage.fr\/wp-content\/uploads\/2025\/09\/IMG_7074-1320x990.jpg 1320w, https:\/\/len-autosgarage.fr\/wp-content\/uploads\/2025\/09\/IMG_7074-230x173.jpg 230w, https:\/\/len-autosgarage.fr\/wp-content\/uploads\/2025\/09\/IMG_7074-600x450.jpg 600w\" sizes=\"(max-width: 300px) 100vw, 300px\" \/> <img loading=\"lazy\" decoding=\"async\" src=\"https:\/\/len-autosgarage.fr\/wp-content\/uploads\/2025\/09\/IMG_7075-300x225.jpg\" alt=\"\" width=\"300\" height=\"225\" class=\"alignnone size-medium wp-image-2859\" srcset=\"https:\/\/len-autosgarage.fr\/wp-content\/uploads\/2025\/09\/IMG_7075-300x225.jpg 300w, https:\/\/len-autosgarage.fr\/wp-content\/uploads\/2025\/09\/IMG_7075-1024x768.jpg 1024w, https:\/\/len-autosgarage.fr\/wp-content\/uploads\/2025\/09\/IMG_7075-768x576.jpg 768w, https:\/\/len-autosgarage.fr\/wp-content\/uploads\/2025\/09\/IMG_7075-1536x1152.jpg 1536w, https:\/\/len-autosgarage.fr\/wp-content\/uploads\/2025\/09\/IMG_7075-2048x1536.jpg 2048w, https:\/\/len-autosgarage.fr\/wp-content\/uploads\/2025\/09\/IMG_7075-1320x990.jpg 1320w, https:\/\/len-autosgarage.fr\/wp-content\/uploads\/2025\/09\/IMG_7075-230x173.jpg 230w, https:\/\/len-autosgarage.fr\/wp-content\/uploads\/2025\/09\/IMG_7075-600x450.jpg 600w\" sizes=\"(max-width: 300px) 100vw, 300px\" \/><\/p>\n","protected":false},"excerpt":{"rendered":"<h4>PEUGEOT 308 SW 1.6 BlueHDi 100ch S&amp;S BVM5 Active Business<\/h4>\n<p>Date de 1 ere mise en circulation 29\/06\/2012<\/p>\n<p>175285 KMS<\/p>\n<p>Options : <span>Peinture m\u00e9tallis\u00e9e : Roue de secours Galette<\/span><\/p>\n<p>SERIE<\/p>\n<table class=\"tableauComparaisonVehicule\">\n<tbody>\n<tr>\n<td>6 Airbags (frontaux, lat\u00e9raux AV et rideaux)<\/td>\n<td><\/td>\n<\/tr>\n<tr>\n<td>Accoudoir central AV avec rangement<\/td>\n<td><\/td>\n<\/tr>\n<tr>\n<td>Aide au d\u00e9marrage en pente<\/td>\n<td><\/td>\n<\/tr>\n<tr>\n<td>Aide au stationnement AR<\/td>\n<td><\/td>\n<\/tr>\n<tr>\n<td>Aide au stationnement AV<\/td>\n<td><\/td>\n<\/tr>\n<tr>\n<td>Air conditionn\u00e9 automatique bi-zone<\/td>\n<td><\/td>\n<\/tr>\n<tr>\n<td>Allumage diurne des feux AR<\/td>\n<td><\/td>\n<\/tr>\n<tr>\n<td>Banquette AR rabattable 1\/3 &#8211; 2\/3 (avec modularit\u00e9 \u00ab\u00a0Magic Flat\u00a0\u00bb)<\/td>\n<td><\/td>\n<\/tr>\n<tr>\n<td>Calandre a ailettes noire brillante avec jonc chrome<\/td>\n<td><\/td>\n<\/tr>\n<tr>\n<td>Ecran Tactile multifonction 9,7&Prime;, radio, Bluetooth, Jack, USB, 6HP<\/td>\n<td><\/td>\n<\/tr>\n<tr>\n<td>Fonction \u00ab\u00a0Mirror Screen\u00a0\u00bb<\/td>\n<td><\/td>\n<\/tr>\n<tr>\n<td>Jantes alliage 16&Prime; QUARTZ<\/td>\n<td><\/td>\n<\/tr>\n<tr>\n<td>L\u00e8ve-vitres AV et AR \u00e9lectriques avec antipincement<\/p>\n<table class=\"tableauComparaisonVehicule\">\n<tbody>\n<tr>\n<td>Pack Confort<\/td>\n<td><\/td>\n<\/tr>\n<tr>\n<td>Pack Look ext\u00e9rieur<\/td>\n<td><\/td>\n<\/tr>\n<tr>\n<td>Pack R\u00e9trovision<\/td>\n<td><\/td>\n<\/tr>\n<tr>\n<td>Pack Safety<\/td>\n<td><\/td>\n<\/tr>\n<tr>\n<td>Pack Visibilit\u00e9<\/td>\n<td><\/td>\n<\/tr>\n<tr>\n<td>Peugeot Connect<\/td>\n<td><\/td>\n<\/tr>\n<tr>\n<td>PEUGEOT i-Cockpit avec combin\u00e9 tete haute<\/td>\n<td><\/td>\n<\/tr>\n<tr>\n<td>Projecteurs antibrouillard halog\u00e8nes<\/td>\n<td><\/td>\n<\/tr>\n<tr>\n<td>Projecteurs elliptiques halogenes avec feux diurne int\u00e9gr\u00e9<\/td>\n<td><\/td>\n<\/tr>\n<tr>\n<td>R\u00e9glage en hauteur du si\u00e8ge conducteur (m\u00e9canique)<\/td>\n<td><\/td>\n<\/tr>\n<tr>\n<td>R\u00e9glage en hauteur du si\u00e8ge passager (m\u00e9canique)<\/td>\n<td><\/td>\n<\/tr>\n<tr>\n<td>R\u00e9glage lombaire du si\u00e8ge conducteur (m\u00e9canique)<\/td>\n<td><\/td>\n<\/tr>\n<tr>\n<td>R\u00e9gulateur et limiteur de vitesse<\/p>\n<p><span>Volant Sport Cuir pleine fleur avec commandes sur volant<\/span><\/td>\n<\/tr>\n<\/tbody>\n<\/table>\n<\/td>\n<\/tr>\n<\/tbody>\n<\/table>\n","protected":false},"featured_media":2850,"comment_status":"closed","ping_status":"closed","template":"","meta":[],"product_brand":[],"product_cat":[46],"product_tag":[],"class_list":{"0":"post-2849","1":"product","2":"type-product","3":"status-publish","4":"has-post-thumbnail","6":"product_cat-uncategorized","8":"first","9":"outofstock","10":"shipping-taxable","11":"purchasable","12":"product-type-simple"},"aioseo_notices":[],"_links":{"self":[{"href":"https:\/\/len-autosgarage.fr\/nov-apijson\/wp\/v2\/product\/2849","targetHints":{"allow":["GET"]}}],"collection":[{"href":"https:\/\/len-autosgarage.fr\/nov-apijson\/wp\/v2\/product"}],"about":[{"href":"https:\/\/len-autosgarage.fr\/nov-apijson\/wp\/v2\/types\/product"}],"replies":[{"embeddable":true,"href":"https:\/\/len-autosgarage.fr\/nov-apijson\/wp\/v2\/comments?post=2849"}],"wp:featuredmedia":[{"embeddable":true,"href":"https:\/\/len-autosgarage.fr\/nov-apijson\/wp\/v2\/media\/2850"}],"wp:attachment":[{"href":"https:\/\/len-autosgarage.fr\/nov-apijson\/wp\/v2\/media?parent=2849"}],"wp:term":[{"taxonomy":"product_brand","embeddable":true,"href":"https:\/\/len-autosgarage.fr\/nov-apijson\/wp\/v2\/product_brand?post=2849"},{"taxonomy":"product_cat","embeddable":true,"href":"https:\/\/len-autosgarage.fr\/nov-apijson\/wp\/v2\/product_cat?post=2849"},{"taxonomy":"product_tag","embeddable":true,"href":"https:\/\/len-autosgarage.fr\/nov-apijson\/wp\/v2\/product_tag?post=2849"}],"curies":[{"name":"wp","href":"https:\/\/api.w.org\/{rel}","templated":true}]}}