{"id":2860,"date":"2025-09-18T15:02:57","date_gmt":"2025-09-18T13:02:57","guid":{"rendered":"https:\/\/len-autosgarage.fr\/?post_type=product&#038;p=2860"},"modified":"2025-11-06T13:17:58","modified_gmt":"2025-11-06T12:17:58","slug":"citroen-c3-aircross-puretech-110-ss-bvm6-shine","status":"publish","type":"product","link":"https:\/\/len-autosgarage.fr\/product\/citroen-c3-aircross-puretech-110-ss-bvm6-shine\/","title":{"rendered":"CITROEN C3 Aircross PureTech 110 S&#038;S BVM6 Shine"},"content":{"rendered":"<p><img fetchpriority=\"high\" decoding=\"async\" src=\"https:\/\/len-autosgarage.fr\/wp-content\/uploads\/2025\/09\/IMG_7078-300x225.jpg\" alt=\"\" width=\"300\" height=\"225\" class=\"alignnone size-medium wp-image-2862\" srcset=\"https:\/\/len-autosgarage.fr\/wp-content\/uploads\/2025\/09\/IMG_7078-300x225.jpg 300w, https:\/\/len-autosgarage.fr\/wp-content\/uploads\/2025\/09\/IMG_7078-1024x768.jpg 1024w, https:\/\/len-autosgarage.fr\/wp-content\/uploads\/2025\/09\/IMG_7078-768x576.jpg 768w, https:\/\/len-autosgarage.fr\/wp-content\/uploads\/2025\/09\/IMG_7078-1536x1152.jpg 1536w, https:\/\/len-autosgarage.fr\/wp-content\/uploads\/2025\/09\/IMG_7078-2048x1536.jpg 2048w, https:\/\/len-autosgarage.fr\/wp-content\/uploads\/2025\/09\/IMG_7078-1320x990.jpg 1320w, https:\/\/len-autosgarage.fr\/wp-content\/uploads\/2025\/09\/IMG_7078-230x173.jpg 230w, https:\/\/len-autosgarage.fr\/wp-content\/uploads\/2025\/09\/IMG_7078-600x450.jpg 600w\" sizes=\"(max-width: 300px) 100vw, 300px\" \/> <img decoding=\"async\" src=\"https:\/\/len-autosgarage.fr\/wp-content\/uploads\/2025\/09\/IMG_7079-225x300.jpg\" alt=\"\" width=\"225\" height=\"300\" class=\"alignnone size-medium wp-image-2863\" srcset=\"https:\/\/len-autosgarage.fr\/wp-content\/uploads\/2025\/09\/IMG_7079-225x300.jpg 225w, https:\/\/len-autosgarage.fr\/wp-content\/uploads\/2025\/09\/IMG_7079-768x1024.jpg 768w, https:\/\/len-autosgarage.fr\/wp-content\/uploads\/2025\/09\/IMG_7079-1152x1536.jpg 1152w, https:\/\/len-autosgarage.fr\/wp-content\/uploads\/2025\/09\/IMG_7079-1536x2048.jpg 1536w, https:\/\/len-autosgarage.fr\/wp-content\/uploads\/2025\/09\/IMG_7079-1320x1760.jpg 1320w, https:\/\/len-autosgarage.fr\/wp-content\/uploads\/2025\/09\/IMG_7079-230x307.jpg 230w, https:\/\/len-autosgarage.fr\/wp-content\/uploads\/2025\/09\/IMG_7079-600x800.jpg 600w\" sizes=\"(max-width: 225px) 100vw, 225px\" \/> <img decoding=\"async\" src=\"https:\/\/len-autosgarage.fr\/wp-content\/uploads\/2025\/09\/IMG_7080-300x225.jpg\" alt=\"\" width=\"300\" height=\"225\" class=\"alignnone size-medium wp-image-2864\" srcset=\"https:\/\/len-autosgarage.fr\/wp-content\/uploads\/2025\/09\/IMG_7080-300x225.jpg 300w, https:\/\/len-autosgarage.fr\/wp-content\/uploads\/2025\/09\/IMG_7080-1024x768.jpg 1024w, https:\/\/len-autosgarage.fr\/wp-content\/uploads\/2025\/09\/IMG_7080-768x576.jpg 768w, https:\/\/len-autosgarage.fr\/wp-content\/uploads\/2025\/09\/IMG_7080-1536x1152.jpg 1536w, https:\/\/len-autosgarage.fr\/wp-content\/uploads\/2025\/09\/IMG_7080-2048x1536.jpg 2048w, https:\/\/len-autosgarage.fr\/wp-content\/uploads\/2025\/09\/IMG_7080-1320x990.jpg 1320w, https:\/\/len-autosgarage.fr\/wp-content\/uploads\/2025\/09\/IMG_7080-230x173.jpg 230w, https:\/\/len-autosgarage.fr\/wp-content\/uploads\/2025\/09\/IMG_7080-600x450.jpg 600w\" sizes=\"(max-width: 300px) 100vw, 300px\" \/> <img loading=\"lazy\" decoding=\"async\" src=\"https:\/\/len-autosgarage.fr\/wp-content\/uploads\/2025\/09\/IMG_7082-300x225.jpg\" alt=\"\" width=\"300\" height=\"225\" class=\"alignnone size-medium wp-image-2865\" srcset=\"https:\/\/len-autosgarage.fr\/wp-content\/uploads\/2025\/09\/IMG_7082-300x225.jpg 300w, https:\/\/len-autosgarage.fr\/wp-content\/uploads\/2025\/09\/IMG_7082-1024x768.jpg 1024w, https:\/\/len-autosgarage.fr\/wp-content\/uploads\/2025\/09\/IMG_7082-768x576.jpg 768w, https:\/\/len-autosgarage.fr\/wp-content\/uploads\/2025\/09\/IMG_7082-1536x1152.jpg 1536w, https:\/\/len-autosgarage.fr\/wp-content\/uploads\/2025\/09\/IMG_7082-2048x1536.jpg 2048w, https:\/\/len-autosgarage.fr\/wp-content\/uploads\/2025\/09\/IMG_7082-1320x990.jpg 1320w, https:\/\/len-autosgarage.fr\/wp-content\/uploads\/2025\/09\/IMG_7082-230x173.jpg 230w, https:\/\/len-autosgarage.fr\/wp-content\/uploads\/2025\/09\/IMG_7082-600x450.jpg 600w\" sizes=\"(max-width: 300px) 100vw, 300px\" \/> <img loading=\"lazy\" decoding=\"async\" src=\"https:\/\/len-autosgarage.fr\/wp-content\/uploads\/2025\/09\/IMG_7083-300x225.jpg\" alt=\"\" width=\"300\" height=\"225\" class=\"alignnone size-medium wp-image-2866\" srcset=\"https:\/\/len-autosgarage.fr\/wp-content\/uploads\/2025\/09\/IMG_7083-300x225.jpg 300w, https:\/\/len-autosgarage.fr\/wp-content\/uploads\/2025\/09\/IMG_7083-1024x768.jpg 1024w, https:\/\/len-autosgarage.fr\/wp-content\/uploads\/2025\/09\/IMG_7083-768x576.jpg 768w, https:\/\/len-autosgarage.fr\/wp-content\/uploads\/2025\/09\/IMG_7083-1536x1152.jpg 1536w, https:\/\/len-autosgarage.fr\/wp-content\/uploads\/2025\/09\/IMG_7083-2048x1536.jpg 2048w, https:\/\/len-autosgarage.fr\/wp-content\/uploads\/2025\/09\/IMG_7083-1320x990.jpg 1320w, https:\/\/len-autosgarage.fr\/wp-content\/uploads\/2025\/09\/IMG_7083-230x173.jpg 230w, https:\/\/len-autosgarage.fr\/wp-content\/uploads\/2025\/09\/IMG_7083-600x450.jpg 600w\" sizes=\"(max-width: 300px) 100vw, 300px\" \/> <img loading=\"lazy\" decoding=\"async\" src=\"https:\/\/len-autosgarage.fr\/wp-content\/uploads\/2025\/09\/IMG_7077-300x225.jpg\" alt=\"\" width=\"300\" height=\"225\" class=\"alignnone size-medium wp-image-2867\" srcset=\"https:\/\/len-autosgarage.fr\/wp-content\/uploads\/2025\/09\/IMG_7077-300x225.jpg 300w, https:\/\/len-autosgarage.fr\/wp-content\/uploads\/2025\/09\/IMG_7077-1024x768.jpg 1024w, https:\/\/len-autosgarage.fr\/wp-content\/uploads\/2025\/09\/IMG_7077-768x576.jpg 768w, https:\/\/len-autosgarage.fr\/wp-content\/uploads\/2025\/09\/IMG_7077-1536x1152.jpg 1536w, https:\/\/len-autosgarage.fr\/wp-content\/uploads\/2025\/09\/IMG_7077-2048x1536.jpg 2048w, https:\/\/len-autosgarage.fr\/wp-content\/uploads\/2025\/09\/IMG_7077-1320x990.jpg 1320w, https:\/\/len-autosgarage.fr\/wp-content\/uploads\/2025\/09\/IMG_7077-230x173.jpg 230w, https:\/\/len-autosgarage.fr\/wp-content\/uploads\/2025\/09\/IMG_7077-600x450.jpg 600w\" sizes=\"(max-width: 300px) 100vw, 300px\" \/> <img loading=\"lazy\" decoding=\"async\" src=\"https:\/\/len-autosgarage.fr\/wp-content\/uploads\/2025\/09\/IMG_7076-225x300.jpg\" alt=\"\" width=\"225\" height=\"300\" class=\"alignnone size-medium wp-image-2868\" srcset=\"https:\/\/len-autosgarage.fr\/wp-content\/uploads\/2025\/09\/IMG_7076-225x300.jpg 225w, https:\/\/len-autosgarage.fr\/wp-content\/uploads\/2025\/09\/IMG_7076-768x1024.jpg 768w, https:\/\/len-autosgarage.fr\/wp-content\/uploads\/2025\/09\/IMG_7076-1152x1536.jpg 1152w, https:\/\/len-autosgarage.fr\/wp-content\/uploads\/2025\/09\/IMG_7076-1536x2048.jpg 1536w, https:\/\/len-autosgarage.fr\/wp-content\/uploads\/2025\/09\/IMG_7076-1320x1760.jpg 1320w, https:\/\/len-autosgarage.fr\/wp-content\/uploads\/2025\/09\/IMG_7076-230x307.jpg 230w, https:\/\/len-autosgarage.fr\/wp-content\/uploads\/2025\/09\/IMG_7076-600x800.jpg 600w\" sizes=\"(max-width: 225px) 100vw, 225px\" \/> <img loading=\"lazy\" decoding=\"async\" src=\"https:\/\/len-autosgarage.fr\/wp-content\/uploads\/2025\/09\/IMG_7086-225x300.jpg\" alt=\"\" width=\"225\" height=\"300\" class=\"alignnone size-medium wp-image-2869\" srcset=\"https:\/\/len-autosgarage.fr\/wp-content\/uploads\/2025\/09\/IMG_7086-225x300.jpg 225w, https:\/\/len-autosgarage.fr\/wp-content\/uploads\/2025\/09\/IMG_7086-768x1024.jpg 768w, https:\/\/len-autosgarage.fr\/wp-content\/uploads\/2025\/09\/IMG_7086-1152x1536.jpg 1152w, https:\/\/len-autosgarage.fr\/wp-content\/uploads\/2025\/09\/IMG_7086-1536x2048.jpg 1536w, https:\/\/len-autosgarage.fr\/wp-content\/uploads\/2025\/09\/IMG_7086-1320x1760.jpg 1320w, https:\/\/len-autosgarage.fr\/wp-content\/uploads\/2025\/09\/IMG_7086-230x307.jpg 230w, https:\/\/len-autosgarage.fr\/wp-content\/uploads\/2025\/09\/IMG_7086-600x800.jpg 600w\" sizes=\"(max-width: 225px) 100vw, 225px\" \/> <img loading=\"lazy\" decoding=\"async\" src=\"https:\/\/len-autosgarage.fr\/wp-content\/uploads\/2025\/09\/IMG_7085-225x300.jpg\" alt=\"\" width=\"225\" height=\"300\" class=\"alignnone size-medium wp-image-2870\" srcset=\"https:\/\/len-autosgarage.fr\/wp-content\/uploads\/2025\/09\/IMG_7085-225x300.jpg 225w, https:\/\/len-autosgarage.fr\/wp-content\/uploads\/2025\/09\/IMG_7085-768x1024.jpg 768w, https:\/\/len-autosgarage.fr\/wp-content\/uploads\/2025\/09\/IMG_7085-1152x1536.jpg 1152w, https:\/\/len-autosgarage.fr\/wp-content\/uploads\/2025\/09\/IMG_7085-1536x2048.jpg 1536w, https:\/\/len-autosgarage.fr\/wp-content\/uploads\/2025\/09\/IMG_7085-1320x1760.jpg 1320w, https:\/\/len-autosgarage.fr\/wp-content\/uploads\/2025\/09\/IMG_7085-230x307.jpg 230w, https:\/\/len-autosgarage.fr\/wp-content\/uploads\/2025\/09\/IMG_7085-600x800.jpg 600w\" sizes=\"(max-width: 225px) 100vw, 225px\" \/> <img loading=\"lazy\" decoding=\"async\" src=\"https:\/\/len-autosgarage.fr\/wp-content\/uploads\/2025\/09\/IMG_7087-300x225.jpg\" alt=\"\" width=\"300\" height=\"225\" class=\"alignnone size-medium wp-image-2871\" srcset=\"https:\/\/len-autosgarage.fr\/wp-content\/uploads\/2025\/09\/IMG_7087-300x225.jpg 300w, https:\/\/len-autosgarage.fr\/wp-content\/uploads\/2025\/09\/IMG_7087-1024x768.jpg 1024w, https:\/\/len-autosgarage.fr\/wp-content\/uploads\/2025\/09\/IMG_7087-768x576.jpg 768w, https:\/\/len-autosgarage.fr\/wp-content\/uploads\/2025\/09\/IMG_7087-1536x1152.jpg 1536w, https:\/\/len-autosgarage.fr\/wp-content\/uploads\/2025\/09\/IMG_7087-2048x1536.jpg 2048w, https:\/\/len-autosgarage.fr\/wp-content\/uploads\/2025\/09\/IMG_7087-1320x990.jpg 1320w, https:\/\/len-autosgarage.fr\/wp-content\/uploads\/2025\/09\/IMG_7087-230x173.jpg 230w, https:\/\/len-autosgarage.fr\/wp-content\/uploads\/2025\/09\/IMG_7087-600x450.jpg 600w\" sizes=\"(max-width: 300px) 100vw, 300px\" \/> <img loading=\"lazy\" decoding=\"async\" src=\"https:\/\/len-autosgarage.fr\/wp-content\/uploads\/2025\/09\/IMG_7084-300x225.jpg\" alt=\"\" width=\"300\" height=\"225\" class=\"alignnone size-medium wp-image-2872\" srcset=\"https:\/\/len-autosgarage.fr\/wp-content\/uploads\/2025\/09\/IMG_7084-300x225.jpg 300w, https:\/\/len-autosgarage.fr\/wp-content\/uploads\/2025\/09\/IMG_7084-1024x768.jpg 1024w, https:\/\/len-autosgarage.fr\/wp-content\/uploads\/2025\/09\/IMG_7084-768x576.jpg 768w, https:\/\/len-autosgarage.fr\/wp-content\/uploads\/2025\/09\/IMG_7084-1536x1152.jpg 1536w, https:\/\/len-autosgarage.fr\/wp-content\/uploads\/2025\/09\/IMG_7084-2048x1536.jpg 2048w, https:\/\/len-autosgarage.fr\/wp-content\/uploads\/2025\/09\/IMG_7084-1320x990.jpg 1320w, https:\/\/len-autosgarage.fr\/wp-content\/uploads\/2025\/09\/IMG_7084-230x173.jpg 230w, https:\/\/len-autosgarage.fr\/wp-content\/uploads\/2025\/09\/IMG_7084-600x450.jpg 600w\" sizes=\"(max-width: 300px) 100vw, 300px\" \/> <img loading=\"lazy\" decoding=\"async\" src=\"https:\/\/len-autosgarage.fr\/wp-content\/uploads\/2025\/09\/IMG_7080-1-300x225.jpg\" alt=\"\" width=\"300\" height=\"225\" class=\"alignnone size-medium wp-image-2873\" srcset=\"https:\/\/len-autosgarage.fr\/wp-content\/uploads\/2025\/09\/IMG_7080-1-300x225.jpg 300w, https:\/\/len-autosgarage.fr\/wp-content\/uploads\/2025\/09\/IMG_7080-1-1024x768.jpg 1024w, https:\/\/len-autosgarage.fr\/wp-content\/uploads\/2025\/09\/IMG_7080-1-768x576.jpg 768w, https:\/\/len-autosgarage.fr\/wp-content\/uploads\/2025\/09\/IMG_7080-1-1536x1152.jpg 1536w, https:\/\/len-autosgarage.fr\/wp-content\/uploads\/2025\/09\/IMG_7080-1-2048x1536.jpg 2048w, https:\/\/len-autosgarage.fr\/wp-content\/uploads\/2025\/09\/IMG_7080-1-1320x990.jpg 1320w, https:\/\/len-autosgarage.fr\/wp-content\/uploads\/2025\/09\/IMG_7080-1-230x173.jpg 230w, https:\/\/len-autosgarage.fr\/wp-content\/uploads\/2025\/09\/IMG_7080-1-600x450.jpg 600w\" sizes=\"(max-width: 300px) 100vw, 300px\" \/><\/p>\n","protected":false},"excerpt":{"rendered":"<h4>CITROEN C3 Aircross PureTech 110 S&amp;S BVM6 Shine<\/h4>\n<p>Date de\u00a0 1 ere mise en circulation 01\/02\/2019<\/p>\n<p>Kilom\u00e9trage 41479\u00a0 kms<\/p>\n<p>Options<\/p>\n<p><span>Acc\u00e8s et d\u00e9marrage mains libres<\/span><\/p>\n<p><span>Teintes de caisse nacr\u00e9e Sable<\/span><\/p>\n<p>Serie<\/p>\n<table class=\"tableauComparaisonVehicule\">\n<tbody>\n<tr>\n<td>ABS + REF + AFU<\/td>\n<td><\/td>\n<\/tr>\n<tr>\n<td>Active Safety Brake<\/td>\n<td><\/td>\n<\/tr>\n<tr>\n<td>Aide au d\u00e9marrage en pente<\/td>\n<td><\/td>\n<\/tr>\n<tr>\n<td>Airbags frontaux AV, lat\u00e9raux AV et rideaux<\/td>\n<td><\/td>\n<\/tr>\n<tr>\n<td>Alerte Risque Collision<\/td>\n<td><\/td>\n<\/tr>\n<tr>\n<td>Allumage automatique des feux de croisement<\/td>\n<td><\/td>\n<\/tr>\n<tr>\n<td>Banquette AR coulissante<\/td>\n<td><\/td>\n<\/tr>\n<tr>\n<td>Banquette AR fractionnable 2\/3 &#8211; 1\/3<\/td>\n<td><\/td>\n<\/tr>\n<tr>\n<td>CITRO\u00cbN Connect Nav avec Mirror screen + CITRO\u00cbN Connect Box avec Pack SOS et assistance inclus<\/td>\n<td><\/td>\n<\/tr>\n<tr>\n<td>Citro\u00ebn Connect Radio sur tablette tactile 7\u00a0\u00bb<\/td>\n<td><\/td>\n<\/tr>\n<tr>\n<td>Condamnation centralis\u00e9e avec 2 PLIP HF<\/td>\n<td><\/td>\n<\/tr>\n<tr>\n<td>D\u00e9cors ext\u00e9rieurs Noir Brillant<\/p>\n<table class=\"tableauComparaisonVehicule\">\n<tbody>\n<tr>\n<td>D\u00e9tection de sous-gonflage<\/td>\n<td><\/td>\n<\/tr>\n<tr>\n<td>Direction assist\u00e9e<\/td>\n<td><\/td>\n<\/tr>\n<tr>\n<td>Elargisseurs d&rsquo;aile et bas de caisse Noir Mat<\/td>\n<td><\/td>\n<\/tr>\n<tr>\n<td>ESP<\/td>\n<td><\/td>\n<\/tr>\n<tr>\n<td>Feux diurnes \u00e0 LED<\/td>\n<td><\/td>\n<\/tr>\n<tr>\n<td>Frein \u00e0 main type aviation<\/td>\n<td><\/td>\n<\/tr>\n<tr>\n<td>Garnissage Tissu Mica Grey<\/td>\n<td><\/td>\n<\/tr>\n<tr>\n<td>Jantes alliage 17&Prime; 4 EVER Diamant\u00e9es<\/td>\n<td><\/td>\n<\/tr>\n<tr>\n<td>Kit de d\u00e9pannage provisoire de pneumatiques<\/p>\n<table class=\"tableauComparaisonVehicule\">\n<tbody>\n<tr>\n<td>Kit mains libres Bluetooth et prise USB<\/td>\n<td><\/td>\n<\/tr>\n<tr>\n<td>Ordinateur de bord<\/td>\n<td><\/td>\n<\/tr>\n<tr>\n<td>Pack Auto<\/td>\n<td><\/td>\n<\/tr>\n<tr>\n<td>Pack City<\/td>\n<td><\/td>\n<\/tr>\n<tr>\n<td>Pack Color Black<\/td>\n<td><\/td>\n<\/tr>\n<tr>\n<td>Pack Safety &#8211; Active Safety Brake &#8211; Alerte active de Franchissement Involontaire de Ligne &#8211; Alerte Attention Conducteur &#8211; Alerte Risque Collision &#8211; Coffee Break Alert &#8211; Reconnaissance des panneaux de vitesse et recommandation &#8211; R\u00e9gulateur-limiteur de vitesse &#8211; T\u00e9moin de non-bouclage des ceintures de s\u00e9curit\u00e9 conducteur et passagers<\/td>\n<td><\/td>\n<\/tr>\n<tr>\n<td>Poign\u00e9es de portes couleur carroserie<\/td>\n<td><\/td>\n<\/tr>\n<tr>\n<td>Prise 12V \u00e0 l&rsquo;AR<\/td>\n<td><\/td>\n<\/tr>\n<tr>\n<td>Projecteurs antibrouillard AV avec \u00e9clairage statique d&rsquo;intersection<\/td>\n<td><\/td>\n<\/tr>\n<tr>\n<td>R\u00e9gulateur &#8211; limiteur de vitesse<\/td>\n<td><\/td>\n<\/tr>\n<tr>\n<td>Rehausse de si\u00e8ge conducteur<\/td>\n<td><\/td>\n<\/tr>\n<tr>\n<td>R\u00e9troviseurs \u00e9lectriques et d\u00e9givrants<\/td>\n<td><\/td>\n<\/tr>\n<tr>\n<td>Sabots de protection AV et AR Gris Anthra<\/td>\n<td><\/td>\n<\/tr>\n<tr>\n<td>Volant cro\u00fbte de cuir<\/td>\n<\/tr>\n<\/tbody>\n<\/table>\n<\/td>\n<\/tr>\n<\/tbody>\n<\/table>\n<\/td>\n<\/tr>\n<\/tbody>\n<\/table>\n<p>&nbsp;<\/p>\n","protected":false},"featured_media":2874,"comment_status":"closed","ping_status":"closed","template":"","meta":[],"product_brand":[],"product_cat":[46],"product_tag":[],"class_list":{"0":"post-2860","1":"product","2":"type-product","3":"status-publish","4":"has-post-thumbnail","6":"product_cat-uncategorized","8":"first","9":"outofstock","10":"sale","11":"shipping-taxable","12":"purchasable","13":"product-type-simple"},"aioseo_notices":[],"_links":{"self":[{"href":"https:\/\/len-autosgarage.fr\/nov-apijson\/wp\/v2\/product\/2860","targetHints":{"allow":["GET"]}}],"collection":[{"href":"https:\/\/len-autosgarage.fr\/nov-apijson\/wp\/v2\/product"}],"about":[{"href":"https:\/\/len-autosgarage.fr\/nov-apijson\/wp\/v2\/types\/product"}],"replies":[{"embeddable":true,"href":"https:\/\/len-autosgarage.fr\/nov-apijson\/wp\/v2\/comments?post=2860"}],"wp:featuredmedia":[{"embeddable":true,"href":"https:\/\/len-autosgarage.fr\/nov-apijson\/wp\/v2\/media\/2874"}],"wp:attachment":[{"href":"https:\/\/len-autosgarage.fr\/nov-apijson\/wp\/v2\/media?parent=2860"}],"wp:term":[{"taxonomy":"product_brand","embeddable":true,"href":"https:\/\/len-autosgarage.fr\/nov-apijson\/wp\/v2\/product_brand?post=2860"},{"taxonomy":"product_cat","embeddable":true,"href":"https:\/\/len-autosgarage.fr\/nov-apijson\/wp\/v2\/product_cat?post=2860"},{"taxonomy":"product_tag","embeddable":true,"href":"https:\/\/len-autosgarage.fr\/nov-apijson\/wp\/v2\/product_tag?post=2860"}],"curies":[{"name":"wp","href":"https:\/\/api.w.org\/{rel}","templated":true}]}}