{"id":2885,"date":"2025-09-25T11:35:54","date_gmt":"2025-09-25T09:35:54","guid":{"rendered":"https:\/\/len-autosgarage.fr\/?post_type=product&#038;p=2885"},"modified":"2025-11-17T11:43:35","modified_gmt":"2025-11-17T10:43:35","slug":"volkswagen-utilitaires-caddy-cargo-2-0-tdi-102-bvm6-business","status":"publish","type":"product","link":"https:\/\/len-autosgarage.fr\/product\/volkswagen-utilitaires-caddy-cargo-2-0-tdi-102-bvm6-business\/","title":{"rendered":"VOLKSWAGEN UTILITAIRES CADDY CARGO 2.0 TDI 102 BVM6 BUSINESS"},"content":{"rendered":"<p><img fetchpriority=\"high\" decoding=\"async\" src=\"https:\/\/len-autosgarage.fr\/wp-content\/uploads\/2025\/09\/IMG_7119-002-300x225.jpg\" alt=\"\" width=\"300\" height=\"225\" class=\"alignnone size-medium wp-image-2886\" srcset=\"https:\/\/len-autosgarage.fr\/wp-content\/uploads\/2025\/09\/IMG_7119-002-300x225.jpg 300w, https:\/\/len-autosgarage.fr\/wp-content\/uploads\/2025\/09\/IMG_7119-002-1024x768.jpg 1024w, https:\/\/len-autosgarage.fr\/wp-content\/uploads\/2025\/09\/IMG_7119-002-768x576.jpg 768w, https:\/\/len-autosgarage.fr\/wp-content\/uploads\/2025\/09\/IMG_7119-002-1536x1152.jpg 1536w, https:\/\/len-autosgarage.fr\/wp-content\/uploads\/2025\/09\/IMG_7119-002-2048x1536.jpg 2048w, https:\/\/len-autosgarage.fr\/wp-content\/uploads\/2025\/09\/IMG_7119-002-1320x990.jpg 1320w, https:\/\/len-autosgarage.fr\/wp-content\/uploads\/2025\/09\/IMG_7119-002-230x173.jpg 230w, https:\/\/len-autosgarage.fr\/wp-content\/uploads\/2025\/09\/IMG_7119-002-600x450.jpg 600w\" sizes=\"(max-width: 300px) 100vw, 300px\" \/> <img decoding=\"async\" src=\"https:\/\/len-autosgarage.fr\/wp-content\/uploads\/2025\/09\/IMG_7120-002-300x225.jpg\" alt=\"\" width=\"300\" height=\"225\" class=\"alignnone size-medium wp-image-2887\" srcset=\"https:\/\/len-autosgarage.fr\/wp-content\/uploads\/2025\/09\/IMG_7120-002-300x225.jpg 300w, https:\/\/len-autosgarage.fr\/wp-content\/uploads\/2025\/09\/IMG_7120-002-1024x768.jpg 1024w, https:\/\/len-autosgarage.fr\/wp-content\/uploads\/2025\/09\/IMG_7120-002-768x576.jpg 768w, https:\/\/len-autosgarage.fr\/wp-content\/uploads\/2025\/09\/IMG_7120-002-1536x1152.jpg 1536w, https:\/\/len-autosgarage.fr\/wp-content\/uploads\/2025\/09\/IMG_7120-002-2048x1536.jpg 2048w, https:\/\/len-autosgarage.fr\/wp-content\/uploads\/2025\/09\/IMG_7120-002-1320x990.jpg 1320w, https:\/\/len-autosgarage.fr\/wp-content\/uploads\/2025\/09\/IMG_7120-002-230x173.jpg 230w, https:\/\/len-autosgarage.fr\/wp-content\/uploads\/2025\/09\/IMG_7120-002-600x450.jpg 600w\" sizes=\"(max-width: 300px) 100vw, 300px\" \/> <img decoding=\"async\" src=\"https:\/\/len-autosgarage.fr\/wp-content\/uploads\/2025\/09\/IMG_7121-002-300x225.jpg\" alt=\"\" width=\"300\" height=\"225\" class=\"alignnone size-medium wp-image-2888\" srcset=\"https:\/\/len-autosgarage.fr\/wp-content\/uploads\/2025\/09\/IMG_7121-002-300x225.jpg 300w, https:\/\/len-autosgarage.fr\/wp-content\/uploads\/2025\/09\/IMG_7121-002-1024x768.jpg 1024w, https:\/\/len-autosgarage.fr\/wp-content\/uploads\/2025\/09\/IMG_7121-002-768x576.jpg 768w, https:\/\/len-autosgarage.fr\/wp-content\/uploads\/2025\/09\/IMG_7121-002-1536x1152.jpg 1536w, https:\/\/len-autosgarage.fr\/wp-content\/uploads\/2025\/09\/IMG_7121-002-2048x1536.jpg 2048w, https:\/\/len-autosgarage.fr\/wp-content\/uploads\/2025\/09\/IMG_7121-002-1320x990.jpg 1320w, https:\/\/len-autosgarage.fr\/wp-content\/uploads\/2025\/09\/IMG_7121-002-230x173.jpg 230w, https:\/\/len-autosgarage.fr\/wp-content\/uploads\/2025\/09\/IMG_7121-002-600x450.jpg 600w\" sizes=\"(max-width: 300px) 100vw, 300px\" \/> <img loading=\"lazy\" decoding=\"async\" src=\"https:\/\/len-autosgarage.fr\/wp-content\/uploads\/2025\/09\/IMG_7122-002-300x225.jpg\" alt=\"\" width=\"300\" height=\"225\" class=\"alignnone size-medium wp-image-2889\" srcset=\"https:\/\/len-autosgarage.fr\/wp-content\/uploads\/2025\/09\/IMG_7122-002-300x225.jpg 300w, https:\/\/len-autosgarage.fr\/wp-content\/uploads\/2025\/09\/IMG_7122-002-1024x768.jpg 1024w, https:\/\/len-autosgarage.fr\/wp-content\/uploads\/2025\/09\/IMG_7122-002-768x576.jpg 768w, https:\/\/len-autosgarage.fr\/wp-content\/uploads\/2025\/09\/IMG_7122-002-1536x1152.jpg 1536w, https:\/\/len-autosgarage.fr\/wp-content\/uploads\/2025\/09\/IMG_7122-002-2048x1536.jpg 2048w, https:\/\/len-autosgarage.fr\/wp-content\/uploads\/2025\/09\/IMG_7122-002-1320x990.jpg 1320w, https:\/\/len-autosgarage.fr\/wp-content\/uploads\/2025\/09\/IMG_7122-002-230x173.jpg 230w, https:\/\/len-autosgarage.fr\/wp-content\/uploads\/2025\/09\/IMG_7122-002-600x450.jpg 600w\" sizes=\"(max-width: 300px) 100vw, 300px\" \/> <img loading=\"lazy\" decoding=\"async\" src=\"https:\/\/len-autosgarage.fr\/wp-content\/uploads\/2025\/09\/IMG_7113-002-300x225.jpg\" alt=\"\" width=\"300\" height=\"225\" class=\"alignnone size-medium wp-image-2890\" srcset=\"https:\/\/len-autosgarage.fr\/wp-content\/uploads\/2025\/09\/IMG_7113-002-300x225.jpg 300w, https:\/\/len-autosgarage.fr\/wp-content\/uploads\/2025\/09\/IMG_7113-002-1024x768.jpg 1024w, https:\/\/len-autosgarage.fr\/wp-content\/uploads\/2025\/09\/IMG_7113-002-768x576.jpg 768w, https:\/\/len-autosgarage.fr\/wp-content\/uploads\/2025\/09\/IMG_7113-002-1536x1152.jpg 1536w, https:\/\/len-autosgarage.fr\/wp-content\/uploads\/2025\/09\/IMG_7113-002-2048x1536.jpg 2048w, https:\/\/len-autosgarage.fr\/wp-content\/uploads\/2025\/09\/IMG_7113-002-1320x990.jpg 1320w, https:\/\/len-autosgarage.fr\/wp-content\/uploads\/2025\/09\/IMG_7113-002-230x173.jpg 230w, https:\/\/len-autosgarage.fr\/wp-content\/uploads\/2025\/09\/IMG_7113-002-600x450.jpg 600w\" sizes=\"(max-width: 300px) 100vw, 300px\" \/> <img loading=\"lazy\" decoding=\"async\" src=\"https:\/\/len-autosgarage.fr\/wp-content\/uploads\/2025\/09\/IMG_7114-002-300x225.jpg\" alt=\"\" width=\"300\" height=\"225\" class=\"alignnone size-medium wp-image-2891\" srcset=\"https:\/\/len-autosgarage.fr\/wp-content\/uploads\/2025\/09\/IMG_7114-002-300x225.jpg 300w, https:\/\/len-autosgarage.fr\/wp-content\/uploads\/2025\/09\/IMG_7114-002-1024x768.jpg 1024w, https:\/\/len-autosgarage.fr\/wp-content\/uploads\/2025\/09\/IMG_7114-002-768x576.jpg 768w, https:\/\/len-autosgarage.fr\/wp-content\/uploads\/2025\/09\/IMG_7114-002-1536x1152.jpg 1536w, https:\/\/len-autosgarage.fr\/wp-content\/uploads\/2025\/09\/IMG_7114-002-2048x1536.jpg 2048w, https:\/\/len-autosgarage.fr\/wp-content\/uploads\/2025\/09\/IMG_7114-002-1320x990.jpg 1320w, https:\/\/len-autosgarage.fr\/wp-content\/uploads\/2025\/09\/IMG_7114-002-230x173.jpg 230w, https:\/\/len-autosgarage.fr\/wp-content\/uploads\/2025\/09\/IMG_7114-002-600x450.jpg 600w\" sizes=\"(max-width: 300px) 100vw, 300px\" \/> <img loading=\"lazy\" decoding=\"async\" src=\"https:\/\/len-autosgarage.fr\/wp-content\/uploads\/2025\/09\/IMG_7115-002-300x225.jpg\" alt=\"\" width=\"300\" height=\"225\" class=\"alignnone size-medium wp-image-2892\" srcset=\"https:\/\/len-autosgarage.fr\/wp-content\/uploads\/2025\/09\/IMG_7115-002-300x225.jpg 300w, https:\/\/len-autosgarage.fr\/wp-content\/uploads\/2025\/09\/IMG_7115-002-1024x768.jpg 1024w, https:\/\/len-autosgarage.fr\/wp-content\/uploads\/2025\/09\/IMG_7115-002-768x576.jpg 768w, https:\/\/len-autosgarage.fr\/wp-content\/uploads\/2025\/09\/IMG_7115-002-1536x1152.jpg 1536w, https:\/\/len-autosgarage.fr\/wp-content\/uploads\/2025\/09\/IMG_7115-002-2048x1536.jpg 2048w, https:\/\/len-autosgarage.fr\/wp-content\/uploads\/2025\/09\/IMG_7115-002-1320x990.jpg 1320w, https:\/\/len-autosgarage.fr\/wp-content\/uploads\/2025\/09\/IMG_7115-002-230x173.jpg 230w, https:\/\/len-autosgarage.fr\/wp-content\/uploads\/2025\/09\/IMG_7115-002-600x450.jpg 600w\" sizes=\"(max-width: 300px) 100vw, 300px\" \/> <img loading=\"lazy\" decoding=\"async\" src=\"https:\/\/len-autosgarage.fr\/wp-content\/uploads\/2025\/09\/IMG_7116-002-225x300.jpg\" alt=\"\" width=\"225\" height=\"300\" class=\"alignnone size-medium wp-image-2893\" srcset=\"https:\/\/len-autosgarage.fr\/wp-content\/uploads\/2025\/09\/IMG_7116-002-225x300.jpg 225w, https:\/\/len-autosgarage.fr\/wp-content\/uploads\/2025\/09\/IMG_7116-002-768x1024.jpg 768w, https:\/\/len-autosgarage.fr\/wp-content\/uploads\/2025\/09\/IMG_7116-002-1152x1536.jpg 1152w, https:\/\/len-autosgarage.fr\/wp-content\/uploads\/2025\/09\/IMG_7116-002-1536x2048.jpg 1536w, https:\/\/len-autosgarage.fr\/wp-content\/uploads\/2025\/09\/IMG_7116-002-1320x1760.jpg 1320w, https:\/\/len-autosgarage.fr\/wp-content\/uploads\/2025\/09\/IMG_7116-002-230x307.jpg 230w, https:\/\/len-autosgarage.fr\/wp-content\/uploads\/2025\/09\/IMG_7116-002-600x800.jpg 600w\" sizes=\"(max-width: 225px) 100vw, 225px\" \/> <img loading=\"lazy\" decoding=\"async\" src=\"https:\/\/len-autosgarage.fr\/wp-content\/uploads\/2025\/09\/IMG_7118-002-300x225.jpg\" alt=\"\" width=\"300\" height=\"225\" class=\"alignnone size-medium wp-image-2894\" srcset=\"https:\/\/len-autosgarage.fr\/wp-content\/uploads\/2025\/09\/IMG_7118-002-300x225.jpg 300w, https:\/\/len-autosgarage.fr\/wp-content\/uploads\/2025\/09\/IMG_7118-002-1024x768.jpg 1024w, https:\/\/len-autosgarage.fr\/wp-content\/uploads\/2025\/09\/IMG_7118-002-768x576.jpg 768w, https:\/\/len-autosgarage.fr\/wp-content\/uploads\/2025\/09\/IMG_7118-002-1536x1152.jpg 1536w, https:\/\/len-autosgarage.fr\/wp-content\/uploads\/2025\/09\/IMG_7118-002-2048x1536.jpg 2048w, https:\/\/len-autosgarage.fr\/wp-content\/uploads\/2025\/09\/IMG_7118-002-1320x990.jpg 1320w, https:\/\/len-autosgarage.fr\/wp-content\/uploads\/2025\/09\/IMG_7118-002-230x173.jpg 230w, https:\/\/len-autosgarage.fr\/wp-content\/uploads\/2025\/09\/IMG_7118-002-600x450.jpg 600w\" sizes=\"(max-width: 300px) 100vw, 300px\" \/> <img loading=\"lazy\" decoding=\"async\" src=\"https:\/\/len-autosgarage.fr\/wp-content\/uploads\/2025\/09\/IMG_7117-002-225x300.jpg\" alt=\"\" width=\"225\" height=\"300\" class=\"alignnone size-medium wp-image-2895\" srcset=\"https:\/\/len-autosgarage.fr\/wp-content\/uploads\/2025\/09\/IMG_7117-002-225x300.jpg 225w, https:\/\/len-autosgarage.fr\/wp-content\/uploads\/2025\/09\/IMG_7117-002-768x1024.jpg 768w, https:\/\/len-autosgarage.fr\/wp-content\/uploads\/2025\/09\/IMG_7117-002-1152x1536.jpg 1152w, https:\/\/len-autosgarage.fr\/wp-content\/uploads\/2025\/09\/IMG_7117-002-1536x2048.jpg 1536w, https:\/\/len-autosgarage.fr\/wp-content\/uploads\/2025\/09\/IMG_7117-002-1320x1760.jpg 1320w, https:\/\/len-autosgarage.fr\/wp-content\/uploads\/2025\/09\/IMG_7117-002-230x307.jpg 230w, https:\/\/len-autosgarage.fr\/wp-content\/uploads\/2025\/09\/IMG_7117-002-600x800.jpg 600w\" sizes=\"(max-width: 225px) 100vw, 225px\" \/><\/p>\n","protected":false},"excerpt":{"rendered":"<p><strong>VOLKSWAGEN UTILITAIRES CADDY CARGO 2.0 TDI 102 BVM6 BUSINESS<\/strong><\/p>\n<p><span><strong>Date MEC <\/strong><\/span><span>26\/01\/2024 : <strong>Kilom\u00e9trage<\/strong>11000 km : <strong>V\u00e9hicule soumis \u00e0 TVA r\u00e9cup\u00e9rable : \u00c9mission de CO2127 g\/km<\/strong><\/span><\/p>\n<p>Equipements de s\u00e9rie<\/p>\n<table class=\"tableauComparaisonVehicule\">\n<tbody>\n<tr>\n<td>2 cl\u00e9s pliantes radiocommand\u00e9es<\/td>\n<td><\/td>\n<\/tr>\n<tr>\n<td>2 connexions USB (type C) dans la console centrale AV<\/td>\n<td><\/td>\n<\/tr>\n<tr>\n<td>2 spots LED dans compartiment de charge<\/td>\n<td><\/td>\n<\/tr>\n<tr>\n<td>4 jantes en acier 6,5J x 16, en Noir<\/td>\n<td>C0E<\/td>\n<\/tr>\n<tr>\n<td>Accoudoir pour le si\u00e8ge conducteur<\/td>\n<td><\/td>\n<\/tr>\n<tr>\n<td>Affichage de la p\u00e9riodicit\u00e9 30000 km ou 2 ans (variable)<\/td>\n<td><\/td>\n<\/tr>\n<tr>\n<td>Airbag conducteur et passager (d\u00e9sactivation c\u00f4t\u00e9 passager)<\/td>\n<td><\/td>\n<\/tr>\n<tr>\n<td>Allumage automatique des projecteurs, avec \u00e9clairage de jour<\/td>\n<td><\/td>\n<\/tr>\n<tr>\n<td>Antid\u00e9marrage \u00e9lectronique<\/td>\n<td><\/td>\n<\/tr>\n<tr>\n<td>App-Connect avec fil<\/td>\n<td><\/td>\n<\/tr>\n<tr>\n<td>Autoradio \u00ab\u00a0Composition\u00a0\u00bb avec \u00e9cran tactile couleur 20,96 cm (8,25&Prime;) et 4 HP<\/td>\n<td><\/td>\n<\/tr>\n<tr>\n<td>Bo\u00eete \u00e0 gants ferm\u00e9e verrouillable et \u00e9clair\u00e9e<\/td>\n<td><\/td>\n<\/tr>\n<tr>\n<td>Boitiers de r\u00e9troviseur ext\u00e9rieur et poign\u00e9es en Noir, rail de porte coulissante en Argent<\/td>\n<td><\/td>\n<\/tr>\n<tr>\n<td>Ceintures de s\u00e9curit\u00e9 3 points automatiques AV, avec r\u00e9glage en hauteur des ceintures et r\u00e9tracteur de ceinture \u00e9lectriques<\/td>\n<td><\/td>\n<\/tr>\n<tr>\n<td>Climatiseur<\/td>\n<td><\/td>\n<\/tr>\n<tr>\n<td>Cloison de s\u00e9paration haute sans fen\u00eatre, sans r\u00e9troviseur int\u00e9rieur de s\u00e9curit\u00e9<\/td>\n<td><\/td>\n<\/tr>\n<tr>\n<td>Combin\u00e9 d&rsquo;instruments (km\/h), affichages de la vitesse, compteur totalisateur et journalier, r\u00e9gime, niveau de carburant et heure<\/td>\n<td><\/td>\n<\/tr>\n<tr>\n<td>Console centrale avec 2 porte-boissons universels<\/td>\n<td><\/td>\n<\/tr>\n<tr>\n<td>Diffuseurs d&rsquo;air AV en Noir Mat<\/td>\n<td><\/td>\n<\/tr>\n<tr>\n<td>Dispositif start\/stop de mise en veille avec r\u00e9cup\u00e9ration de l&rsquo;\u00e9nergie au freinage<\/td>\n<td><\/td>\n<\/tr>\n<tr>\n<td>Enjoliveurs pleins<\/p>\n<table class=\"tableauComparaisonVehicule\">\n<tbody>\n<tr>\n<td>Fonctionnement intermittent des essuie-glaces avec capteur de luminosit\u00e9<\/td>\n<td><\/td>\n<\/tr>\n<tr>\n<td>Frein \u00e0 disque AR 15&Prime;<\/td>\n<td><\/td>\n<\/tr>\n<tr>\n<td>Frein \u00e0 main \u00e9lectrique avec Hill assist<\/td>\n<td><\/td>\n<\/tr>\n<tr>\n<td>Freins \u00e0 disque AV 15&Prime;<\/td>\n<td><\/td>\n<\/tr>\n<tr>\n<td>Galerie de toit dans la cabine (bac vide-poches dans le ciel de pavillon avec 2 poign\u00e9es dans la cabine)<\/td>\n<td><\/td>\n<\/tr>\n<tr>\n<td>Garniture de plancher en moquette dans la cabine<\/td>\n<td><\/td>\n<\/tr>\n<tr>\n<td>Garniture de tableau de bord Mat<\/td>\n<td><\/td>\n<\/tr>\n<tr>\n<td>Interface pour t\u00e9l\u00e9phone portable<\/td>\n<td><\/td>\n<\/tr>\n<tr>\n<td>L\u00e8ve-vitres AV \u00e9lectriques<\/td>\n<td><\/td>\n<\/tr>\n<tr>\n<td>Levier de vitesses en plastique<\/td>\n<td><\/td>\n<\/tr>\n<tr>\n<td>Normes anti-pollution Euro 6d-ISC-FCM (AQ)<\/td>\n<td><\/td>\n<\/tr>\n<tr>\n<td>Pack Aide \u00e0 la conduite City Drive<\/td>\n<td><\/td>\n<\/tr>\n<tr>\n<td>Pare-brise en verre feuillet\u00e9 athermique<\/td>\n<td><\/td>\n<\/tr>\n<tr>\n<td>Pare-chocs en gris<\/td>\n<td><\/td>\n<\/tr>\n<tr>\n<td>Pare-soleil sans miroir, pochette pour ticket c\u00f4t\u00e9 passager AV et \u00e9tiquette Airbag sur pare-soleil<\/td>\n<td><\/td>\n<\/tr>\n<tr>\n<td>Pneus 205\/60 R16 96H XL \u00e0 r\u00e9sistance au roulement optimis\u00e9e<\/td>\n<td><\/td>\n<\/tr>\n<tr>\n<td>Porte coulissante t\u00f4l\u00e9e \u00e0 droite dans le compartiment de charge<\/td>\n<td><\/td>\n<\/tr>\n<tr>\n<td>Portes battantes sans baies de fen\u00eatre, division asym\u00e9trique<\/td>\n<td><\/td>\n<\/tr>\n<tr>\n<td>Pr\u00e9paration barres de toit\/galerie porte-bagages<\/td>\n<td><\/td>\n<\/tr>\n<tr>\n<td>Pr\u00e9paration pour We Connect et We Connect Plus<\/td>\n<td><\/td>\n<\/tr>\n<tr>\n<td>Projecteurs doubles halog\u00e8nes H7<\/td>\n<td><\/td>\n<\/tr>\n<tr>\n<td>Radio DAB<\/td>\n<td><\/td>\n<\/tr>\n<tr>\n<td>R\u00e9glage en hauteur du si\u00e8ge conducteur<\/p>\n<table class=\"tableauComparaisonVehicule\">\n<tbody>\n<tr>\n<td>R\u00e9glage manuels des phares<\/td>\n<td><\/td>\n<\/tr>\n<tr>\n<td>R\u00e9gulateur et limiteur de vitesse<\/td>\n<td><\/td>\n<\/tr>\n<tr>\n<td>R\u00e9troviseurs ext\u00e9rieurs, r\u00e9glables \u00e9lectriquement<\/td>\n<td><\/td>\n<\/tr>\n<tr>\n<td>Rev\u00eatement de plancher caoutchouc dans le compartiment de charge<\/td>\n<td><\/td>\n<\/tr>\n<tr>\n<td>Rev\u00eatement de porte et accoudoir en plastique<\/td>\n<td><\/td>\n<\/tr>\n<tr>\n<td>Rev\u00eatement lat\u00e9ral standard dans le compartiment de charge<\/td>\n<td><\/td>\n<\/tr>\n<tr>\n<td>Roue de secours en acier avec pneu normal avec outillage de bord et cric<\/td>\n<td><\/td>\n<\/tr>\n<tr>\n<td>Sellerie en tissu, dessin \u00ab\u00a0Double Grid\u00a0\u00bb<\/td>\n<td><\/td>\n<\/tr>\n<tr>\n<td>Servotronic : Direction assist\u00e9e \u00e0 la vitesse<\/td>\n<td><\/td>\n<\/tr>\n<tr>\n<td>Signal sonore et lumineux pour ceinture du conducteur non attach\u00e9e<\/td>\n<td><\/td>\n<\/tr>\n<tr>\n<td>Syst\u00e8me d&rsquo;appel d&rsquo;urgence eCall<\/td>\n<td><\/td>\n<\/tr>\n<tr>\n<td>Verrouillage central avec radiocommande et commande d&rsquo;ouverture int\u00e9rieure de porte<\/td>\n<td><\/td>\n<\/tr>\n<tr>\n<td>Version non fumeur<\/td>\n<\/tr>\n<\/tbody>\n<\/table>\n<\/td>\n<\/tr>\n<\/tbody>\n<\/table>\n<\/td>\n<\/tr>\n<\/tbody>\n<\/table>\n<p>&nbsp;<\/p>\n","protected":false},"featured_media":2896,"comment_status":"closed","ping_status":"closed","template":"","meta":[],"product_brand":[],"product_cat":[46],"product_tag":[],"class_list":{"0":"post-2885","1":"product","2":"type-product","3":"status-publish","4":"has-post-thumbnail","6":"product_cat-uncategorized","8":"first","9":"outofstock","10":"shipping-taxable","11":"purchasable","12":"product-type-simple"},"aioseo_notices":[],"_links":{"self":[{"href":"https:\/\/len-autosgarage.fr\/nov-apijson\/wp\/v2\/product\/2885","targetHints":{"allow":["GET"]}}],"collection":[{"href":"https:\/\/len-autosgarage.fr\/nov-apijson\/wp\/v2\/product"}],"about":[{"href":"https:\/\/len-autosgarage.fr\/nov-apijson\/wp\/v2\/types\/product"}],"replies":[{"embeddable":true,"href":"https:\/\/len-autosgarage.fr\/nov-apijson\/wp\/v2\/comments?post=2885"}],"wp:featuredmedia":[{"embeddable":true,"href":"https:\/\/len-autosgarage.fr\/nov-apijson\/wp\/v2\/media\/2896"}],"wp:attachment":[{"href":"https:\/\/len-autosgarage.fr\/nov-apijson\/wp\/v2\/media?parent=2885"}],"wp:term":[{"taxonomy":"product_brand","embeddable":true,"href":"https:\/\/len-autosgarage.fr\/nov-apijson\/wp\/v2\/product_brand?post=2885"},{"taxonomy":"product_cat","embeddable":true,"href":"https:\/\/len-autosgarage.fr\/nov-apijson\/wp\/v2\/product_cat?post=2885"},{"taxonomy":"product_tag","embeddable":true,"href":"https:\/\/len-autosgarage.fr\/nov-apijson\/wp\/v2\/product_tag?post=2885"}],"curies":[{"name":"wp","href":"https:\/\/api.w.org\/{rel}","templated":true}]}}