{"id":2905,"date":"2025-09-25T13:26:59","date_gmt":"2025-09-25T11:26:59","guid":{"rendered":"https:\/\/len-autosgarage.fr\/?post_type=product&#038;p=2905"},"modified":"2025-10-20T08:52:16","modified_gmt":"2025-10-20T06:52:16","slug":"volkswagen-taigo-1-0-tsi-110-bvm6-life-plus-copie","status":"publish","type":"product","link":"https:\/\/len-autosgarage.fr\/product\/volkswagen-taigo-1-0-tsi-110-bvm6-life-plus-copie\/","title":{"rendered":"VOLKSWAGEN Taigo 1.0 TSI 110 BVM6 Life Plus (Copie)"},"content":{"rendered":"<p><strong><img fetchpriority=\"high\" decoding=\"async\" src=\"https:\/\/len-autosgarage.fr\/wp-content\/uploads\/2025\/09\/682609fb29674-300x225.jpg\" alt=\"\" width=\"300\" height=\"225\" class=\"alignnone size-medium wp-image-2898\" srcset=\"https:\/\/len-autosgarage.fr\/wp-content\/uploads\/2025\/09\/682609fb29674-300x225.jpg 300w, https:\/\/len-autosgarage.fr\/wp-content\/uploads\/2025\/09\/682609fb29674-1024x768.jpg 1024w, https:\/\/len-autosgarage.fr\/wp-content\/uploads\/2025\/09\/682609fb29674-768x576.jpg 768w, https:\/\/len-autosgarage.fr\/wp-content\/uploads\/2025\/09\/682609fb29674-1320x990.jpg 1320w, https:\/\/len-autosgarage.fr\/wp-content\/uploads\/2025\/09\/682609fb29674-230x173.jpg 230w, https:\/\/len-autosgarage.fr\/wp-content\/uploads\/2025\/09\/682609fb29674-600x450.jpg 600w, https:\/\/len-autosgarage.fr\/wp-content\/uploads\/2025\/09\/682609fb29674.jpg 1440w\" sizes=\"(max-width: 300px) 100vw, 300px\" \/> <img decoding=\"async\" src=\"https:\/\/len-autosgarage.fr\/wp-content\/uploads\/2025\/09\/682609f023888-300x225.jpg\" alt=\"\" width=\"300\" height=\"225\" class=\"alignnone size-medium wp-image-2899\" srcset=\"https:\/\/len-autosgarage.fr\/wp-content\/uploads\/2025\/09\/682609f023888-300x225.jpg 300w, https:\/\/len-autosgarage.fr\/wp-content\/uploads\/2025\/09\/682609f023888-1024x768.jpg 1024w, https:\/\/len-autosgarage.fr\/wp-content\/uploads\/2025\/09\/682609f023888-768x576.jpg 768w, https:\/\/len-autosgarage.fr\/wp-content\/uploads\/2025\/09\/682609f023888-1320x990.jpg 1320w, https:\/\/len-autosgarage.fr\/wp-content\/uploads\/2025\/09\/682609f023888-230x173.jpg 230w, https:\/\/len-autosgarage.fr\/wp-content\/uploads\/2025\/09\/682609f023888-600x450.jpg 600w, https:\/\/len-autosgarage.fr\/wp-content\/uploads\/2025\/09\/682609f023888.jpg 1440w\" sizes=\"(max-width: 300px) 100vw, 300px\" \/> <img decoding=\"async\" src=\"https:\/\/len-autosgarage.fr\/wp-content\/uploads\/2025\/09\/telechargement-8-300x225.jpg\" alt=\"\" width=\"300\" height=\"225\" class=\"alignnone size-medium wp-image-2900\" srcset=\"https:\/\/len-autosgarage.fr\/wp-content\/uploads\/2025\/09\/telechargement-8-300x225.jpg 300w, https:\/\/len-autosgarage.fr\/wp-content\/uploads\/2025\/09\/telechargement-8-768x576.jpg 768w, https:\/\/len-autosgarage.fr\/wp-content\/uploads\/2025\/09\/telechargement-8-230x173.jpg 230w, https:\/\/len-autosgarage.fr\/wp-content\/uploads\/2025\/09\/telechargement-8-600x450.jpg 600w, https:\/\/len-autosgarage.fr\/wp-content\/uploads\/2025\/09\/telechargement-8.jpg 800w\" sizes=\"(max-width: 300px) 100vw, 300px\" \/> <img loading=\"lazy\" decoding=\"async\" src=\"https:\/\/len-autosgarage.fr\/wp-content\/uploads\/2025\/09\/68260a0b8c41b-300x225.jpg\" alt=\"\" width=\"300\" height=\"225\" class=\"alignnone size-medium wp-image-2901\" srcset=\"https:\/\/len-autosgarage.fr\/wp-content\/uploads\/2025\/09\/68260a0b8c41b-300x225.jpg 300w, https:\/\/len-autosgarage.fr\/wp-content\/uploads\/2025\/09\/68260a0b8c41b-1024x768.jpg 1024w, https:\/\/len-autosgarage.fr\/wp-content\/uploads\/2025\/09\/68260a0b8c41b-768x576.jpg 768w, https:\/\/len-autosgarage.fr\/wp-content\/uploads\/2025\/09\/68260a0b8c41b-1320x990.jpg 1320w, https:\/\/len-autosgarage.fr\/wp-content\/uploads\/2025\/09\/68260a0b8c41b-230x173.jpg 230w, https:\/\/len-autosgarage.fr\/wp-content\/uploads\/2025\/09\/68260a0b8c41b-600x450.jpg 600w, https:\/\/len-autosgarage.fr\/wp-content\/uploads\/2025\/09\/68260a0b8c41b.jpg 1440w\" sizes=\"(max-width: 300px) 100vw, 300px\" \/> <img loading=\"lazy\" decoding=\"async\" src=\"https:\/\/len-autosgarage.fr\/wp-content\/uploads\/2025\/09\/telechargement-2-300x225.jpg\" alt=\"\" width=\"300\" height=\"225\" class=\"alignnone size-medium wp-image-2902\" srcset=\"https:\/\/len-autosgarage.fr\/wp-content\/uploads\/2025\/09\/telechargement-2-300x225.jpg 300w, https:\/\/len-autosgarage.fr\/wp-content\/uploads\/2025\/09\/telechargement-2-768x577.jpg 768w, https:\/\/len-autosgarage.fr\/wp-content\/uploads\/2025\/09\/telechargement-2-230x173.jpg 230w, https:\/\/len-autosgarage.fr\/wp-content\/uploads\/2025\/09\/telechargement-2-600x451.jpg 600w, https:\/\/len-autosgarage.fr\/wp-content\/uploads\/2025\/09\/telechargement-2.jpg 799w\" sizes=\"(max-width: 300px) 100vw, 300px\" \/> <img loading=\"lazy\" decoding=\"async\" src=\"https:\/\/len-autosgarage.fr\/wp-content\/uploads\/2025\/09\/telechargement-3-300x225.jpg\" alt=\"\" width=\"300\" height=\"225\" class=\"alignnone size-medium wp-image-2903\" srcset=\"https:\/\/len-autosgarage.fr\/wp-content\/uploads\/2025\/09\/telechargement-3-300x225.jpg 300w, https:\/\/len-autosgarage.fr\/wp-content\/uploads\/2025\/09\/telechargement-3-768x577.jpg 768w, https:\/\/len-autosgarage.fr\/wp-content\/uploads\/2025\/09\/telechargement-3-230x173.jpg 230w, https:\/\/len-autosgarage.fr\/wp-content\/uploads\/2025\/09\/telechargement-3-600x451.jpg 600w, https:\/\/len-autosgarage.fr\/wp-content\/uploads\/2025\/09\/telechargement-3.jpg 799w\" sizes=\"(max-width: 300px) 100vw, 300px\" \/>VOLKSWAGEN Taigo 1.0 TSI 110 BVM6 Life Plus<\/strong><\/p>\n<p><span><strong>Date MEC<\/strong><\/span><span>08\/12\/2022 : <strong>Kilom\u00e9trage<\/strong>24986 km : <strong>Garantie\u00a0 12 mois<\/strong><\/span><\/p>\n<p>Options : <span>Jantes en alliage l\u00e9ger 6,5Jx17 \u00ab\u00a0Bangalore\u00a0\u00bb, pneumatiques 205\/55 R17 avec \u00e9crous antivol : Peinture m\u00e9tallis\u00e9e Gris Cendr\u00e9<\/span><\/p>\n<p>Equipements de s\u00e9rie<\/p>\n<table class=\"tableauComparaisonVehicule\">\n<tbody>\n<tr>\n<td>2 interfaces USB-C \u00e0 l&rsquo;AV<\/td>\n<td><\/td>\n<\/tr>\n<tr>\n<td>2 ports USB-C de recharge \u00e0 l&rsquo;AR<\/td>\n<td><\/td>\n<\/tr>\n<tr>\n<td>Accoudoir central AV r\u00e9glable en longueur avec compartiment de rangement et 2 ports USB-C de recharge AR<\/td>\n<td><\/td>\n<\/tr>\n<tr>\n<td>Aide au stationnement AV\/AR avec signaux sonores en cas d&rsquo;obstacle<\/td>\n<td><\/td>\n<\/tr>\n<tr>\n<td>Airbags frontaux AV conducteur et passager (Airbag passager d\u00e9sactivable par cl\u00e9)<\/td>\n<td><\/td>\n<\/tr>\n<tr>\n<td>Airbags lat\u00e9raux AV et airbag central<\/td>\n<td><\/td>\n<\/tr>\n<tr>\n<td>Airbags rideaux AV\/AR<\/td>\n<td><\/td>\n<\/tr>\n<tr>\n<td>Allumage automatique des projecteurs avec feux de jour \u00e0 LED et fonction \u00ab\u00a0Coming\/Leaving Home\u00a0\u00bb<\/td>\n<td><\/td>\n<\/tr>\n<tr>\n<td>App-Connect sans fil<\/td>\n<td><\/td>\n<\/tr>\n<tr>\n<td>Appuis lombaires r\u00e9glables \u00e0 l&rsquo;AV<\/td>\n<td><\/td>\n<\/tr>\n<tr>\n<td>Appuis-t\u00eate (3) et ceintures de s\u00e9curit\u00e9 \u00e0 3 points (3) sur la banquette AR<\/td>\n<td><\/td>\n<\/tr>\n<tr>\n<td>Avertisseur sonore et lumineux de non-extinction des phares et de non bouclage des ceintures de s\u00e9curit\u00e9 \u00e0 l&rsquo;AV et \u00e0 l&rsquo;AR<\/td>\n<td><\/td>\n<\/tr>\n<tr>\n<td>Banquette et dossier AR asym\u00e9triques, rabattables 1\/3 et 2\/3 avec plancher de coffre \u00e0 bagages r\u00e9glable en 2 hauteurs<\/td>\n<td><\/td>\n<\/tr>\n<tr>\n<td>C\u00e2ble adaptateur USB-C vers USB-A<\/td>\n<td><\/td>\n<\/tr>\n<tr>\n<td>Capteurs de pluie avec essuie-glace automatique<\/td>\n<td><\/td>\n<\/tr>\n<tr>\n<td>Ceintures de s\u00e9curit\u00e9 AV 3 points \u00e0 enrouleur avec pr\u00e9tensionneur<\/td>\n<td><\/td>\n<\/tr>\n<tr>\n<td>Climatisation manuelle \u00ab\u00a0Climatic\u00a0\u00bb<\/p>\n<table class=\"tableauComparaisonVehicule\">\n<tbody>\n<tr>\n<td>Correcteur \u00e9lectronique de trajectoire ESP avec amplificateur de freinage d&rsquo;urgence, syst\u00e8me d&rsquo;antiblocage des roues ABS, antipatinage \u00e9lectronique ASR, blocage \u00e9lectronique de diff\u00e9rentiel EDS, r\u00e9gulateur \u00e9lectronique de couple d&rsquo;inertie MSR, aide au d\u00e9marrage en c\u00f4te \u0091Hill-Hold&rsquo;<\/td>\n<td><\/td>\n<\/tr>\n<tr>\n<td>Digital Cockpit : combin\u00e9 d&rsquo;instruments digital 8&Prime;<\/td>\n<td><\/td>\n<\/tr>\n<tr>\n<td>Direction assist\u00e9e<\/td>\n<td><\/td>\n<\/tr>\n<tr>\n<td>E-call: Appel d&rsquo;urgence<\/td>\n<td><\/td>\n<\/tr>\n<tr>\n<td>Eclairage du coffre \u00e0 bagages<\/td>\n<td><\/td>\n<\/tr>\n<tr>\n<td>Essuie-glaces AV\/AR avec commande d&rsquo;intermittence et lave-glace<\/td>\n<td><\/td>\n<\/tr>\n<tr>\n<td>Fatigue D\u00e9tection : syst\u00e8me de d\u00e9tection de fatigue du conducteur<\/td>\n<td><\/td>\n<\/tr>\n<tr>\n<td>Feux AR de brouillard<\/td>\n<td><\/td>\n<\/tr>\n<tr>\n<td>Front Assist: syst\u00e8me de surveillance p\u00e9rim\u00e9trique contribuant \u00e0 la pr\u00e9vention des collisions avec fonction de d\u00e9tection des pi\u00e9tons et des cyclistes. Ce syst\u00e8me freine automatiquement le v\u00e9hicule en cas de d\u00e9tection d&rsquo;obstacle aussi bien en ville que sur autoroute<\/td>\n<td><\/td>\n<\/tr>\n<tr>\n<td>Inserts d\u00e9coratifs \u00ab\u00a0Piere de lave\u00a0\u00bb sur le tableau de bord et les rev\u00eatements de porte \u00e0 l&rsquo;AV<\/td>\n<td><\/td>\n<\/tr>\n<tr>\n<td>Interface Bluetooth pour t\u00e9l\u00e9phone mains libres<\/td>\n<td><\/td>\n<\/tr>\n<tr>\n<td>Jantes en alliage l\u00e9ger 6Jx16 \u00ab\u00a0Belmopan\u00a0\u00bb, pneumatiques 205\/60 R16 \u00e0 r\u00e9sistance au roulement optimis\u00e9<\/td>\n<td><\/td>\n<\/tr>\n<tr>\n<td>Lampes de lecture AV\/AR<\/td>\n<td><\/td>\n<\/tr>\n<tr>\n<td>Lane Assist: Assistant de maintien dans la voie<\/td>\n<td><\/td>\n<\/tr>\n<tr>\n<td>Light Assist : R\u00e9gulation automatique des feux de route<\/td>\n<td><\/td>\n<\/tr>\n<tr>\n<td>Miroir de courtoisie sur les pare-soleil<\/td>\n<td><\/td>\n<\/tr>\n<tr>\n<td>Oeillets d&rsquo;arrimage ISOFIX (dispositif pour fixation de 2 si\u00e8ges enfants sur les places ext\u00e9rieures de la banquette AR et 1 si\u00e8ge enfant sur le si\u00e8ge passager AV)<\/p>\n<table class=\"tableauComparaisonVehicule\">\n<tbody>\n<tr>\n<td>Pare-chocs peints dans la couleur de carrosserie<\/td>\n<td><\/td>\n<\/tr>\n<tr>\n<td>Peinture unie Gris Ascot<\/td>\n<td><\/td>\n<\/tr>\n<tr>\n<td>Poign\u00e9e de frein \u00e0 main en cuir<\/td>\n<td><\/td>\n<\/tr>\n<tr>\n<td>Pommeau du levier de vitesse cuir<\/td>\n<td><\/td>\n<\/tr>\n<tr>\n<td>Pr\u00e9paration pour We Connect et We Connect Plus<\/td>\n<td><\/td>\n<\/tr>\n<tr>\n<td>Rampes de pavillon noires<\/td>\n<td><\/td>\n<\/tr>\n<tr>\n<td>Rear Assist: Plus qu&rsquo;une cam\u00e9ra de recul, elle affiche des indications visuelles sur l&rsquo;\u00e9cran central<\/td>\n<td><\/td>\n<\/tr>\n<tr>\n<td>R\u00e9ception de radio num\u00e9rique (DAB+)<\/td>\n<td><\/td>\n<\/tr>\n<tr>\n<td>R\u00e9gulateur de vitesse adaptatif ACC avec limiteur de vitesse<\/td>\n<td><\/td>\n<\/tr>\n<tr>\n<td>R\u00e9troviseur int\u00e9rieur \u00e0 r\u00e9glage jour\/nuit automatique<\/td>\n<td><\/td>\n<\/tr>\n<tr>\n<td>R\u00e9troviseurs ext\u00e9rieurs couleur carrosserie<\/td>\n<td><\/td>\n<\/tr>\n<tr>\n<td>R\u00e9troviseurs ext\u00e9rieurs r\u00e9glables et rabattables \u00e9lectriquement et d\u00e9givrants<\/td>\n<td><\/td>\n<\/tr>\n<tr>\n<td>Roue de secours \u00e0 encombrement r\u00e9duit, outillage de bord et cric (vitesse limit\u00e9e \u00e0 80 km\/h)<\/td>\n<td><\/td>\n<\/tr>\n<tr>\n<td>Sellerie en tissu \u00ab\u00a0Slash Stoff\u00a0\u00bb<\/td>\n<td><\/td>\n<\/tr>\n<tr>\n<td>Si\u00e8ges AV r\u00e9glables en hauteur<\/td>\n<td><\/td>\n<\/tr>\n<tr>\n<td>Start-Stop avec syst\u00e8me de r\u00e9cup\u00e9ration d&rsquo;\u00e9nergie au freinage<\/td>\n<td><\/td>\n<\/tr>\n<tr>\n<td>Syst\u00e8me Navigation &amp; Infotainment \u00ab\u00a0Discover Media\u00a0\u00bb<\/td>\n<td><\/td>\n<\/tr>\n<tr>\n<td>Tableau de bord mouss\u00e9<\/td>\n<td><\/td>\n<\/tr>\n<tr>\n<td>Tapis de sol AV\/AR<\/td>\n<td><\/td>\n<\/tr>\n<tr>\n<td>T\u00e9moin de niveau du lave-glace<\/td>\n<td><\/td>\n<\/tr>\n<tr>\n<td>Travel Assist : Assistant de conduite semi-autonome<\/td>\n<td><\/td>\n<\/tr>\n<tr>\n<td>Volant multifonction cuir<\/td>\n<td><\/td>\n<\/tr>\n<\/tbody>\n<\/table>\n<\/td>\n<\/tr>\n<\/tbody>\n<\/table>\n<\/td>\n<\/tr>\n<\/tbody>\n<\/table>\n<p>&nbsp;<\/p>\n","protected":false},"excerpt":{"rendered":"<p>VOLKSWAGEN Taigo 1.0 TSI 110 BVM6 Life Plus Date MEC08\/12\/2022 : Kilom\u00e9trage24986 km : Garantie\u00a0 12 mois Options : Jantes en alliage l\u00e9ger 6,5Jx17 \u00ab\u00a0Bangalore\u00a0\u00bb, pneumatiques 205\/55 R17 avec \u00e9crous antivol : Peinture m\u00e9tallis\u00e9e Gris Cendr\u00e9 Equipements de s\u00e9rie 2 interfaces USB-C \u00e0 l&rsquo;AV 2 ports USB-C de recharge \u00e0<\/p>\n","protected":false},"featured_media":2906,"comment_status":"closed","ping_status":"closed","template":"","meta":[],"product_brand":[],"product_cat":[46],"product_tag":[],"class_list":{"0":"post-2905","1":"product","2":"type-product","3":"status-publish","4":"has-post-thumbnail","6":"product_cat-uncategorized","8":"first","9":"outofstock","10":"shipping-taxable","11":"purchasable","12":"product-type-simple"},"aioseo_notices":[],"_links":{"self":[{"href":"https:\/\/len-autosgarage.fr\/nov-apijson\/wp\/v2\/product\/2905","targetHints":{"allow":["GET"]}}],"collection":[{"href":"https:\/\/len-autosgarage.fr\/nov-apijson\/wp\/v2\/product"}],"about":[{"href":"https:\/\/len-autosgarage.fr\/nov-apijson\/wp\/v2\/types\/product"}],"replies":[{"embeddable":true,"href":"https:\/\/len-autosgarage.fr\/nov-apijson\/wp\/v2\/comments?post=2905"}],"wp:featuredmedia":[{"embeddable":true,"href":"https:\/\/len-autosgarage.fr\/nov-apijson\/wp\/v2\/media\/2906"}],"wp:attachment":[{"href":"https:\/\/len-autosgarage.fr\/nov-apijson\/wp\/v2\/media?parent=2905"}],"wp:term":[{"taxonomy":"product_brand","embeddable":true,"href":"https:\/\/len-autosgarage.fr\/nov-apijson\/wp\/v2\/product_brand?post=2905"},{"taxonomy":"product_cat","embeddable":true,"href":"https:\/\/len-autosgarage.fr\/nov-apijson\/wp\/v2\/product_cat?post=2905"},{"taxonomy":"product_tag","embeddable":true,"href":"https:\/\/len-autosgarage.fr\/nov-apijson\/wp\/v2\/product_tag?post=2905"}],"curies":[{"name":"wp","href":"https:\/\/api.w.org\/{rel}","templated":true}]}}