{"id":2926,"date":"2025-09-29T11:37:15","date_gmt":"2025-09-29T09:37:15","guid":{"rendered":"https:\/\/len-autosgarage.fr\/?post_type=product&#038;p=2926"},"modified":"2026-04-21T15:06:38","modified_gmt":"2026-04-21T13:06:38","slug":"volkswagen-golf-1-5-etsi-opf-130-dsg7-r-line","status":"publish","type":"product","link":"https:\/\/len-autosgarage.fr\/product\/volkswagen-golf-1-5-etsi-opf-130-dsg7-r-line\/","title":{"rendered":"VOLKSWAGEN Golf 1.5 eTSI OPF 130 DSG7 R-Line"},"content":{"rendered":"<h4><strong>Date de mise en circulation : <span>21\/06\/2022<\/span><\/strong><\/h4>\n<p><strong>Kilom\u00e9trage : 65000 KMS<\/strong><\/p>\n<p>OTIONS :<\/p>\n<p><span>Park Assist: Syst\u00e8me d&rsquo;assistance au stationnement en cr\u00e9neauet et en bataille<\/span><\/p>\n<p><span>Toit ouvrant \u00e9lectrique coulissant\/entreb\u00e2illant en verre avec velum occultant et 2 lampes de lecture \u00e0 l&rsquo;AR<\/span><\/p>\n<p><span>Peinture m\u00e9tallis\u00e9e Reflet d&rsquo;Argent<\/span><\/p>\n<p>Equipements de serie<\/p>\n<table class=\"tableauComparaisonVehicule\">\n<tbody>\n<tr>\n<td>2 interfaces USB-C \u00e0 l&rsquo;AV<\/td>\n<td><\/td>\n<\/tr>\n<tr>\n<td>2 prises de chargement USB-C derri\u00e8re l&rsquo;accoudoir pour les passagers AR<\/td>\n<td><\/td>\n<\/tr>\n<tr>\n<td>2 spots de lecture AV et 2 spots AR<\/td>\n<td><\/td>\n<\/tr>\n<tr>\n<td>Accoudoir central AR rabattable avec 2 portes-boissons<\/td>\n<td><\/td>\n<\/tr>\n<tr>\n<td>Accoudoir central AV r\u00e9glable en hauteur et en profondeur avec compartiment de rangement<\/td>\n<td><\/td>\n<\/tr>\n<tr>\n<td>Activation automatique du signal de d\u00e9tresse en cas de freinage d&rsquo;urgence<\/td>\n<td><\/td>\n<\/tr>\n<tr>\n<td>Airbag central entre les si\u00e8ges AV<\/td>\n<td><\/td>\n<\/tr>\n<tr>\n<td>Airbags de t\u00eate pour passagers AV et AR<\/td>\n<td><\/td>\n<\/tr>\n<tr>\n<td>Airbags frontaux AV conducteur et passager (Airbag passager d\u00e9sactivable)<\/td>\n<td><\/td>\n<\/tr>\n<tr>\n<td>Airbags lat\u00e9raux AV<\/td>\n<td><\/td>\n<\/tr>\n<tr>\n<td>Alerte de perte de pression des pneus<\/td>\n<td><\/td>\n<\/tr>\n<tr>\n<td>App-Connect sans fil, affichage et contr\u00f4le via l&rsquo;\u00e9cran tactile de la voiture du contenu, des fonctions et des applications compatibles pr\u00e9sents sur le Smartphone<\/p>\n<table class=\"tableauComparaisonVehicule\">\n<tbody>\n<tr>\n<td>Applications d\u00e9coratives \u00ab\u00a0Carbon Grey\u00a0\u00bb pour le tableau de bord et les rev\u00eatements de porte \u00e0 l&rsquo;AV<\/td>\n<td><\/td>\n<\/tr>\n<tr>\n<td>Appuis-t\u00eate AR r\u00e9glables en hauteur<\/td>\n<td><\/td>\n<\/tr>\n<tr>\n<td>Assistant de conduite \u00ab\u00a0Travel Assist\u00a0\u00bb avec \u00ab\u00a0Emergency Assist\u00a0\u00bb<\/td>\n<td><\/td>\n<\/tr>\n<tr>\n<td>Avertisseur sonore et lumineux pour ceintures non attach\u00e9es AV et AR<\/p>\n<table class=\"tableauComparaisonVehicule\">\n<tbody>\n<tr>\n<td>Baguette lumineuse entre les projecteurs<\/td>\n<td><\/td>\n<\/tr>\n<tr>\n<td>Banquette AR rabattable 2\/3-1\/3 avec trappe \u00e0 skis<\/td>\n<td><\/td>\n<\/tr>\n<tr>\n<td>Bas de caisse et spoiler sp\u00e9cifiques R-Line<\/td>\n<td><\/td>\n<\/tr>\n<tr>\n<td>Cache-bagages amovible<\/td>\n<td><\/td>\n<\/tr>\n<tr>\n<td>Calandre sp\u00e9cifique R-Line laqu\u00e9e noir avec Logo R<\/td>\n<td><\/td>\n<\/tr>\n<tr>\n<td>Cam\u00e9ra de recul \u00ab\u00a0Rear View\u00a0\u00bb<\/td>\n<td><\/td>\n<\/tr>\n<tr>\n<td>Ceintures de s\u00e9curit\u00e9 automatiques AV 3 points \u00e0 enrouleur, r\u00e9glables en hauteur, avec pr\u00e9tentionneurs<\/td>\n<td><\/td>\n<\/tr>\n<tr>\n<td>Cerclage chrom\u00e9 des commandes des vitres, de r\u00e9glage des r\u00e9troviseurs et des a\u00e9rateurs<\/td>\n<td><\/td>\n<\/tr>\n<tr>\n<td>Chargeur induction<\/td>\n<td><\/td>\n<\/tr>\n<tr>\n<td>Climatiseur \u00ab\u00a0Air Care Climatronic\u00a0\u00bb 3 zones et filtre anti-allerg\u00e8ne et \u00e9l\u00e9ments de commandes \u00e0 l&rsquo;AR<\/td>\n<td><\/td>\n<\/tr>\n<tr>\n<td>Correcteur \u00e9lectronique de trajectoire ESP, amplificateur de freinage d&rsquo;urgence, antiblocage des roues ABS, blocage \u00e9lectronique de diff\u00e9rentiel EDS, r\u00e9partiteur \u00e9lectronique de freinage EBV, antipatinage \u00e9lectronique ASR, r\u00e9gulateur \u00e9lectronique de couple MSR et assistance au contrebraquage<\/td>\n<td><\/td>\n<\/tr>\n<tr>\n<td>Digital Cockpit Pro : combin\u00e9 d&rsquo;instruments digital avec \u00e9cran digital haute r\u00e9solution de 10,25&Prime;<\/td>\n<td><\/td>\n<\/tr>\n<tr>\n<td>Direction progressive<\/td>\n<td><\/td>\n<\/tr>\n<tr>\n<td>E-call service: Appel d&rsquo;urgence manuel ou automatique<\/p>\n<table class=\"tableauComparaisonVehicule\">\n<tbody>\n<tr>\n<td>Eclairage \u00e0 LED de la plaque d&rsquo;immatriculation AR<\/td>\n<td><\/td>\n<\/tr>\n<tr>\n<td>Eclairage d&rsquo;ambiance 30 couleurs<\/td>\n<td><\/td>\n<\/tr>\n<tr>\n<td>Eclairage d&rsquo;ambiance ext\u00e9rieur poign\u00e9es de portes \u00e9clair\u00e9es et \u00e9clairage p\u00e9rim\u00e9trique avec projection du logo<\/td>\n<td><\/td>\n<\/tr>\n<tr>\n<td>Eclairage de plancher \u00e0 LED \u00e0 l&rsquo;AV avec possibilit\u00e9 de s\u00e9lectionner la couleur d&rsquo;\u00e9clairage<\/td>\n<td><\/td>\n<\/tr>\n<tr>\n<td>Essuie-glace AR intermittent avec lave-glace<\/td>\n<td><\/td>\n<\/tr>\n<tr>\n<td>Fatigue D\u00e9tection : syst\u00e8me de d\u00e9tection de fatigue du conducteur<\/td>\n<td><\/td>\n<\/tr>\n<tr>\n<td>Feu AR de brouillard d&rsquo;un c\u00f4t\u00e9, feux de recul des deux c\u00f4t\u00e9s<\/td>\n<td><\/td>\n<\/tr>\n<tr>\n<td>Feux AR \u00e0 LED<\/td>\n<td><\/td>\n<\/tr>\n<tr>\n<td>Frein de stationnement \u00e9lectrom\u00e9canique avec fonction d&rsquo;immobilisation en pente \u00ab\u00a0Auto Hold\u00a0\u00bb et assistant de d\u00e9marrage en c\u00f4te<\/td>\n<td><\/td>\n<\/tr>\n<tr>\n<td>Front Asisst avec d\u00e9tecteur des pi\u00e9tons<\/td>\n<td><\/td>\n<\/tr>\n<tr>\n<td>Indicateur de temp\u00e9rature ext\u00e9rieure avec avertisseur de gel<\/td>\n<td><\/td>\n<\/tr>\n<tr>\n<td>Interface t\u00e9l\u00e9phone Bluetooth<\/p>\n<table class=\"tableauComparaisonVehicule\">\n<tbody>\n<tr>\n<td>Eclairage \u00e0 LED de la plaque d&rsquo;immatriculation AR<\/td>\n<td><\/td>\n<\/tr>\n<tr>\n<td>Eclairage d&rsquo;ambiance 30 couleurs<\/td>\n<td><\/td>\n<\/tr>\n<tr>\n<td>Eclairage d&rsquo;ambiance ext\u00e9rieur poign\u00e9es de portes \u00e9clair\u00e9es et \u00e9clairage p\u00e9rim\u00e9trique avec projection du logo<\/td>\n<td><\/td>\n<\/tr>\n<tr>\n<td>Eclairage de plancher \u00e0 LED \u00e0 l&rsquo;AV avec possibilit\u00e9 de s\u00e9lectionner la couleur d&rsquo;\u00e9clairage<\/td>\n<td><\/td>\n<\/tr>\n<tr>\n<td>Essuie-glace AR intermittent avec lave-glace<\/td>\n<td><\/td>\n<\/tr>\n<tr>\n<td>Fatigue D\u00e9tection : syst\u00e8me de d\u00e9tection de fatigue du conducteur<\/td>\n<td><\/td>\n<\/tr>\n<tr>\n<td>Feu AR de brouillard d&rsquo;un c\u00f4t\u00e9, feux de recul des deux c\u00f4t\u00e9s<\/td>\n<td><\/td>\n<\/tr>\n<tr>\n<td>Feux AR \u00e0 LED<\/td>\n<td><\/td>\n<\/tr>\n<tr>\n<td>Frein de stationnement \u00e9lectrom\u00e9canique avec fonction d&rsquo;immobilisation en pente \u00ab\u00a0Auto Hold\u00a0\u00bb et assistant de d\u00e9marrage en c\u00f4te<\/td>\n<td><\/td>\n<\/tr>\n<tr>\n<td>Front Asisst avec d\u00e9tecteur des pi\u00e9tons<\/td>\n<td><\/td>\n<\/tr>\n<tr>\n<td>Indicateur de temp\u00e9rature ext\u00e9rieure avec avertisseur de gel<\/td>\n<td><\/td>\n<\/tr>\n<tr>\n<td>Interface t\u00e9l\u00e9phone Bluetooth<\/p>\n<table class=\"tableauComparaisonVehicule\">\n<tbody>\n<tr>\n<td>Jantes alliage \u00ab\u00a0Valencia\u00a0\u00bb 7Jx17&Prime; avec \u00e9crous antivol et pneus 225\/45 R17<\/td>\n<td><\/td>\n<\/tr>\n<tr>\n<td>Keyless Access Advanced sans alarme : Syst\u00e8me de verrouillage\/d\u00e9verrouillage et de d\u00e9marrage sans cl\u00e9<\/td>\n<td><\/td>\n<\/tr>\n<tr>\n<td>Lane Assist: Assistant de maintien dans la voie<\/td>\n<td><\/td>\n<\/tr>\n<tr>\n<td>Mesures suppl\u00e9mentaires de protection des pi\u00e9tons<\/td>\n<td><\/td>\n<\/tr>\n<tr>\n<td>Miroirs de courtoisie \u00e9clair\u00e9s dans les pare-soleils<\/td>\n<td><\/td>\n<\/tr>\n<tr>\n<td>Oeillets d&rsquo;arrimage ISOFIX (dispositif pour fixation de 2 si\u00e8ges-enfants sur la banquette AR)<\/td>\n<td><\/td>\n<\/tr>\n<tr>\n<td>Pack Visibilit\u00e9<\/td>\n<td><\/td>\n<\/tr>\n<tr>\n<td>Pare chocs AV\/AR sp\u00e9cifique R-Line<\/td>\n<td><\/td>\n<\/tr>\n<tr>\n<td>Pare-chocs, bo\u00eetiers de r\u00e9troviseurs ext\u00e9rieurs et poign\u00e9es de portes dans la couleur carrosserie<\/td>\n<td><\/td>\n<\/tr>\n<tr>\n<td>ParkPilot, aide au stationnement AV\/AR<\/td>\n<td><\/td>\n<\/tr>\n<tr>\n<td>P\u00e9dalier et repose-pied en acier inoxydable bross\u00e9<\/td>\n<td><\/td>\n<\/tr>\n<tr>\n<td><\/td>\n<td><\/td>\n<\/tr>\n<tr>\n<td>Pr\u00e9paration pour \u00ab\u00a0VW Connect\u00a0\u00bb et \u00ab\u00a0VW Connect Plus\u00a0\u00bb vous permet d&rsquo;obtenir des informations sur votre v\u00e9hicule directement sur votre smartphone. Application totalement gratuite et facile \u00e0 utiliser. Produit 100% compatible avec votre Volkswagen et garantie constructeur pr\u00e9serv\u00e9e. Aper\u00e7u de toutes les donn\u00e9es de votre v\u00e9hicule et des prochaines maintenances \u00e0 effectuer. S\u00e9curit\u00e9 totale des donn\u00e9es gr\u00e2ce \u00e0 un cryptage<\/td>\n<td><\/td>\n<\/tr>\n<tr>\n<td>Prise 12 V dans le coffre<\/p>\n<table class=\"tableauComparaisonVehicule\">\n<tbody>\n<tr>\n<td>Projecteurs LED Plus avec fonction antibrouillard int\u00e9gr\u00e9e et \u00e9clairage statique d&rsquo;intersection<\/td>\n<td><\/td>\n<\/tr>\n<tr>\n<td>Protection antid\u00e9marrage<\/td>\n<td><\/td>\n<\/tr>\n<tr>\n<td>Rangement et prise 12 V \u00e0 l&rsquo;AV<\/td>\n<td><\/td>\n<\/tr>\n<tr>\n<td>R\u00e9ception radio num\u00e9rique DAB+<\/td>\n<td><\/td>\n<\/tr>\n<tr>\n<td>R\u00e9glage du site des phares, manuel<\/td>\n<td><\/td>\n<\/tr>\n<tr>\n<td>R\u00e9gulateur de vitesse adaptatif et pr\u00e9dictif ACC avec limiteur de vitesse<\/td>\n<td><\/td>\n<\/tr>\n<tr>\n<td>R\u00e9troviseur int\u00e9rieur \u00e0 r\u00e9glage jour\/nuit automatique<\/td>\n<td><\/td>\n<\/tr>\n<tr>\n<td>R\u00e9troviseurs ext\u00e9rieurs avec d\u00e9givrage s\u00e9par\u00e9<\/td>\n<td><\/td>\n<\/tr>\n<tr>\n<td>R\u00e9troviseurs ext\u00e9rieurs avec fonction m\u00e9moire<\/td>\n<td><\/td>\n<\/tr>\n<tr>\n<td>R\u00e9troviseurs ext\u00e9rieurs rabattables et r\u00e9glables \u00e9lectriquement<\/td>\n<td><\/td>\n<\/tr>\n<tr>\n<td>Rev\u00eatement de porte et lat\u00e9ral en feuille de mousse et tissu<\/td>\n<td><\/td>\n<\/tr>\n<tr>\n<td>S\u00e9lection du profil de conduite<\/td>\n<td><\/td>\n<\/tr>\n<tr>\n<td>Sellerie tissu \u00ab\u00a0Sardegna\u00a0\u00bb et \u00ab\u00a0ArtVelours\u00a0\u00bb<\/td>\n<td><\/td>\n<\/tr>\n<tr>\n<td>Service d&rsquo;appel d&rsquo;urgence<\/td>\n<td><\/td>\n<\/tr>\n<tr>\n<td>Si\u00e8ges AV sports specifique R-Line, appui-tetes int\u00e9gr\u00e9s, appuis lombaires AV<\/td>\n<td><\/td>\n<\/tr>\n<tr>\n<td>Sign Assist: Reconnaissance des panneaux de signalisation<\/td>\n<td><\/td>\n<\/tr>\n<tr>\n<td>Syst\u00e8me de freinage anti multicollision : ce dispositif freine automatiquement le v\u00e9hicule apr\u00e8s un premier choc afin de limiter le risque de multicollision<\/p>\n<table class=\"tableauComparaisonVehicule\">\n<tbody>\n<tr>\n<td>Syst\u00e8me de Navigation &amp; Infotainment \u00ab\u00a0Discover Media\u00a0\u00bb avec \u00e9cran tactile 10&Prime;<\/td>\n<td><\/td>\n<\/tr>\n<tr>\n<td>Syst\u00e8me Start\/Stop avec dispositif de r\u00e9cup\u00e9ration de l&rsquo;\u00e9nergie au freinage<\/td>\n<td><\/td>\n<\/tr>\n<tr>\n<td>Tapis de sol AV\/AR<\/td>\n<td><\/td>\n<\/tr>\n<tr>\n<td>Technologie Car2X Technologie de communication entre v\u00e9hicules et avec les infrastructures routi\u00e8res<\/td>\n<td><\/td>\n<\/tr>\n<tr>\n<td>Trains roulants sport<\/td>\n<td><\/td>\n<\/tr>\n<tr>\n<td>Verrouillage centralis\u00e9 avec t\u00e9l\u00e9commande \u00e0 fr\u00e9quence radio par cl\u00e9 r\u00e9tractable<\/td>\n<td><\/td>\n<\/tr>\n<tr>\n<td>Vitres AR et lunette AR surteint\u00e9es \u00e0 65 %<\/td>\n<td><\/td>\n<\/tr>\n<tr>\n<td>Vitres athermiques teint\u00e9es vertes<\/td>\n<td><\/td>\n<\/tr>\n<tr>\n<td>Vitres AV et AR \u00e9lectriques<\/td>\n<td><\/td>\n<\/tr>\n<tr>\n<td>Volant r\u00e9glable en hauteur et en profondeur<\/td>\n<td><\/td>\n<\/tr>\n<tr>\n<td>Volant sport multifonctions cuir avec retour haptique<\/td>\n<td><\/td>\n<\/tr>\n<tr>\n<td>XDS : Syst\u00e8me agissant comme un diff\u00e9rentiel autobloquant \u00e9lectronique permettant une meilleure motricit\u00e9 en courbe gr\u00e2ce \u00e0 une r\u00e9partition optimale de la puissance et du couple sur les roues AV<\/td>\n<\/tr>\n<\/tbody>\n<\/table>\n<\/td>\n<\/tr>\n<\/tbody>\n<\/table>\n<\/td>\n<\/tr>\n<\/tbody>\n<\/table>\n<\/td>\n<td><\/td>\n<\/tr>\n<\/tbody>\n<\/table>\n<\/td>\n<td><\/td>\n<\/tr>\n<\/tbody>\n<\/table>\n<\/td>\n<\/tr>\n<\/tbody>\n<\/table>\n<\/td>\n<\/tr>\n<\/tbody>\n<\/table>\n<\/td>\n<td><\/td>\n<\/tr>\n<\/tbody>\n<\/table>\n<p>&nbsp;<\/p>\n","protected":false},"excerpt":{"rendered":"<p>Date de mise en circulation : 21\/06\/2022 Kilom\u00e9trage : 65000 KMS OTIONS : Park Assist: Syst\u00e8me d&rsquo;assistance au stationnement en cr\u00e9neauet et en bataille Toit ouvrant \u00e9lectrique coulissant\/entreb\u00e2illant en verre avec velum occultant et 2 lampes de lecture \u00e0 l&rsquo;AR Peinture m\u00e9tallis\u00e9e Reflet d&rsquo;Argent Equipements de serie 2 interfaces USB-C<\/p>\n","protected":false},"featured_media":2927,"comment_status":"closed","ping_status":"closed","template":"","meta":[],"product_brand":[],"product_cat":[46],"product_tag":[],"class_list":{"0":"post-2926","1":"product","2":"type-product","3":"status-publish","4":"has-post-thumbnail","6":"product_cat-uncategorized","8":"first","9":"instock","10":"featured","11":"shipping-taxable","12":"purchasable","13":"product-type-simple"},"aioseo_notices":[],"_links":{"self":[{"href":"https:\/\/len-autosgarage.fr\/nov-apijson\/wp\/v2\/product\/2926","targetHints":{"allow":["GET"]}}],"collection":[{"href":"https:\/\/len-autosgarage.fr\/nov-apijson\/wp\/v2\/product"}],"about":[{"href":"https:\/\/len-autosgarage.fr\/nov-apijson\/wp\/v2\/types\/product"}],"replies":[{"embeddable":true,"href":"https:\/\/len-autosgarage.fr\/nov-apijson\/wp\/v2\/comments?post=2926"}],"wp:featuredmedia":[{"embeddable":true,"href":"https:\/\/len-autosgarage.fr\/nov-apijson\/wp\/v2\/media\/2927"}],"wp:attachment":[{"href":"https:\/\/len-autosgarage.fr\/nov-apijson\/wp\/v2\/media?parent=2926"}],"wp:term":[{"taxonomy":"product_brand","embeddable":true,"href":"https:\/\/len-autosgarage.fr\/nov-apijson\/wp\/v2\/product_brand?post=2926"},{"taxonomy":"product_cat","embeddable":true,"href":"https:\/\/len-autosgarage.fr\/nov-apijson\/wp\/v2\/product_cat?post=2926"},{"taxonomy":"product_tag","embeddable":true,"href":"https:\/\/len-autosgarage.fr\/nov-apijson\/wp\/v2\/product_tag?post=2926"}],"curies":[{"name":"wp","href":"https:\/\/api.w.org\/{rel}","templated":true}]}}