{"id":3222,"date":"2026-04-21T15:08:03","date_gmt":"2026-04-21T13:08:03","guid":{"rendered":"https:\/\/len-autosgarage.fr\/?post_type=product&#038;p=3222"},"modified":"2026-04-23T15:48:15","modified_gmt":"2026-04-23T13:48:15","slug":"volkswagen-golf-1-5-etsi-opf-130-dsg7-r-line-copie","status":"publish","type":"product","link":"https:\/\/len-autosgarage.fr\/product\/volkswagen-golf-1-5-etsi-opf-130-dsg7-r-line-copie\/","title":{"rendered":"VOLKSWAGEN Golf 1.5 eTSI OPF 130 DSG7 R-Line (Copie)"},"content":{"rendered":"<h4><strong>Date de mise en circulation : <span>21\/06\/2022<\/span><\/strong><\/h4>\n<p><strong>Kilom\u00e9trage : 65000 KMS<\/strong><\/p>\n<p>OTIONS :<br \/>\nPark Assist: Syst\u00e8me d&rsquo;assistance au stationnement en cr\u00e9neauet et en bataille<br \/>\nToit ouvrant \u00e9lectrique coulissant\/entreb\u00e2illant en verre avec velum occultant et 2 lampes de lecture \u00e0 l&rsquo;AR<br \/>\nPeinture m\u00e9tallis\u00e9e Reflet d&rsquo;Argent<br \/>\nEquipements de s\u00e9rie<br \/>\n2 interfaces USB-C \u00e0 l&rsquo;AV<br \/>\n2 prises de chargement USB-C derri\u00e8re l&rsquo;accoudoir pour les passagers AR<br \/>\n2 spots de lecture AV et 2 spots AR<br \/>\nAccoudoir central AR rabattable avec 2 portes boissons<br \/>\nAccoudoir central AV r\u00e9glable en hauteur et en profondeur avec compartiment de rangement<br \/>\nActivation automatique du signal de d\u00e9tresse en cas de freinage d&rsquo;urgence<br \/>\nAirbag central entre les si\u00e8ges AV<br \/>\nAirbags de t\u00eate pour passagers AV et AR<br \/>\nAirbags frontaux AV conducteur et passager (Airbag passager d\u00e9sactivable<br \/>\nAirbags lat\u00e9raux AV<br \/>\nAlerte de perte de pression des pneus<br \/>\nConnect sans fil, affichage et contr\u00f4le via l&rsquo;\u00e9cran tactile de la voiture du contenu, des fonctions et des applications compatibles pr\u00e9sents sur le Smartphone<br \/>\nApplications d\u00e9coratives \u00ab\u00a0Carbon Grey\u00a0\u00bb pour le tableau de bord et les rev\u00eatements de porte \u00e0 l&rsquo;AV<br \/>\nAppui-t\u00eate AR r\u00e9glables en hauteur<br \/>\nAssistant de conduite \u00ab\u00a0Travel Assist\u00a0\u00bb avec \u00ab\u00a0Emergency Assist<br \/>\nAvertisseur sonore et lumineux pour ceintures non attach\u00e9es AV et AR<br \/>\nBaguette lumineuse entre les projecteurs<br \/>\nBanquette AR rabattable 2\/3-1\/3 avec trappe \u00e0 skis<br \/>\nBas de caisse et spoiler sp\u00e9cifiques R-Line<br \/>\nCalandre sp\u00e9cifique R-Line laqu\u00e9e noir avec Logo R-Line<br \/>\nCam\u00e9ra de recul \u00ab\u00a0Rear View\u00a0\u00bb<br \/>\nCeintures de s\u00e9curit\u00e9 automatiques AV 3 points \u00e0 enrouleur, r\u00e9glables en hauteur, avec pr\u00e9tentionneurs<br \/>\nCerclage chrom\u00e9 des commandes des vitres, de r\u00e9glage des r\u00e9troviseurs et des a\u00e9rateurs<br \/>\nChargeur induction<br \/>\nClimatiseur \u00ab\u00a0Air Care Climatronic\u00a0\u00bb 3 zones et filtre anti-allerg\u00e8ne et \u00e9l\u00e9ments de commandes \u00e0 l&rsquo;AR<br \/>\nCorrecteur \u00e9lectronique de trajectoire ESP, amplificateur de freinage d&rsquo;urgence, antiblocage des roues ABS, blocage \u00e9lectronique de diff\u00e9rentiel EDS, r\u00e9partiteur \u00e9lectronique de freinage EBV, antipatinage \u00e9lectronique ASR, r\u00e9gulateur \u00e9lectronique de couple MSR et assistance au contrebraquage<br \/>\nDigital Cockpit Pro : combin\u00e9 d&rsquo;instruments digital avec \u00e9cran digital haute r\u00e9solution de 10,25&Prime;<br \/>\nDirection progressive<br \/>\nAppel d&rsquo;urgence manuel ou automatique<br \/>\ntableau Comparaison V\u00e9hicule<br \/>\nEclairage \u00e0 LED de la plaque d&rsquo;immatriculation AR<br \/>\nEclairage d&rsquo;ambiance 30 couleurs<br \/>\nEclairage de plancher \u00e0 LED \u00e0 l&rsquo;AV avec possibilit\u00e9 de s\u00e9lectionner la couleur d&rsquo;\u00e9clairage<br \/>\nEssuie-glace AR intermittent avec lave-glace<br \/>\nFatigue D\u00e9tection : syst\u00e8me de d\u00e9tection de fatigue du conducteur<br \/>\nFeu AR de brouillard d&rsquo;un c\u00f4t\u00e9, feux de recul des deux c\u00f4t\u00e9s<br \/>\nFeux AR \u00e0 LED<br \/>\nFrein de stationnement \u00e9lectrom\u00e9canique avec fonction d&rsquo;immobilisation en pente \u00ab\u00a0Auto Hold\u00a0\u00bb et assistant de d\u00e9marrage en c\u00f4te<br \/>\nFront Asisst avec d\u00e9tecteur des pi\u00e9tons<br \/>\nIndicateur de temp\u00e9rature ext\u00e9rieure avec avertisseur de gel<br \/>\nInterface t\u00e9l\u00e9phone Bluetooth<br \/>\nEclairage \u00e0 LED de la plaque d&rsquo;immatriculation AR<br \/>\nJantes alliage \u00ab\u00a0Valencia\u00a0\u00bb 7Jx17&Prime; avec \u00e9crous antivol et pneus 225\/45 R17<br \/>\nPack Visibilit\u00e9<br \/>\nPare chocs AV\/AR sp\u00e9cifique R-Line<br \/>\nPare-chocs, bo\u00eetiers de r\u00e9troviseurs ext\u00e9rieurs et poign\u00e9es de portes dans la couleur carrosserie<br \/>\nP\u00e9dalier et repose-pied en acier inoxydable bross\u00e9<br \/>\nPr\u00e9paration pour \u00ab\u00a0VW Connect\u00a0\u00bb et \u00ab\u00a0VW Connect Plus\u00a0\u00bb vous permet d&rsquo;obtenir des informations sur votre v\u00e9hicule directement sur votre smartphone. Application totalement gratuite et facile \u00e0 utiliser. Produit 100% compatible avec votre Volkswagen et garantie constructeur pr\u00e9serv\u00e9e. Aper\u00e7u de toutes les donn\u00e9es de votre v\u00e9hicule et des prochaines maintenances \u00e0 effectuer. S\u00e9curit\u00e9 totale des donn\u00e9es gr\u00e2ce \u00e0 un cryptage<br \/>\nProjecteurs LED Plus avec fonction antibrouillard int\u00e9gr\u00e9e et \u00e9clairage statique d&rsquo;intersection<br \/>\nProtection antid\u00e9marrage<br \/>\nR\u00e9gulateur de vitesse adaptatif et pr\u00e9dictif ACC avec limiteur de vitesse<br \/>\nR\u00e9troviseur int\u00e9rieur \u00e0 r\u00e9glage jour\/nuit automatique<br \/>\nR\u00e9troviseurs ext\u00e9rieurs avec d\u00e9givrage s\u00e9par\u00e9<br \/>\nR\u00e9troviseurs ext\u00e9rieurs avec fonction m\u00e9moire<br \/>\nR\u00e9troviseurs ext\u00e9rieurs rabattables et r\u00e9glables \u00e9lectriquement<br \/>\nRev\u00eatement de porte et lat\u00e9ral en feuille de mousse et tissu<br \/>\nS\u00e9lection du profil de conduite<br \/>\nSellerie tissu \u00ab\u00a0Sardegna\u00a0\u00bb et \u00ab\u00a0ArtVelours<br \/>\nSi\u00e8ges AV sports specifique R-Line, appui-tetes int\u00e9gr\u00e9s, appuis lombaires AV<br \/>\nSign Assist: Reconnaissance des panneaux de signalisation<br \/>\nSyst\u00e8me de freinage anti multicollision : ce dispositif freine automatiquement le v\u00e9hicule apr\u00e8s un premier choc afin de limiter le risque de multicollision<br \/>\nSyst\u00e8me de Navigation &amp; Infotainment \u00ab\u00a0Discover Media\u00a0\u00bb avec \u00e9cran tactile 10&Prime;<br \/>\nTapis de sol AV\/AR<br \/>\nTechnologie Car2X Technologie de communication entre v\u00e9hicules et avec les infrastructures routi\u00e8res<br \/>\nVerrouillage centralis\u00e9 avec t\u00e9l\u00e9commande \u00e0 fr\u00e9quence radio par cl\u00e9 r\u00e9tractable<br \/>\nVitres AR et lunette AR surteint\u00e9es \u00e0 65 %<br \/>\nVitres athermiques teint\u00e9es vertes<br \/>\nVitres AV et AR \u00e9lectriques<br \/>\nVolant r\u00e9glable en hauteur et en profondeur<br \/>\nVolant sport multifonctions cuir avec retour haptique<br \/>\nSyst\u00e8me agissant comme un diff\u00e9rentiel autobloquant \u00e9lectronique permettant une meilleure motricit\u00e9 en courbe gr\u00e2ce \u00e0 une r\u00e9partition optimale de la puissance et du couple sur les roues AV<\/p>\n","protected":false},"excerpt":{"rendered":"<p>Date de mise en circulation : 21\/06\/2022 Kilom\u00e9trage : 65000 KMS OTIONS : Park Assist: Syst\u00e8me d&rsquo;assistance au stationnement en cr\u00e9neauet et en bataille Toit ouvrant \u00e9lectrique coulissant\/entreb\u00e2illant en verre avec velum occultant et 2 lampes de lecture \u00e0 l&rsquo;AR Peinture m\u00e9tallis\u00e9e Reflet d&rsquo;Argent Equipements de s\u00e9rie 2 interfaces USB-C<\/p>\n","protected":false},"featured_media":2927,"comment_status":"closed","ping_status":"closed","template":"","meta":[],"product_brand":[],"product_cat":[46],"product_tag":[],"class_list":{"0":"post-3222","1":"product","2":"type-product","3":"status-publish","4":"has-post-thumbnail","6":"product_cat-uncategorized","8":"first","9":"instock","10":"shipping-taxable","11":"purchasable","12":"product-type-simple"},"aioseo_notices":[],"_links":{"self":[{"href":"https:\/\/len-autosgarage.fr\/nov-apijson\/wp\/v2\/product\/3222","targetHints":{"allow":["GET"]}}],"collection":[{"href":"https:\/\/len-autosgarage.fr\/nov-apijson\/wp\/v2\/product"}],"about":[{"href":"https:\/\/len-autosgarage.fr\/nov-apijson\/wp\/v2\/types\/product"}],"replies":[{"embeddable":true,"href":"https:\/\/len-autosgarage.fr\/nov-apijson\/wp\/v2\/comments?post=3222"}],"wp:featuredmedia":[{"embeddable":true,"href":"https:\/\/len-autosgarage.fr\/nov-apijson\/wp\/v2\/media\/2927"}],"wp:attachment":[{"href":"https:\/\/len-autosgarage.fr\/nov-apijson\/wp\/v2\/media?parent=3222"}],"wp:term":[{"taxonomy":"product_brand","embeddable":true,"href":"https:\/\/len-autosgarage.fr\/nov-apijson\/wp\/v2\/product_brand?post=3222"},{"taxonomy":"product_cat","embeddable":true,"href":"https:\/\/len-autosgarage.fr\/nov-apijson\/wp\/v2\/product_cat?post=3222"},{"taxonomy":"product_tag","embeddable":true,"href":"https:\/\/len-autosgarage.fr\/nov-apijson\/wp\/v2\/product_tag?post=3222"}],"curies":[{"name":"wp","href":"https:\/\/api.w.org\/{rel}","templated":true}]}}